{"id":1193,"date":"2023-04-27T08:02:14","date_gmt":"2023-04-27T08:02:14","guid":{"rendered":"https:\/\/traditionundmarkt.com\/?page_id=1193"},"modified":"2023-04-27T08:14:16","modified_gmt":"2023-04-27T08:14:16","slug":"cookie-szabalyzat","status":"publish","type":"page","link":"https:\/\/traditionundmarkt.com\/hu\/cookie-szabalyzat\/","title":{"rendered":"Cookie szab\u00e1lyzat"},"content":{"rendered":"\n<p>\u00d6n az\u00e9rt \u00e9rkezett erre az oldalra, mert \u00fagy t\u0171nik, hogy t\u00f6bb r\u00e9szletet szeretne megtudni a s\u00fctikr\u0151l sz\u00f3l\u00f3 \u00fczenetr\u0151l, amelyet a weboldalunkon \u00e9szrevett, \u00e9s az EU 2009\/136\/EK ir\u00e1nyelv 5. cikk\u00e9nek (3) bekezd\u00e9se szerint k\u00f6telesek vagyunk minden l\u00e1togat\u00f3 sz\u00e1m\u00e1ra megjelen\u00edteni.<\/p>\n\n\n\n<p>A s\u00fctikre vonatkoz\u00f3 ir\u00e1nyelv c\u00e9lja, hogy elmagyar\u00e1zza, mik ezek a s\u00fctik, mire haszn\u00e1lj\u00e1k \u0151ket, de \u00fatmutat\u00e1st is ad a weboldal \u00e1ltal gener\u00e1lt s\u00fctik elutas\u00edt\u00e1s\u00e1ra vagy t\u00f6rl\u00e9s\u00e9re vonatkoz\u00f3 m\u0171velethez, ha \u00d6n ezt szeretn\u00e9.<\/p>\n\n\n\n<h3 class=\"wp-block-heading\">Mik azok a s\u00fctik?<\/h3>\n\n\n\n<p>A cookie-k olyan kis sz\u00f6veges f\u00e1jlok, amelyek egy weboldal megl\u00e1togat\u00e1sakor az \u00d6n sz\u00e1m\u00edt\u00f3g\u00e9p\u00e9n, t\u00e1blag\u00e9p\u00e9n vagy mobiltelefonj\u00e1n t\u00e1rol\u00f3dnak. Ezek gener\u00e1l\u00e1s\u00e1val a weboldal eml\u00e9kezni fog a l\u00e1togat\u00e1saira. \u00e9s arra, hogy hogyan haszn\u00e1lta azt minden alkalommal, amikor visszat\u00e9r ide. A cookie teljesen &#8222;passz\u00edv&#8221;, abban az \u00e9rtelemben, hogy nem tartalmaz szoftvert, \u00e9s semmilyen m\u00f3don nem f\u00e9r hozz\u00e1 a felhaszn\u00e1l\u00f3 merevlemez\u00e9n t\u00e1rolt inform\u00e1ci\u00f3khoz.<\/p>\n\n\n\n<p>A www.traditionundmarkt.com weboldalon tal\u00e1lhat\u00f3 cookie-k nem t\u00e1rolnak szem\u00e9lyes adatokat, mivel az \u00f6sszes el\u00e9rhet\u0151 inform\u00e1ci\u00f3 (sz\u00f6veg, fot\u00f3k vagy vide\u00f3) megtekint\u00e9s\u00e9hez nem sz\u00fcks\u00e9ges bejelentkeznie a felhaszn\u00e1l\u00f3nev\u00e9vel\/jelszav\u00e1val, \u00e9s nem sz\u00fcks\u00e9ges, hogy szem\u00e9lyes adatokat adjon meg nek\u00fcnk.<\/p>\n\n\n\n<h3 class=\"wp-block-heading\">Harmadik f\u00e9lt\u0151l sz\u00e1rmaz\u00f3 s\u00fctik<\/h3>\n\n\n\n<p>A www.traditionundmarkt.com weboldal harmadik f\u00e9lt\u0151l sz\u00e1rmaz\u00f3 cookie-kat haszn\u00e1l (Google Adsense, Google Analytics, Facebook, Google+, Twitter stb.) a megjelen\u00edtett tartalom \u00e9s hirdet\u00e9sek szem\u00e9lyre szab\u00e1sa, a k\u00f6z\u00f6ss\u00e9gi m\u00e9dia funkci\u00f3k biztos\u00edt\u00e1sa \u00e9s a weboldal \u00e1ltal gener\u00e1lt forgalom elemz\u00e9se \u00e9rdek\u00e9ben.<\/p>\n\n\n\n<p>A weboldalon tal\u00e1lhat\u00f3 hirdet\u00e9sek harmadik felek tulajdon\u00e1ban vannak. Ezen felek k\u00f6z\u00fcl n\u00e9h\u00e1nyan saj\u00e1t anonim cookie-kat haszn\u00e1lnak annak elemz\u00e9s\u00e9re, hogy h\u00e1nyan n\u00e9ztek meg egy hirdet\u00e9st, vagy hogy h\u00e1nyan n\u00e9zt\u00e9k meg ugyanazt a hirdet\u00e9st t\u00f6bbsz\u00f6r. Az ezeket a cookie-kat l\u00e9trehoz\u00f3 v\u00e1llalatoknak saj\u00e1t adatv\u00e9delmi szab\u00e1lyzata van, \u00e9s a www.traditionundmarkt.com weboldalnak nincs hozz\u00e1f\u00e9r\u00e9se ezen cookie-k olvas\u00e1s\u00e1hoz vagy \u00edr\u00e1s\u00e1hoz.<\/p>\n\n\n\n<p>P\u00e9ld\u00e1ul, amikor \u00d6n megoszt egy cikket az ezen az oldalon el\u00e9rhet\u0151 k\u00f6z\u00f6ss\u00e9gi m\u00e9dia gombok (facebook, google + vagy twitter) seg\u00edts\u00e9g\u00e9vel, ezek a k\u00f6z\u00f6ss\u00e9gi h\u00e1l\u00f3zatok minden egyes alkalommal r\u00f6gz\u00edtik az \u00d6n tev\u00e9kenys\u00e9g\u00e9t.<\/p>\n\n\n\n<h3 class=\"wp-block-heading\">Mi\u00e9rt fontosak a s\u00fctik az internet sz\u00e1m\u00e1ra?<\/h3>\n\n\n\n<p>A s\u00fctik az internet hat\u00e9kony m\u0171k\u00f6d\u00e9s\u00e9nek k\u00f6z\u00e9ppontj\u00e1ban \u00e1llnak, seg\u00edtik a bar\u00e1ts\u00e1gos, az egyes felhaszn\u00e1l\u00f3k preferenci\u00e1ihoz \u00e9s \u00e9rdekl\u0151d\u00e9si k\u00f6r\u00e9hez igaz\u00edtott b\u00f6ng\u00e9sz\u00e9si \u00e9lm\u00e9nyt. A s\u00fctik elutas\u00edt\u00e1sa vagy letilt\u00e1sa lehetetlenn\u00e9 teheti bizonyos weboldalak haszn\u00e1lat\u00e1t. A s\u00fctik elutas\u00edt\u00e1sa vagy letilt\u00e1sa nem jelenti azt, hogy \u00d6n t\u00f6bb\u00e9 nem kap online hirdet\u00e9seket. Ez azt eredm\u00e9nyezi, hogy az \u00d6nnek megjelen\u00edtett hirdet\u00e9s m\u00e1r nem veszi figyelembe az \u00d6n preferenci\u00e1it \u00e9s \u00e9rdekl\u0151d\u00e9si k\u00f6r\u00e9t, amelyet az \u00d6n b\u00f6ng\u00e9sz\u00e9si viselked\u00e9se emel ki.<\/p>\n\n\n\n<h3 class=\"wp-block-heading\">P\u00e9ld\u00e1k a s\u00fctik haszn\u00e1lat\u00e1ra:<\/h3>\n\n\n\n<ul class=\"wp-block-list\">\n<li>a felhaszn\u00e1l\u00f3 preferenci\u00e1ihoz igazod\u00f3 szolg\u00e1ltat\u00e1sok: h\u00edrek, id\u0151j\u00e1r\u00e1s, sport, t\u00e9rk\u00e9pek, k\u00f6zszolg\u00e1ltat\u00e1sok, korm\u00e1nyzati szolg\u00e1ltat\u00e1sok, utaz\u00e1si szolg\u00e1ltat\u00e1sok.<\/li>\n\n\n\n<li>nyelvi preferenci\u00e1k, p\u00e9ld\u00e1ul a keres\u00e9si eredm\u00e9nyek rom\u00e1n nyelven t\u00f6rt\u00e9n\u0151 megjelen\u00edt\u00e9se.<\/li>\n\n\n\n<li>az internetes tartalmak gyermekv\u00e9delmi sz\u0171r\u0151inek megtart\u00e1sa (olyan lehet\u0151s\u00e9gek, mint a &#8222;csal\u00e1di \u00fczemm\u00f3d&#8221; vagy a &#8222;biztons\u00e1gos keres\u00e9s&#8221; funkci\u00f3k).<\/li>\n\n\n\n<li>egy adott felhaszn\u00e1l\u00f3 sz\u00e1m\u00e1ra egy weboldalon megjelen\u0151 hirdet\u00e9s megjelen\u00e9seinek sz\u00e1m\u00e1nak korl\u00e1toz\u00e1sa.<\/li>\n\n\n\n<li>az adott felhaszn\u00e1l\u00f3 sz\u00e1m\u00e1ra relev\u00e1nsabb rekl\u00e1mok ny\u00fajt\u00e1sa.<\/li>\n\n\n\n<li>m\u00e9r\u00e9si, optimaliz\u00e1l\u00e1si \u00e9s elemz\u00e9si funkci\u00f3k &#8211; p\u00e9ld\u00e1ul egy weboldal l\u00e1togatotts\u00e1g\u00e1nak bizonyos szintj\u00e9nek meger\u0151s\u00edt\u00e9se, hogy milyen t\u00edpus\u00fa tartalmakat n\u00e9znek meg, \u00e9s hogyan jut el egy felhaszn\u00e1l\u00f3 egy weboldalra (keres\u0151motorokon kereszt\u00fcl, k\u00f6zvetlen\u00fcl m\u00e1s weboldalakr\u00f3l sz\u00e1rmaz\u00f3 linkekr\u0151l stb.).<\/li>\n<\/ul>\n\n\n\n<p>A nagyobb \u00e1tl\u00e1that\u00f3s\u00e1g \u00e9rdek\u00e9ben az al\u00e1bbiakban kiv\u00e1lasztottunk n\u00e9h\u00e1ny webc\u00edmet, hogy t\u00f6bbet megtudhasson a cookie-k harmadik felek \u00e1ltali kezel\u00e9s\u00e9r\u0151l:<\/p>\n\n\n\n<p><a href=\"http:\/\/facebook.com\/help\/cookies\/\">Facebook<\/a><br><a href=\"https:\/\/support.twitter.com\/articles\/20170514\">Twitter<\/a><br><a href=\"https:\/\/policies.google.com\/technologies\/cookies\">Google<\/a><br><a href=\"https:\/\/policies.google.com\/technologies\/partner-sites\">Google Partnerek<\/a><\/p>\n\n\n\n<h3 class=\"wp-block-heading\">Biztons\u00e1gi \u00e9s adatv\u00e9delmi k\u00e9rd\u00e9sek<\/h3>\n\n\n\n<p>A s\u00fctik NEM v\u00edrusok, k\u00e9mprogramok vagy rosszindulat\u00fa programok! Sima sz\u00f6veges form\u00e1tumot haszn\u00e1lnak. Nem programnyelvi k\u00f3dr\u00e9szletekb\u0151l \u00e1llnak, \u00edgy nem futtathat\u00f3k vagy \u00f6nm\u0171k\u00f6d\u0151en nem futtathat\u00f3k, nem m\u00e1solhat\u00f3k vagy nem reproduk\u00e1lhat\u00f3k m\u00e1s h\u00e1l\u00f3zatokon, hogy \u00fajra futtathat\u00f3k vagy reproduk\u00e1lhat\u00f3k legyenek. Mivel nem k\u00e9pesek ezeket a funkci\u00f3kat ell\u00e1tni, a s\u00fctik nem tudj\u00e1k megfert\u0151zni a rendszert \/ eszk\u00f6zt.<\/p>\n\n\n\n<h3 class=\"wp-block-heading\">Hogyan \u00e1ll\u00edthatom le a s\u00fctiket?<\/h3>\n\n\n\n<p>Figyelem! A s\u00fctik letilt\u00e1sa \u00e9s elutas\u00edt\u00e1sa bizonyos oldalak l\u00e1togat\u00e1s\u00e1t \u00e9s haszn\u00e1lat\u00e1t lehetetlenn\u00e9 vagy neh\u00e9zkess\u00e9 teheti! A s\u00fctik elfogad\u00e1s\u00e1nak megtagad\u00e1sa tov\u00e1bb\u00e1 nem jelenti azt, hogy \u00d6n t\u00f6bb\u00e9 nem kap vagy nem n\u00e9z online hirdet\u00e9seket.<\/p>\n\n\n\n<p>Minden modern b\u00f6ng\u00e9sz\u0151 lehet\u0151s\u00e9get k\u00edn\u00e1l a cookie-be\u00e1ll\u00edt\u00e1sok m\u00f3dos\u00edt\u00e1s\u00e1ra. Ezek a be\u00e1ll\u00edt\u00e1sok \u00e1ltal\u00e1ban a haszn\u00e1lt b\u00f6ng\u00e9sz\u0151k &#8222;opci\u00f3k&#8221; r\u00e9sz\u00e9ben vagy a &#8222;preferenci\u00e1k&#8221; men\u00fcben tal\u00e1lhat\u00f3k. Tov\u00e1bbi r\u00e9szletek\u00e9rt haszn\u00e1lja az egyes b\u00f6ng\u00e9sz\u0151k s\u00fag\u00f3j\u00e1t.<\/p>\n\n\n\n<p>Cookie-be\u00e1ll\u00edt\u00e1sok az Internet Explorerben: Eszk\u00f6z\u00f6k-&gt;Internet be\u00e1ll\u00edt\u00e1sok-&gt;Adatv\u00e9delem.<br>Cookie-be\u00e1ll\u00edt\u00e1sok a Firefoxban: Eszk\u00f6z\u00f6k-&gt;El\u0151ny\u00edl\u00e1sok-&gt;Adatv\u00e9delem-&gt;S\u00fctik.<br>Cookie-be\u00e1ll\u00edt\u00e1sok a Chrome-ban: Eszk\u00f6z\u00f6k-&gt;Kib\u0151v\u00edtett-&gt;Tartalombe\u00e1ll\u00edt\u00e1sok-&gt;Cookie-k<br>S\u00fctik be\u00e1ll\u00edt\u00e1sai az Oper\u00e1ban: Be\u00e1ll\u00edt\u00e1sok-&gt;Be\u00e1ll\u00edt\u00e1sok-&gt;Kib\u0151v\u00edtett-&gt;S\u00fctik<\/p>\n","protected":false},"excerpt":{"rendered":"<p>\u00d6n az\u00e9rt \u00e9rkezett erre az oldalra, mert \u00fagy t\u0171nik, hogy t\u00f6bb r\u00e9szletet szeretne megtudni a s\u00fctikr\u0151l sz\u00f3l\u00f3 \u00fczenetr\u0151l, amelyet a weboldalunkon \u00e9szrevett, \u00e9s az EU 2009\/136\/EK ir\u00e1nyelv 5. cikk\u00e9nek (3) bekezd\u00e9se szerint k\u00f6telesek vagyunk minden l\u00e1togat\u00f3 sz\u00e1m\u00e1ra megjelen\u00edteni. A s\u00fctikre vonatkoz\u00f3 ir\u00e1nyelv c\u00e9lja, hogy elmagyar\u00e1zza, mik ezek a s\u00fctik, mire haszn\u00e1lj\u00e1k \u0151ket, de \u00fatmutat\u00e1st is [&hellip;]<\/p>\n","protected":false},"author":1,"featured_media":0,"parent":0,"menu_order":99,"comment_status":"closed","ping_status":"closed","template":"","meta":{"_uag_custom_page_level_css":"","site-sidebar-layout":"default","site-content-layout":"","ast-site-content-layout":"default","site-content-style":"default","site-sidebar-style":"default","ast-global-header-display":"","ast-banner-title-visibility":"","ast-main-header-display":"","ast-hfb-above-header-display":"","ast-hfb-below-header-display":"","ast-hfb-mobile-header-display":"","site-post-title":"","ast-breadcrumbs-content":"","ast-featured-img":"","footer-sml-layout":"","ast-disable-related-posts":"","theme-transparent-header-meta":"","adv-header-id-meta":"","stick-header-meta":"","header-above-stick-meta":"","header-main-stick-meta":"","header-below-stick-meta":"","astra-migrate-meta-layouts":"default","ast-page-background-enabled":"default","ast-page-background-meta":{"desktop":{"background-color":"var(--ast-global-color-4)","background-image":"","background-repeat":"repeat","background-position":"center center","background-size":"auto","background-attachment":"scroll","background-type":"","background-media":"","overlay-type":"","overlay-color":"","overlay-opacity":"","overlay-gradient":""},"tablet":{"background-color":"","background-image":"","background-repeat":"repeat","background-position":"center center","background-size":"auto","background-attachment":"scroll","background-type":"","background-media":"","overlay-type":"","overlay-color":"","overlay-opacity":"","overlay-gradient":""},"mobile":{"background-color":"","background-image":"","background-repeat":"repeat","background-position":"center center","background-size":"auto","background-attachment":"scroll","background-type":"","background-media":"","overlay-type":"","overlay-color":"","overlay-opacity":"","overlay-gradient":""}},"ast-content-background-meta":{"desktop":{"background-color":"var(--ast-global-color-5)","background-image":"","background-repeat":"repeat","background-position":"center center","background-size":"auto","background-attachment":"scroll","background-type":"","background-media":"","overlay-type":"","overlay-color":"","overlay-opacity":"","overlay-gradient":""},"tablet":{"background-color":"var(--ast-global-color-5)","background-image":"","background-repeat":"repeat","background-position":"center center","background-size":"auto","background-attachment":"scroll","background-type":"","background-media":"","overlay-type":"","overlay-color":"","overlay-opacity":"","overlay-gradient":""},"mobile":{"background-color":"var(--ast-global-color-5)","background-image":"","background-repeat":"repeat","background-position":"center center","background-size":"auto","background-attachment":"scroll","background-type":"","background-media":"","overlay-type":"","overlay-color":"","overlay-opacity":"","overlay-gradient":""}},"footnotes":""},"class_list":["post-1193","page","type-page","status-publish","hentry"],"yoast_head":"<!-- This site is optimized with the Yoast SEO plugin v27.5 - https:\/\/yoast.com\/product\/yoast-seo-wordpress\/ -->\n<title>Cookie szab\u00e1lyzat &#8226; Tradition und Markt<\/title>\n<meta name=\"robots\" content=\"index, follow, max-snippet:-1, max-image-preview:large, max-video-preview:-1\" \/>\n<link rel=\"canonical\" href=\"https:\/\/traditionundmarkt.com\/hu\/cookie-szabalyzat\/\" \/>\n<meta property=\"og:locale\" content=\"hu_HU\" \/>\n<meta property=\"og:type\" content=\"article\" \/>\n<meta property=\"og:title\" content=\"Cookie szab\u00e1lyzat &#8226; Tradition und Markt\" \/>\n<meta property=\"og:description\" content=\"\u00d6n az\u00e9rt \u00e9rkezett erre az oldalra, mert \u00fagy t\u0171nik, hogy t\u00f6bb r\u00e9szletet szeretne megtudni a s\u00fctikr\u0151l sz\u00f3l\u00f3 \u00fczenetr\u0151l, amelyet a weboldalunkon \u00e9szrevett, \u00e9s az EU 2009\/136\/EK ir\u00e1nyelv 5. cikk\u00e9nek (3) bekezd\u00e9se szerint k\u00f6telesek vagyunk minden l\u00e1togat\u00f3 sz\u00e1m\u00e1ra megjelen\u00edteni. A s\u00fctikre vonatkoz\u00f3 ir\u00e1nyelv c\u00e9lja, hogy elmagyar\u00e1zza, mik ezek a s\u00fctik, mire haszn\u00e1lj\u00e1k \u0151ket, de \u00fatmutat\u00e1st is [&hellip;]\" \/>\n<meta property=\"og:url\" content=\"https:\/\/traditionundmarkt.com\/hu\/cookie-szabalyzat\/\" \/>\n<meta property=\"og:site_name\" content=\"Tradition und Markt\" \/>\n<meta property=\"article:publisher\" content=\"https:\/\/www.facebook.com\/Tradition-und-Markt-Franchise-107325457788905\" \/>\n<meta property=\"article:modified_time\" content=\"2023-04-27T08:14:16+00:00\" \/>\n<meta name=\"twitter:card\" content=\"summary_large_image\" \/>\n<script type=\"application\/ld+json\" class=\"yoast-schema-graph\">{\"@context\":\"https:\\\/\\\/schema.org\",\"@graph\":[{\"@type\":\"WebPage\",\"@id\":\"https:\\\/\\\/traditionundmarkt.com\\\/hu\\\/cookie-szabalyzat\\\/\",\"url\":\"https:\\\/\\\/traditionundmarkt.com\\\/hu\\\/cookie-szabalyzat\\\/\",\"name\":\"Cookie szab\u00e1lyzat &#8226; Tradition und Markt\",\"isPartOf\":{\"@id\":\"https:\\\/\\\/traditionundmarkt.com\\\/hu\\\/#website\"},\"datePublished\":\"2023-04-27T08:02:14+00:00\",\"dateModified\":\"2023-04-27T08:14:16+00:00\",\"breadcrumb\":{\"@id\":\"https:\\\/\\\/traditionundmarkt.com\\\/hu\\\/cookie-szabalyzat\\\/#breadcrumb\"},\"inLanguage\":\"hu\",\"potentialAction\":[{\"@type\":\"ReadAction\",\"target\":[\"https:\\\/\\\/traditionundmarkt.com\\\/hu\\\/cookie-szabalyzat\\\/\"]}]},{\"@type\":\"BreadcrumbList\",\"@id\":\"https:\\\/\\\/traditionundmarkt.com\\\/hu\\\/cookie-szabalyzat\\\/#breadcrumb\",\"itemListElement\":[{\"@type\":\"ListItem\",\"position\":1,\"name\":\"Startseite\",\"item\":\"https:\\\/\\\/traditionundmarkt.com\\\/hu\\\/honlap\\\/\"},{\"@type\":\"ListItem\",\"position\":2,\"name\":\"Cookie szab\u00e1lyzat\"}]},{\"@type\":\"WebSite\",\"@id\":\"https:\\\/\\\/traditionundmarkt.com\\\/hu\\\/#website\",\"url\":\"https:\\\/\\\/traditionundmarkt.com\\\/hu\\\/\",\"name\":\"Tradition und Markt\",\"description\":\"\",\"publisher\":{\"@id\":\"https:\\\/\\\/traditionundmarkt.com\\\/hu\\\/#organization\"},\"potentialAction\":[{\"@type\":\"SearchAction\",\"target\":{\"@type\":\"EntryPoint\",\"urlTemplate\":\"https:\\\/\\\/traditionundmarkt.com\\\/hu\\\/?s={search_term_string}\"},\"query-input\":{\"@type\":\"PropertyValueSpecification\",\"valueRequired\":true,\"valueName\":\"search_term_string\"}}],\"inLanguage\":\"hu\"},{\"@type\":\"Organization\",\"@id\":\"https:\\\/\\\/traditionundmarkt.com\\\/hu\\\/#organization\",\"name\":\"Tradition und Markt\",\"url\":\"https:\\\/\\\/traditionundmarkt.com\\\/hu\\\/\",\"logo\":{\"@type\":\"ImageObject\",\"inLanguage\":\"hu\",\"@id\":\"https:\\\/\\\/traditionundmarkt.com\\\/hu\\\/#\\\/schema\\\/logo\\\/image\\\/\",\"url\":\"https:\\\/\\\/traditionundmarkt.com\\\/wp-content\\\/uploads\\\/2023\\\/02\\\/Logo-Tradtion-und-Markt-1.webp\",\"contentUrl\":\"https:\\\/\\\/traditionundmarkt.com\\\/wp-content\\\/uploads\\\/2023\\\/02\\\/Logo-Tradtion-und-Markt-1.webp\",\"width\":240,\"height\":239,\"caption\":\"Tradition und Markt\"},\"image\":{\"@id\":\"https:\\\/\\\/traditionundmarkt.com\\\/hu\\\/#\\\/schema\\\/logo\\\/image\\\/\"},\"sameAs\":[\"https:\\\/\\\/www.facebook.com\\\/Tradition-und-Markt-Franchise-107325457788905\",\"https:\\\/\\\/www.instagram.com\\\/tradition_und_markt\\\/\",\"https:\\\/\\\/www.youtube.com\\\/channel\\\/UCW4qQf3iVy3suXbbHzK5_dw\",\"https:\\\/\\\/www.linkedin.com\\\/company\\\/tradition-und-markt-franchise\\\/\"]}]}<\/script>\n<!-- \/ Yoast SEO plugin. -->","yoast_head_json":{"title":"Cookie szab\u00e1lyzat &#8226; Tradition und Markt","robots":{"index":"index","follow":"follow","max-snippet":"max-snippet:-1","max-image-preview":"max-image-preview:large","max-video-preview":"max-video-preview:-1"},"canonical":"https:\/\/traditionundmarkt.com\/hu\/cookie-szabalyzat\/","og_locale":"hu_HU","og_type":"article","og_title":"Cookie szab\u00e1lyzat &#8226; Tradition und Markt","og_description":"\u00d6n az\u00e9rt \u00e9rkezett erre az oldalra, mert \u00fagy t\u0171nik, hogy t\u00f6bb r\u00e9szletet szeretne megtudni a s\u00fctikr\u0151l sz\u00f3l\u00f3 \u00fczenetr\u0151l, amelyet a weboldalunkon \u00e9szrevett, \u00e9s az EU 2009\/136\/EK ir\u00e1nyelv 5. cikk\u00e9nek (3) bekezd\u00e9se szerint k\u00f6telesek vagyunk minden l\u00e1togat\u00f3 sz\u00e1m\u00e1ra megjelen\u00edteni. A s\u00fctikre vonatkoz\u00f3 ir\u00e1nyelv c\u00e9lja, hogy elmagyar\u00e1zza, mik ezek a s\u00fctik, mire haszn\u00e1lj\u00e1k \u0151ket, de \u00fatmutat\u00e1st is [&hellip;]","og_url":"https:\/\/traditionundmarkt.com\/hu\/cookie-szabalyzat\/","og_site_name":"Tradition und Markt","article_publisher":"https:\/\/www.facebook.com\/Tradition-und-Markt-Franchise-107325457788905","article_modified_time":"2023-04-27T08:14:16+00:00","twitter_card":"summary_large_image","schema":{"@context":"https:\/\/schema.org","@graph":[{"@type":"WebPage","@id":"https:\/\/traditionundmarkt.com\/hu\/cookie-szabalyzat\/","url":"https:\/\/traditionundmarkt.com\/hu\/cookie-szabalyzat\/","name":"Cookie szab\u00e1lyzat &#8226; Tradition und Markt","isPartOf":{"@id":"https:\/\/traditionundmarkt.com\/hu\/#website"},"datePublished":"2023-04-27T08:02:14+00:00","dateModified":"2023-04-27T08:14:16+00:00","breadcrumb":{"@id":"https:\/\/traditionundmarkt.com\/hu\/cookie-szabalyzat\/#breadcrumb"},"inLanguage":"hu","potentialAction":[{"@type":"ReadAction","target":["https:\/\/traditionundmarkt.com\/hu\/cookie-szabalyzat\/"]}]},{"@type":"BreadcrumbList","@id":"https:\/\/traditionundmarkt.com\/hu\/cookie-szabalyzat\/#breadcrumb","itemListElement":[{"@type":"ListItem","position":1,"name":"Startseite","item":"https:\/\/traditionundmarkt.com\/hu\/honlap\/"},{"@type":"ListItem","position":2,"name":"Cookie szab\u00e1lyzat"}]},{"@type":"WebSite","@id":"https:\/\/traditionundmarkt.com\/hu\/#website","url":"https:\/\/traditionundmarkt.com\/hu\/","name":"Tradition und Markt","description":"","publisher":{"@id":"https:\/\/traditionundmarkt.com\/hu\/#organization"},"potentialAction":[{"@type":"SearchAction","target":{"@type":"EntryPoint","urlTemplate":"https:\/\/traditionundmarkt.com\/hu\/?s={search_term_string}"},"query-input":{"@type":"PropertyValueSpecification","valueRequired":true,"valueName":"search_term_string"}}],"inLanguage":"hu"},{"@type":"Organization","@id":"https:\/\/traditionundmarkt.com\/hu\/#organization","name":"Tradition und Markt","url":"https:\/\/traditionundmarkt.com\/hu\/","logo":{"@type":"ImageObject","inLanguage":"hu","@id":"https:\/\/traditionundmarkt.com\/hu\/#\/schema\/logo\/image\/","url":"https:\/\/traditionundmarkt.com\/wp-content\/uploads\/2023\/02\/Logo-Tradtion-und-Markt-1.webp","contentUrl":"https:\/\/traditionundmarkt.com\/wp-content\/uploads\/2023\/02\/Logo-Tradtion-und-Markt-1.webp","width":240,"height":239,"caption":"Tradition und Markt"},"image":{"@id":"https:\/\/traditionundmarkt.com\/hu\/#\/schema\/logo\/image\/"},"sameAs":["https:\/\/www.facebook.com\/Tradition-und-Markt-Franchise-107325457788905","https:\/\/www.instagram.com\/tradition_und_markt\/","https:\/\/www.youtube.com\/channel\/UCW4qQf3iVy3suXbbHzK5_dw","https:\/\/www.linkedin.com\/company\/tradition-und-markt-franchise\/"]}]}},"uagb_featured_image_src":{"full":false,"thumbnail":false,"medium":false,"medium_large":false,"large":false,"1536x1536":false,"2048x2048":false},"uagb_author_info":{"display_name":"ImpactPro","author_link":"https:\/\/traditionundmarkt.com\/hu\/author\/d549d4ea637b0b33\/"},"uagb_comment_info":0,"uagb_excerpt":"\u00d6n az\u00e9rt \u00e9rkezett erre az oldalra, mert \u00fagy t\u0171nik, hogy t\u00f6bb r\u00e9szletet szeretne megtudni a s\u00fctikr\u0151l sz\u00f3l\u00f3 \u00fczenetr\u0151l, amelyet a weboldalunkon \u00e9szrevett, \u00e9s az EU 2009\/136\/EK ir\u00e1nyelv 5. cikk\u00e9nek (3) bekezd\u00e9se szerint k\u00f6telesek vagyunk minden l\u00e1togat\u00f3 sz\u00e1m\u00e1ra megjelen\u00edteni. A s\u00fctikre vonatkoz\u00f3 ir\u00e1nyelv c\u00e9lja, hogy elmagyar\u00e1zza, mik ezek a s\u00fctik, mire haszn\u00e1lj\u00e1k \u0151ket, de \u00fatmutat\u00e1st is&hellip;","_links":{"self":[{"href":"https:\/\/traditionundmarkt.com\/hu\/wp-json\/wp\/v2\/pages\/1193","targetHints":{"allow":["GET"]}}],"collection":[{"href":"https:\/\/traditionundmarkt.com\/hu\/wp-json\/wp\/v2\/pages"}],"about":[{"href":"https:\/\/traditionundmarkt.com\/hu\/wp-json\/wp\/v2\/types\/page"}],"author":[{"embeddable":true,"href":"https:\/\/traditionundmarkt.com\/hu\/wp-json\/wp\/v2\/users\/1"}],"replies":[{"embeddable":true,"href":"https:\/\/traditionundmarkt.com\/hu\/wp-json\/wp\/v2\/comments?post=1193"}],"version-history":[{"count":1,"href":"https:\/\/traditionundmarkt.com\/hu\/wp-json\/wp\/v2\/pages\/1193\/revisions"}],"predecessor-version":[{"id":1194,"href":"https:\/\/traditionundmarkt.com\/hu\/wp-json\/wp\/v2\/pages\/1193\/revisions\/1194"}],"wp:attachment":[{"href":"https:\/\/traditionundmarkt.com\/hu\/wp-json\/wp\/v2\/media?parent=1193"}],"curies":[{"name":"wp","href":"https:\/\/api.w.org\/{rel}","templated":true}]}}