{"id":1420,"date":"2023-04-25T07:52:16","date_gmt":"2023-04-25T05:52:16","guid":{"rendered":"https:\/\/traditionundmarkt.com\/csatlakozz-csapatunkhoz\/"},"modified":"2024-02-12T09:24:24","modified_gmt":"2024-02-12T08:24:24","slug":"csatlakozz-csapatunkhoz","status":"publish","type":"page","link":"https:\/\/traditionundmarkt.com\/hu\/csatlakozz-csapatunkhoz\/","title":{"rendered":"Franchise-t akarok"},"content":{"rendered":"\t\t<div data-elementor-type=\"wp-page\" data-elementor-id=\"1420\" class=\"elementor elementor-1420 elementor-612\" data-elementor-post-type=\"page\">\n\t\t\t\t<section class=\"elementor-element elementor-element-924897d e-flex e-con-boxed e-con e-parent\" data-id=\"924897d\" data-element_type=\"container\" data-e-type=\"container\" data-settings=\"{&quot;background_background&quot;:&quot;classic&quot;}\">\n\t\t\t\t\t<div class=\"e-con-inner\">\n\t\t\t\t<div class=\"elementor-element elementor-element-7e514f2 elementor-widget elementor-widget-heading\" data-id=\"7e514f2\" data-element_type=\"widget\" data-e-type=\"widget\" data-widget_type=\"heading.default\">\n\t\t\t\t<div class=\"elementor-widget-container\">\n\t\t\t\t\t<h1 class=\"elementor-heading-title elementor-size-default\">Legyen sikeres partner\u00fcnk a Tradition und Markt-Franchise r\u00e9v\u00e9n!<\/h1>\t\t\t\t<\/div>\n\t\t\t\t<\/div>\n\t\t\t\t<div class=\"elementor-element elementor-element-1b5b95e elementor-widget elementor-widget-heading\" data-id=\"1b5b95e\" data-element_type=\"widget\" data-e-type=\"widget\" data-widget_type=\"heading.default\">\n\t\t\t\t<div class=\"elementor-widget-container\">\n\t\t\t\t\t<h2 class=\"elementor-heading-title elementor-size-default\">Fedezd fel az egyedi esem\u00e9nyek koncepci\u00f3j\u00e1t \u00e9s a Tradition und Markt franchise el\u0151nyeit ezekkel a k\u00e9rd\u00e9sekkel \u00e9s v\u00e1laszokkal.<\/h2>\t\t\t\t<\/div>\n\t\t\t\t<\/div>\n\t\t\t\t\t<\/div>\n\t\t\t\t<\/section>\n\t\t<section class=\"elementor-element elementor-element-d1ecd49 e-flex e-con-boxed e-con e-parent\" data-id=\"d1ecd49\" data-element_type=\"container\" data-e-type=\"container\" data-settings=\"{&quot;background_background&quot;:&quot;classic&quot;}\">\n\t\t\t\t\t<div class=\"e-con-inner\">\n\t\t\t\t<div class=\"elementor-element elementor-element-bd1f991 elementor-widget elementor-widget-heading\" data-id=\"bd1f991\" data-element_type=\"widget\" data-e-type=\"widget\" data-widget_type=\"heading.default\">\n\t\t\t\t<div class=\"elementor-widget-container\">\n\t\t\t\t\t<h2 class=\"elementor-heading-title elementor-size-default\">1. Mi az a Tradition und Markt franchise?<\/h2>\t\t\t\t<\/div>\n\t\t\t\t<\/div>\n\t\t\t\t<div class=\"elementor-element elementor-element-554c3e9 elementor-widget elementor-widget-text-editor\" data-id=\"554c3e9\" data-element_type=\"widget\" data-e-type=\"widget\" data-widget_type=\"text-editor.default\">\n\t\t\t\t<div class=\"elementor-widget-container\">\n\t\t\t\t\t\t\t\t\t<p>A Tradition und Markt franchise lehet\u0151s\u00e9get k\u00edn\u00e1l arra, hogy sikeres v\u00e1llalkoz\u00f3v\u00e1 v\u00e1lj az \u00fcd\u00fcl\u00e9si rendezv\u00e9nyek ipar\u00e1gi szegmens\u00e9ben, \u00e9lvezve a mi profi csapatunk tapasztalat\u00e1t \u00e9s know-how-j\u00e1t, akik seg\u00edtenek majd az \u00fczleted \u00e9p\u00edt\u00e9s\u00e9ben.<\/p>\n\t\t\t\t\t\t\t\t<\/div>\n\t\t\t\t<\/div>\n\t\t\t\t\t<\/div>\n\t\t\t\t<\/section>\n\t\t<div class=\"elementor-element elementor-element-9479e2d e-flex e-con-boxed e-con e-parent\" data-id=\"9479e2d\" data-element_type=\"container\" data-e-type=\"container\">\n\t\t\t\t\t<div class=\"e-con-inner\">\n\t\t<div class=\"elementor-element elementor-element-7bb511d e-flex e-con-boxed e-con e-child\" data-id=\"7bb511d\" data-element_type=\"container\" data-e-type=\"container\">\n\t\t\t\t\t<div class=\"e-con-inner\">\n\t\t<div class=\"elementor-element elementor-element-6e628ba e-con-full e-flex e-con e-child\" data-id=\"6e628ba\" data-element_type=\"container\" data-e-type=\"container\">\n\t\t\t\t<div class=\"elementor-element elementor-element-533c0ed elementor-widget elementor-widget-heading\" data-id=\"533c0ed\" data-element_type=\"widget\" data-e-type=\"widget\" data-widget_type=\"heading.default\">\n\t\t\t\t<div class=\"elementor-widget-container\">\n\t\t\t\t\t<h2 class=\"elementor-heading-title elementor-size-default\">2. Milyen egyedi esem\u00e9ny-koncepci\u00f3t k\u00edn\u00e1l a franchise?<\/h2>\t\t\t\t<\/div>\n\t\t\t\t<\/div>\n\t\t\t\t<div class=\"elementor-element elementor-element-3bbdf25 elementor-widget elementor-widget-text-editor\" data-id=\"3bbdf25\" data-element_type=\"widget\" data-e-type=\"widget\" data-widget_type=\"text-editor.default\">\n\t\t\t\t<div class=\"elementor-widget-container\">\n\t\t\t\t\t\t\t\t\t<p>Az egyedi esem\u00e9ny-koncepci\u00f3, amelyet a franchise k\u00edn\u00e1l, a Kar\u00e1csonyi Falu, egy n\u00e9met st\u00edlus\u00fa kar\u00e1csonyi v\u00e1s\u00e1r, amely alkalmazkodhat \u00e9s haszn\u00e1lhat\u00f3 m\u00e1s tematikus esem\u00e9nyekhez is, mint p\u00e9ld\u00e1ul a M\u00e1rciusi Tavasz, V\u00e1rosi Napok, S\u00f6rfesztiv\u00e1l, Arat\u00f3\u00fcnnep \u00e9s sok m\u00e1s.<\/p>\n\t\t\t\t\t\t\t\t<\/div>\n\t\t\t\t<\/div>\n\t\t\t\t<\/div>\n\t\t<div class=\"elementor-element elementor-element-8f99bdb e-con-full e-flex e-con e-child\" data-id=\"8f99bdb\" data-element_type=\"container\" data-e-type=\"container\">\n\t\t\t\t<div class=\"elementor-element elementor-element-8912987 elementor-widget elementor-widget-image\" data-id=\"8912987\" data-element_type=\"widget\" data-e-type=\"widget\" data-widget_type=\"image.default\">\n\t\t\t\t<div class=\"elementor-widget-container\">\n\t\t\t\t\t\t\t\t\t\t\t\t\t\t\t<img fetchpriority=\"high\" decoding=\"async\" width=\"1000\" height=\"576\" src=\"https:\/\/traditionundmarkt.com\/wp-content\/uploads\/2023\/04\/franchise.webp\" class=\"attachment-large size-large wp-image-1132\" alt=\"\" srcset=\"https:\/\/traditionundmarkt.com\/wp-content\/uploads\/2023\/04\/franchise.webp 1000w, https:\/\/traditionundmarkt.com\/wp-content\/uploads\/2023\/04\/franchise-300x173.webp 300w, https:\/\/traditionundmarkt.com\/wp-content\/uploads\/2023\/04\/franchise-768x442.webp 768w\" sizes=\"(max-width: 1000px) 100vw, 1000px\" \/>\t\t\t\t\t\t\t\t\t\t\t\t\t\t\t<\/div>\n\t\t\t\t<\/div>\n\t\t\t\t<\/div>\n\t\t\t\t\t<\/div>\n\t\t\t\t<\/div>\n\t\t\t\t\t<\/div>\n\t\t\t\t<\/div>\n\t\t<div class=\"elementor-element elementor-element-764ee12 e-flex e-con-boxed e-con e-parent\" data-id=\"764ee12\" data-element_type=\"container\" data-e-type=\"container\" data-settings=\"{&quot;background_background&quot;:&quot;classic&quot;}\">\n\t\t\t\t\t<div class=\"e-con-inner\">\n\t\t<div class=\"elementor-element elementor-element-cbda9a2 e-con-full e-flex e-con e-child\" data-id=\"cbda9a2\" data-element_type=\"container\" data-e-type=\"container\">\n\t\t\t\t<div class=\"elementor-element elementor-element-5eb5227 elementor-widget elementor-widget-image\" data-id=\"5eb5227\" data-element_type=\"widget\" data-e-type=\"widget\" data-widget_type=\"image.default\">\n\t\t\t\t<div class=\"elementor-widget-container\">\n\t\t\t\t\t\t\t\t\t\t\t\t\t\t\t<img decoding=\"async\" width=\"300\" height=\"200\" src=\"https:\/\/traditionundmarkt.com\/wp-content\/uploads\/2023\/04\/franchise-graph-300x200.webp\" class=\"attachment-medium size-medium wp-image-1150\" alt=\"\" srcset=\"https:\/\/traditionundmarkt.com\/wp-content\/uploads\/2023\/04\/franchise-graph-300x200.webp 300w, https:\/\/traditionundmarkt.com\/wp-content\/uploads\/2023\/04\/franchise-graph-1024x683.webp 1024w, https:\/\/traditionundmarkt.com\/wp-content\/uploads\/2023\/04\/franchise-graph-768x512.webp 768w, https:\/\/traditionundmarkt.com\/wp-content\/uploads\/2023\/04\/franchise-graph.webp 1500w\" sizes=\"(max-width: 300px) 100vw, 300px\" \/>\t\t\t\t\t\t\t\t\t\t\t\t\t\t\t<\/div>\n\t\t\t\t<\/div>\n\t\t\t\t<\/div>\n\t\t<div class=\"elementor-element elementor-element-6e57220 e-con-full e-flex e-con e-child\" data-id=\"6e57220\" data-element_type=\"container\" data-e-type=\"container\">\n\t\t\t\t<div class=\"elementor-element elementor-element-8eedef2 elementor-widget elementor-widget-heading\" data-id=\"8eedef2\" data-element_type=\"widget\" data-e-type=\"widget\" data-widget_type=\"heading.default\">\n\t\t\t\t<div class=\"elementor-widget-container\">\n\t\t\t\t\t<h3 class=\"elementor-heading-title elementor-size-default\">3. Kinek sz\u00f3l ez a koncepci\u00f3?<\/h3>\t\t\t\t<\/div>\n\t\t\t\t<\/div>\n\t\t\t\t<div class=\"elementor-element elementor-element-768fed2 elementor-widget elementor-widget-text-editor\" data-id=\"768fed2\" data-element_type=\"widget\" data-e-type=\"widget\" data-widget_type=\"text-editor.default\">\n\t\t\t\t<div class=\"elementor-widget-container\">\n\t\t\t\t\t\t\t\t\t<p>Az esem\u00e9ny-koncepci\u00f3 minden jogi szem\u00e9lynek, \u00f6nkorm\u00e1nyzatoknak \u00e9s k\u00f6zint\u00e9zm\u00e9nyeknek sz\u00f3l.<\/p>\n\t\t\t\t\t\t\t\t<\/div>\n\t\t\t\t<\/div>\n\t\t\t\t<\/div>\n\t\t\t\t\t<\/div>\n\t\t\t\t<\/div>\n\t\t<div class=\"elementor-element elementor-element-2424d30 e-flex e-con-boxed e-con e-parent\" data-id=\"2424d30\" data-element_type=\"container\" data-e-type=\"container\" data-settings=\"{&quot;background_background&quot;:&quot;classic&quot;}\">\n\t\t\t\t\t<div class=\"e-con-inner\">\n\t\t<div class=\"elementor-element elementor-element-fa454d4 e-con-full e-flex e-con e-child\" data-id=\"fa454d4\" data-element_type=\"container\" data-e-type=\"container\">\n\t\t\t\t<div class=\"elementor-element elementor-element-8b6d22a elementor-widget elementor-widget-heading\" data-id=\"8b6d22a\" data-element_type=\"widget\" data-e-type=\"widget\" data-widget_type=\"heading.default\">\n\t\t\t\t<div class=\"elementor-widget-container\">\n\t\t\t\t\t<h3 class=\"elementor-heading-title elementor-size-default\">4. Mi\u00e9rt \u00e9rdemes a Tradition und Markt franchise-ba fektetni?<\/h3>\t\t\t\t<\/div>\n\t\t\t\t<\/div>\n\t\t\t\t<\/div>\n\t\t\t\t\t<\/div>\n\t\t\t\t<\/div>\n\t\t<div class=\"elementor-element elementor-element-4d916ae e-flex e-con-boxed e-con e-parent\" data-id=\"4d916ae\" data-element_type=\"container\" data-e-type=\"container\" data-settings=\"{&quot;background_background&quot;:&quot;classic&quot;}\">\n\t\t\t\t\t<div class=\"e-con-inner\">\n\t\t<div class=\"elementor-element elementor-element-2da340c e-con-full e-flex e-con e-child\" data-id=\"2da340c\" data-element_type=\"container\" data-e-type=\"container\">\n\t\t\t\t<div class=\"elementor-element elementor-element-38d1569 elementor-widget elementor-widget-text-editor\" data-id=\"38d1569\" data-element_type=\"widget\" data-e-type=\"widget\" data-widget_type=\"text-editor.default\">\n\t\t\t\t<div class=\"elementor-widget-container\">\n\t\t\t\t\t\t\t\t\t<p>A Tradition und Markt franchise teljes k\u00f6r\u0171 t\u00e1mogat\u00e1st \u00e9s know-how-t k\u00edn\u00e1l az \u00fczleted fel\u00e9p\u00edt\u00e9s\u00e9hez, valamint intellektu\u00e1lis tulajdonv\u00e9delmet ny\u00fajt az esem\u00e9ny eg\u00e9sz\u00e9re, T\u00e1mogat\u00e1st ny\u00fajt az esem\u00e9nyek szervez\u00e9s\u00e9ben j\u00e1rtas csapatunkt\u00f3l, egyszer\u0171s\u00edtett \u00fczemeltet\u00e9st biztos\u00edt az innovat\u00edv \u00e9s gyors modul\u00e1ris standokhoz.<\/p>\n<p>A modul\u00e1ris \u00e1llv\u00e1nyok fel- \u00e9s leszerel\u00e9s\u00e9nek innovat\u00edv \u00e9s gyors rendszere egyszer\u0171 m\u0171k\u00f6d\u00e9st tesz lehet\u0151v\u00e9. Egys\u00e9ges vizu\u00e1lis azonos\u00edt\u00e1st, ingyenes webt\u00e1rhelyet a Tradition und Markt honlapj\u00e1n.<\/p>\n<p>A Kar\u00e1csonyi Falu egy egyedi, Eur\u00f3p\u00e1ban egyed\u00fcl\u00e1ll\u00f3 esem\u00e9ny-koncepci\u00f3ja, amely alkalmazkodhat m\u00e1s tematikus esem\u00e9nyekhez is.<\/p>\n<p>Sz\u00e9lesk\u00f6r\u0171 tapasztalatunk \u00e9s az esem\u00e9nyek szervez\u00e9s\u00e9nek bizony\u00edtott t\u00f6rt\u00e9nete, a modul\u00e1ris b\u00f3d\u00e9rendszer sokoldal\u00fas\u00e1ga lehet\u0151v\u00e9 teszi a v\u00e1ros specifikus tematikus esem\u00e9nyek szervez\u00e9s\u00e9t, hossz\u00fa ideig tart\u00f3 esem\u00e9nyeket szervez\u00fcnk, elegend\u0151 id\u0151t biztos\u00edtva a p\u00e9nz\u00fcgyi c\u00e9lok el\u00e9r\u00e9s\u00e9hez.<\/p>\n<p>Sz\u00e9les potenci\u00e1lis \u00fcgyf\u00e9lk\u00f6r \u00e9s egyedi 6 forr\u00f3 bor kollekci\u00f3, amelyek az autentikus n\u00e9met kar\u00e1csonyi \u00e9lm\u00e9nyt ny\u00fajtj\u00e1k.<\/p>\n\t\t\t\t\t\t\t\t<\/div>\n\t\t\t\t<\/div>\n\t\t\t\t<\/div>\n\t\t<div class=\"elementor-element elementor-element-dc20e1c e-con-full e-flex e-con e-child\" data-id=\"dc20e1c\" data-element_type=\"container\" data-e-type=\"container\">\n\t\t\t\t<div class=\"elementor-element elementor-element-93bd3eb elementor-widget elementor-widget-image\" data-id=\"93bd3eb\" data-element_type=\"widget\" data-e-type=\"widget\" data-widget_type=\"image.default\">\n\t\t\t\t<div class=\"elementor-widget-container\">\n\t\t\t\t\t\t\t\t\t\t\t\t\t\t\t<img decoding=\"async\" src=\"https:\/\/traditionundmarkt.com\/wp-content\/uploads\/elementor\/thumbs\/Adventsdorf-Erkelenz-22-qjk0vh2668f9prn38op6bvh44g2mv2acjy7eds9ig0.webp\" title=\"Adventsdorf Erkelenz (22)\" alt=\"Adventsdorf Erkelenz (22)\" loading=\"lazy\" \/>\t\t\t\t\t\t\t\t\t\t\t\t\t\t\t<\/div>\n\t\t\t\t<\/div>\n\t\t\t\t<div class=\"elementor-element elementor-element-11fcd8d elementor-widget elementor-widget-image\" data-id=\"11fcd8d\" data-element_type=\"widget\" data-e-type=\"widget\" data-widget_type=\"image.default\">\n\t\t\t\t<div class=\"elementor-widget-container\">\n\t\t\t\t\t\t\t\t\t\t\t\t\t\t\t<img decoding=\"async\" src=\"https:\/\/traditionundmarkt.com\/wp-content\/uploads\/elementor\/thumbs\/Adventsdorf-Erkelenz-1-qjk0srayfgpg6bl33ifz4k56cdggmji9iicwh0agf4.webp\" title=\"Adventsdorf Erkelenz (1)\" alt=\"Adventsdorf Erkelenz (1)\" loading=\"lazy\" \/>\t\t\t\t\t\t\t\t\t\t\t\t\t\t\t<\/div>\n\t\t\t\t<\/div>\n\t\t\t\t<\/div>\n\t\t\t\t\t<\/div>\n\t\t\t\t<\/div>\n\t\t<div class=\"elementor-element elementor-element-b4cacc7 e-flex e-con-boxed e-con e-parent\" data-id=\"b4cacc7\" data-element_type=\"container\" data-e-type=\"container\" data-settings=\"{&quot;background_background&quot;:&quot;classic&quot;}\">\n\t\t\t\t\t<div class=\"e-con-inner\">\n\t\t<div class=\"elementor-element elementor-element-849063e e-con-full e-flex e-con e-child\" data-id=\"849063e\" data-element_type=\"container\" data-e-type=\"container\">\n\t\t\t\t<div class=\"elementor-element elementor-element-76f4888 elementor-widget elementor-widget-image\" data-id=\"76f4888\" data-element_type=\"widget\" data-e-type=\"widget\" data-widget_type=\"image.default\">\n\t\t\t\t<div class=\"elementor-widget-container\">\n\t\t\t\t\t\t\t\t\t\t\t\t\t\t\t<img decoding=\"async\" width=\"768\" height=\"576\" src=\"https:\/\/traditionundmarkt.com\/wp-content\/uploads\/2023\/02\/Tradition-und-markt-20-768x576.webp\" class=\"attachment-medium_large size-medium_large wp-image-1060\" alt=\"\" srcset=\"https:\/\/traditionundmarkt.com\/wp-content\/uploads\/2023\/02\/Tradition-und-markt-20-768x576.webp 768w, https:\/\/traditionundmarkt.com\/wp-content\/uploads\/2023\/02\/Tradition-und-markt-20-300x225.webp 300w, https:\/\/traditionundmarkt.com\/wp-content\/uploads\/2023\/02\/Tradition-und-markt-20-1024x768.webp 1024w, https:\/\/traditionundmarkt.com\/wp-content\/uploads\/2023\/02\/Tradition-und-markt-20.webp 1200w\" sizes=\"(max-width: 768px) 100vw, 768px\" \/>\t\t\t\t\t\t\t\t\t\t\t\t\t\t\t<\/div>\n\t\t\t\t<\/div>\n\t\t\t\t<\/div>\n\t\t<div class=\"elementor-element elementor-element-85bad4e e-con-full e-flex e-con e-child\" data-id=\"85bad4e\" data-element_type=\"container\" data-e-type=\"container\">\n\t\t\t\t<div class=\"elementor-element elementor-element-055affe elementor-widget elementor-widget-heading\" data-id=\"055affe\" data-element_type=\"widget\" data-e-type=\"widget\" data-widget_type=\"heading.default\">\n\t\t\t\t<div class=\"elementor-widget-container\">\n\t\t\t\t\t<h3 class=\"elementor-heading-title elementor-size-default\">5. A kar\u00e1csonyi v\u00e1s\u00e1ron k\u00edv\u00fcl milyen egy\u00e9b tematikus esem\u00e9nyeket szervezhetnek a franchise-vev\u0151k eg\u00e9sz \u00e9vben?<\/h3>\t\t\t\t<\/div>\n\t\t\t\t<\/div>\n\t\t\t\t<div class=\"elementor-element elementor-element-cbfa349 elementor-widget elementor-widget-text-editor\" data-id=\"cbfa349\" data-element_type=\"widget\" data-e-type=\"widget\" data-widget_type=\"text-editor.default\">\n\t\t\t\t<div class=\"elementor-widget-container\">\n\t\t\t\t\t\t\t\t\t<p>Igen, a franchisenek lehet\u0151s\u00e9g\u00fck van m\u00e1s t\u00e9m\u00e1j\u00fa esem\u00e9nyeket szervezni az \u00e9v eg\u00e9sz sor\u00e1n, nem csak november 15-t\u0151l janu\u00e1r 10-ig. Itt van n\u00e9h\u00e1ny javaslat az esem\u00e9nyekre: M\u00e1rciusi ifjak napja, H\u00fasv\u00e9ti \u00fcnnepek, Tavaszi v\u00e1s\u00e1r, Cseresznye \u00fcnnep, Elektronikus zenei fesztiv\u00e1l, Filmfesztiv\u00e1l, Sz\u00ednh\u00e1zi fesztiv\u00e1l, Borfesztiv\u00e1l, Arat\u00e1si napok, Septemberfest, S\u00f6r\u00fcnnep.<\/p>\n\t\t\t\t\t\t\t\t<\/div>\n\t\t\t\t<\/div>\n\t\t\t\t<\/div>\n\t\t\t\t\t<\/div>\n\t\t\t\t<\/div>\n\t\t<div class=\"elementor-element elementor-element-1daf8d5 e-flex e-con-boxed e-con e-parent\" data-id=\"1daf8d5\" data-element_type=\"container\" data-e-type=\"container\" data-settings=\"{&quot;background_background&quot;:&quot;classic&quot;}\">\n\t\t\t\t\t<div class=\"e-con-inner\">\n\t\t<div class=\"elementor-element elementor-element-99620a8 e-con-full e-flex e-con e-child\" data-id=\"99620a8\" data-element_type=\"container\" data-e-type=\"container\">\n\t\t\t\t<div class=\"elementor-element elementor-element-a843c21 elementor-widget elementor-widget-heading\" data-id=\"a843c21\" data-element_type=\"widget\" data-e-type=\"widget\" data-widget_type=\"heading.default\">\n\t\t\t\t<div class=\"elementor-widget-container\">\n\t\t\t\t\t<h3 class=\"elementor-heading-title elementor-size-default\">6. Milyen tapasztalattal \u00e9s bizony\u00edtott m\u00falttal rendelkezik a Tradition und Markt csapata az esem\u00e9nyek szervez\u00e9se ter\u00e9n?<\/h3>\t\t\t\t<\/div>\n\t\t\t\t<\/div>\n\t\t\t\t<div class=\"elementor-element elementor-element-e85ea9f elementor-widget elementor-widget-text-editor\" data-id=\"e85ea9f\" data-element_type=\"widget\" data-e-type=\"widget\" data-widget_type=\"text-editor.default\">\n\t\t\t\t<div class=\"elementor-widget-container\">\n\t\t\t\t\t\t\t\t\t<p>A Tradition und Markt csapata sz\u00e9les k\u00f6r\u0171 tapasztalattal rendelkezik az esem\u00e9nyek szervez\u00e9se ter\u00e9n, bizony\u00edtott m\u00falttal Eur\u00f3pa piacain.<\/p>\n\t\t\t\t\t\t\t\t<\/div>\n\t\t\t\t<\/div>\n\t\t\t\t<\/div>\n\t\t<div class=\"elementor-element elementor-element-4f967b7 e-con-full e-flex e-con e-child\" data-id=\"4f967b7\" data-element_type=\"container\" data-e-type=\"container\">\n\t\t\t\t<div class=\"elementor-element elementor-element-6bd339c elementor-widget elementor-widget-image\" data-id=\"6bd339c\" data-element_type=\"widget\" data-e-type=\"widget\" data-widget_type=\"image.default\">\n\t\t\t\t<div class=\"elementor-widget-container\">\n\t\t\t\t\t\t\t\t\t\t\t\t\t\t\t<img decoding=\"async\" src=\"https:\/\/traditionundmarkt.com\/wp-content\/uploads\/elementor\/thumbs\/Adventsdorf-Erkelenz-11-qjk0u1d1qcghz7q6mkcp0qirg95g3pl40ubozke5y8.webp\" title=\"Adventsdorf Erkelenz (11)\" alt=\"Adventsdorf Erkelenz (11)\" loading=\"lazy\" \/>\t\t\t\t\t\t\t\t\t\t\t\t\t\t\t<\/div>\n\t\t\t\t<\/div>\n\t\t\t\t<\/div>\n\t\t\t\t\t<\/div>\n\t\t\t\t<\/div>\n\t\t<div class=\"elementor-element elementor-element-1710756 e-flex e-con-boxed e-con e-parent\" data-id=\"1710756\" data-element_type=\"container\" data-e-type=\"container\" data-settings=\"{&quot;background_background&quot;:&quot;classic&quot;}\">\n\t\t\t\t\t<div class=\"e-con-inner\">\n\t\t<div class=\"elementor-element elementor-element-f8241ba e-con-full e-flex e-con e-child\" data-id=\"f8241ba\" data-element_type=\"container\" data-e-type=\"container\">\n\t\t\t\t<div class=\"elementor-element elementor-element-404a155 elementor-widget elementor-widget-heading\" data-id=\"404a155\" data-element_type=\"widget\" data-e-type=\"widget\" data-widget_type=\"heading.default\">\n\t\t\t\t<div class=\"elementor-widget-container\">\n\t\t\t\t\t<h3 class=\"elementor-heading-title elementor-size-default\">7. Milyen lehet\u0151s\u00e9geket k\u00edn\u00e1l a franciza a fejleszt\u00e9sre \u00e9s b\u0151v\u00edt\u00e9sre?<\/h3>\t\t\t\t<\/div>\n\t\t\t\t<\/div>\n\t\t\t\t<div class=\"elementor-element elementor-element-9bc9c04 elementor-widget elementor-widget-text-editor\" data-id=\"9bc9c04\" data-element_type=\"widget\" data-e-type=\"widget\" data-widget_type=\"text-editor.default\">\n\t\t\t\t<div class=\"elementor-widget-container\">\n\t\t\t\t\t\t\t\t\t<p>A franciza lehet\u0151s\u00e9get ny\u00fajt a fejleszt\u00e9sre \u00e9s b\u0151v\u00edt\u00e9sre m\u00e1s eur\u00f3pai ter\u00fcleteken, tekintettel arra, hogy az esem\u00e9nyipar folyamatosan n\u00f6vekszik.<\/p>\n\t\t\t\t\t\t\t\t<\/div>\n\t\t\t\t<\/div>\n\t\t\t\t<\/div>\n\t\t\t\t\t<\/div>\n\t\t\t\t<\/div>\n\t\t<div class=\"elementor-element elementor-element-5be3abc e-flex e-con-boxed e-con e-parent\" data-id=\"5be3abc\" data-element_type=\"container\" data-e-type=\"container\" data-settings=\"{&quot;background_background&quot;:&quot;classic&quot;}\">\n\t\t\t\t\t<div class=\"e-con-inner\">\n\t\t<div class=\"elementor-element elementor-element-236a7b1 e-con-full e-flex e-con e-child\" data-id=\"236a7b1\" data-element_type=\"container\" data-e-type=\"container\">\n\t\t\t\t<div class=\"elementor-element elementor-element-af44c1a elementor-widget elementor-widget-heading\" data-id=\"af44c1a\" data-element_type=\"widget\" data-e-type=\"widget\" data-widget_type=\"heading.default\">\n\t\t\t\t<div class=\"elementor-widget-container\">\n\t\t\t\t\t<h3 class=\"elementor-heading-title elementor-size-default\">8. Hogyan lehet franciz\u00e1lt partner a Tradition und Markt-n\u00e1l?<\/h3>\t\t\t\t<\/div>\n\t\t\t\t<\/div>\n\t\t\t\t<div class=\"elementor-element elementor-element-f1fcd6f elementor-widget elementor-widget-text-editor\" data-id=\"f1fcd6f\" data-element_type=\"widget\" data-e-type=\"widget\" data-widget_type=\"text-editor.default\">\n\t\t\t\t<div class=\"elementor-widget-container\">\n\t\t\t\t\t\t\t\t\t<p>Ahhoz, hogy franciz\u00e1lt partner legyen a Tradition und Markt-n\u00e1l, n\u00e9h\u00e1ny l\u00e9p\u00e9st kell k\u00f6vetnie. El\u0151sz\u00f6r l\u00e1togassa meg weboldalukat, \u00e9s t\u00e1j\u00e9koz\u00f3djon a r\u00e9szletekr\u0151l.<\/p>\n<p>Ezut\u00e1n l\u00e9pjen kapcsolatba vel\u00fck tov\u00e1bbi megbesz\u00e9l\u00e9sek c\u00e9lj\u00e1b\u00f3l, \u00e9s \u0151k \u00e9rt\u00e9kelik a k\u00e9relm\u00e9t, majd szem\u00e9lyes megbesz\u00e9l\u00e9sre ker\u00fcl sor.<\/p>\n<p>Ha \u00e9rdekl\u0151dnek az egy\u00fcttm\u0171k\u00f6d\u00e9s ir\u00e1nt, al\u00e1\u00edrjuk a franciza szerz\u0151d\u00e9st \u00e9s elkezdj\u00fck a felk\u00e9sz\u00fcl\u00e9st.<\/p>\n<p>A jelentkez\u00e9s el\u0151tt sz\u00fcks\u00e9ges el\u0151zetes \u00fczleti tapasztalat vagy relev\u00e1ns ismeretek \u00e9s elegend\u0151 p\u00e9nz\u00fcgyi forr\u00e1s. A franciza lehet\u0151s\u00e9get ny\u00fajt a fejleszt\u00e9sre \u00e9s b\u0151v\u00edt\u00e9sre nemzetk\u00f6zi szinten is, egy folyamatosan n\u00f6vekv\u0151 ipar\u00e1gban.<\/p>\n<p>L\u00e9pjen kapcsolatba a Tradition und Markt-val \u00e9s kezdje el a jelentkez\u00e9si folyamatot.<\/p>\n\t\t\t\t\t\t\t\t<\/div>\n\t\t\t\t<\/div>\n\t\t\t\t<div class=\"elementor-element elementor-element-4d8f0cb elementor-align-center elementor-widget elementor-widget-button\" data-id=\"4d8f0cb\" data-element_type=\"widget\" data-e-type=\"widget\" data-widget_type=\"button.default\">\n\t\t\t\t<div class=\"elementor-widget-container\">\n\t\t\t\t\t\t\t\t\t<div class=\"elementor-button-wrapper\">\n\t\t\t\t\t<a class=\"elementor-button elementor-button-link elementor-size-sm\" href=\"https:\/\/traditionundmarkt.com\/hu\/kapcsolatba-lepni\/\">\n\t\t\t\t\t\t<span class=\"elementor-button-content-wrapper\">\n\t\t\t\t\t\t\t\t\t<span class=\"elementor-button-text\">Kapcsolatba l\u00e9pni<\/span>\n\t\t\t\t\t<\/span>\n\t\t\t\t\t<\/a>\n\t\t\t\t<\/div>\n\t\t\t\t\t\t\t\t<\/div>\n\t\t\t\t<\/div>\n\t\t\t\t<\/div>\n\t\t\t\t\t<\/div>\n\t\t\t\t<\/div>\n\t\t\t\t<\/div>\n\t\t","protected":false},"excerpt":{"rendered":"<p>Legyen sikeres partner\u00fcnk a Tradition und Markt-Franchise r\u00e9v\u00e9n! Fedezd fel az egyedi esem\u00e9nyek koncepci\u00f3j\u00e1t \u00e9s a Tradition und Markt franchise el\u0151nyeit ezekkel a k\u00e9rd\u00e9sekkel \u00e9s v\u00e1laszokkal. 1. Mi az a Tradition und Markt franchise? A Tradition und Markt franchise lehet\u0151s\u00e9get k\u00edn\u00e1l arra, hogy sikeres v\u00e1llalkoz\u00f3v\u00e1 v\u00e1lj az \u00fcd\u00fcl\u00e9si rendezv\u00e9nyek ipar\u00e1gi szegmens\u00e9ben, \u00e9lvezve a mi profi [&hellip;]<\/p>\n","protected":false},"author":1,"featured_media":0,"parent":0,"menu_order":0,"comment_status":"closed","ping_status":"closed","template":"","meta":{"_uag_custom_page_level_css":"","site-sidebar-layout":"no-sidebar","site-content-layout":"page-builder","ast-site-content-layout":"default","site-content-style":"default","site-sidebar-style":"default","ast-global-header-display":"","ast-banner-title-visibility":"","ast-main-header-display":"","ast-hfb-above-header-display":"","ast-hfb-below-header-display":"","ast-hfb-mobile-header-display":"","site-post-title":"disabled","ast-breadcrumbs-content":"","ast-featured-img":"disabled","footer-sml-layout":"","ast-disable-related-posts":"","theme-transparent-header-meta":"","adv-header-id-meta":"","stick-header-meta":"","header-above-stick-meta":"","header-main-stick-meta":"","header-below-stick-meta":"","astra-migrate-meta-layouts":"default","ast-page-background-enabled":"default","ast-page-background-meta":{"desktop":{"background-color":"var(--ast-global-color-4)","background-image":"","background-repeat":"repeat","background-position":"center center","background-size":"auto","background-attachment":"scroll","background-type":"","background-media":"","overlay-type":"","overlay-color":"","overlay-opacity":"","overlay-gradient":""},"tablet":{"background-color":"","background-image":"","background-repeat":"repeat","background-position":"center center","background-size":"auto","background-attachment":"scroll","background-type":"","background-media":"","overlay-type":"","overlay-color":"","overlay-opacity":"","overlay-gradient":""},"mobile":{"background-color":"","background-image":"","background-repeat":"repeat","background-position":"center center","background-size":"auto","background-attachment":"scroll","background-type":"","background-media":"","overlay-type":"","overlay-color":"","overlay-opacity":"","overlay-gradient":""}},"ast-content-background-meta":{"desktop":{"background-color":"var(--ast-global-color-5)","background-image":"","background-repeat":"repeat","background-position":"center center","background-size":"auto","background-attachment":"scroll","background-type":"","background-media":"","overlay-type":"","overlay-color":"","overlay-opacity":"","overlay-gradient":""},"tablet":{"background-color":"var(--ast-global-color-5)","background-image":"","background-repeat":"repeat","background-position":"center center","background-size":"auto","background-attachment":"scroll","background-type":"","background-media":"","overlay-type":"","overlay-color":"","overlay-opacity":"","overlay-gradient":""},"mobile":{"background-color":"var(--ast-global-color-5)","background-image":"","background-repeat":"repeat","background-position":"center center","background-size":"auto","background-attachment":"scroll","background-type":"","background-media":"","overlay-type":"","overlay-color":"","overlay-opacity":"","overlay-gradient":""}},"footnotes":""},"class_list":["post-1420","page","type-page","status-publish","hentry"],"yoast_head":"<!-- This site is optimized with the Yoast SEO plugin v27.5 - https:\/\/yoast.com\/product\/yoast-seo-wordpress\/ -->\n<title>Ismerje meg, hogyan lehet sikeres partner\u00fcnk a Tradition und Markt franciz\u00e1j\u00e1val - K\u00e9rd\u00e9sek \u00e9s v\u00e1laszok.<\/title>\n<meta name=\"description\" content=\"Ismerje meg a Tradition und Markt egyed\u00fcl\u00e1ll\u00f3 lehet\u0151s\u00e9g\u00e9t, hogy sikeres v\u00e1llalkoz\u00f3v\u00e1 v\u00e1ljon az \u00e9lm\u00e9nyalap\u00fa esem\u00e9nyiparban a franciza seg\u00edts\u00e9g\u00e9vel. Csatlakozzon a tapasztalt csapathoz, \u00e9s \u00e9lvezze az intellektu\u00e1lis tulajdonv\u00e9delmet, a rendezv\u00e9nyek innovat\u00edv koncepci\u00f3j\u00e1t \u00e9s az egyszer\u0171 m\u0171k\u00f6d\u00e9st a speci\u00e1lis tematikus esem\u00e9nyek szervez\u00e9s\u00e9hez.\" \/>\n<meta name=\"robots\" content=\"index, follow, max-snippet:-1, max-image-preview:large, max-video-preview:-1\" \/>\n<link rel=\"canonical\" href=\"https:\/\/traditionundmarkt.com\/hu\/csatlakozz-csapatunkhoz\/\" \/>\n<meta property=\"og:locale\" content=\"hu_HU\" \/>\n<meta property=\"og:type\" content=\"article\" \/>\n<meta property=\"og:title\" content=\"Ismerje meg, hogyan lehet sikeres partner\u00fcnk a Tradition und Markt franciz\u00e1j\u00e1val - K\u00e9rd\u00e9sek \u00e9s v\u00e1laszok.\" \/>\n<meta property=\"og:description\" content=\"Ismerje meg a Tradition und Markt egyed\u00fcl\u00e1ll\u00f3 lehet\u0151s\u00e9g\u00e9t, hogy sikeres v\u00e1llalkoz\u00f3v\u00e1 v\u00e1ljon az \u00e9lm\u00e9nyalap\u00fa esem\u00e9nyiparban a franciza seg\u00edts\u00e9g\u00e9vel. Csatlakozzon a tapasztalt csapathoz, \u00e9s \u00e9lvezze az intellektu\u00e1lis tulajdonv\u00e9delmet, a rendezv\u00e9nyek innovat\u00edv koncepci\u00f3j\u00e1t \u00e9s az egyszer\u0171 m\u0171k\u00f6d\u00e9st a speci\u00e1lis tematikus esem\u00e9nyek szervez\u00e9s\u00e9hez.\" \/>\n<meta property=\"og:url\" content=\"https:\/\/traditionundmarkt.com\/hu\/csatlakozz-csapatunkhoz\/\" \/>\n<meta property=\"og:site_name\" content=\"Tradition und Markt\" \/>\n<meta property=\"article:publisher\" content=\"https:\/\/www.facebook.com\/Tradition-und-Markt-Franchise-107325457788905\" \/>\n<meta property=\"article:modified_time\" content=\"2024-02-12T08:24:24+00:00\" \/>\n<meta property=\"og:image\" content=\"https:\/\/traditionundmarkt.com\/wp-content\/uploads\/2023\/04\/franchise.webp\" \/>\n<meta name=\"twitter:card\" content=\"summary_large_image\" \/>\n<script type=\"application\/ld+json\" class=\"yoast-schema-graph\">{\"@context\":\"https:\\\/\\\/schema.org\",\"@graph\":[{\"@type\":\"WebPage\",\"@id\":\"https:\\\/\\\/traditionundmarkt.com\\\/hu\\\/csatlakozz-csapatunkhoz\\\/\",\"url\":\"https:\\\/\\\/traditionundmarkt.com\\\/hu\\\/csatlakozz-csapatunkhoz\\\/\",\"name\":\"Ismerje meg, hogyan lehet sikeres partner\u00fcnk a Tradition und Markt franciz\u00e1j\u00e1val - K\u00e9rd\u00e9sek \u00e9s v\u00e1laszok.\",\"isPartOf\":{\"@id\":\"https:\\\/\\\/traditionundmarkt.com\\\/hu\\\/#website\"},\"primaryImageOfPage\":{\"@id\":\"https:\\\/\\\/traditionundmarkt.com\\\/hu\\\/csatlakozz-csapatunkhoz\\\/#primaryimage\"},\"image\":{\"@id\":\"https:\\\/\\\/traditionundmarkt.com\\\/hu\\\/csatlakozz-csapatunkhoz\\\/#primaryimage\"},\"thumbnailUrl\":\"https:\\\/\\\/traditionundmarkt.com\\\/wp-content\\\/uploads\\\/2023\\\/04\\\/franchise.webp\",\"datePublished\":\"2023-04-25T05:52:16+00:00\",\"dateModified\":\"2024-02-12T08:24:24+00:00\",\"description\":\"Ismerje meg a Tradition und Markt egyed\u00fcl\u00e1ll\u00f3 lehet\u0151s\u00e9g\u00e9t, hogy sikeres v\u00e1llalkoz\u00f3v\u00e1 v\u00e1ljon az \u00e9lm\u00e9nyalap\u00fa esem\u00e9nyiparban a franciza seg\u00edts\u00e9g\u00e9vel. Csatlakozzon a tapasztalt csapathoz, \u00e9s \u00e9lvezze az intellektu\u00e1lis tulajdonv\u00e9delmet, a rendezv\u00e9nyek innovat\u00edv koncepci\u00f3j\u00e1t \u00e9s az egyszer\u0171 m\u0171k\u00f6d\u00e9st a speci\u00e1lis tematikus esem\u00e9nyek szervez\u00e9s\u00e9hez.\",\"breadcrumb\":{\"@id\":\"https:\\\/\\\/traditionundmarkt.com\\\/hu\\\/csatlakozz-csapatunkhoz\\\/#breadcrumb\"},\"inLanguage\":\"hu\",\"potentialAction\":[{\"@type\":\"ReadAction\",\"target\":[\"https:\\\/\\\/traditionundmarkt.com\\\/hu\\\/csatlakozz-csapatunkhoz\\\/\"]}]},{\"@type\":\"ImageObject\",\"inLanguage\":\"hu\",\"@id\":\"https:\\\/\\\/traditionundmarkt.com\\\/hu\\\/csatlakozz-csapatunkhoz\\\/#primaryimage\",\"url\":\"https:\\\/\\\/traditionundmarkt.com\\\/wp-content\\\/uploads\\\/2023\\\/04\\\/franchise.webp\",\"contentUrl\":\"https:\\\/\\\/traditionundmarkt.com\\\/wp-content\\\/uploads\\\/2023\\\/04\\\/franchise.webp\"},{\"@type\":\"BreadcrumbList\",\"@id\":\"https:\\\/\\\/traditionundmarkt.com\\\/hu\\\/csatlakozz-csapatunkhoz\\\/#breadcrumb\",\"itemListElement\":[{\"@type\":\"ListItem\",\"position\":1,\"name\":\"Startseite\",\"item\":\"https:\\\/\\\/traditionundmarkt.com\\\/hu\\\/honlap\\\/\"},{\"@type\":\"ListItem\",\"position\":2,\"name\":\"Franchise-t akarok\"}]},{\"@type\":\"WebSite\",\"@id\":\"https:\\\/\\\/traditionundmarkt.com\\\/hu\\\/#website\",\"url\":\"https:\\\/\\\/traditionundmarkt.com\\\/hu\\\/\",\"name\":\"Tradition und Markt\",\"description\":\"\",\"publisher\":{\"@id\":\"https:\\\/\\\/traditionundmarkt.com\\\/hu\\\/#organization\"},\"potentialAction\":[{\"@type\":\"SearchAction\",\"target\":{\"@type\":\"EntryPoint\",\"urlTemplate\":\"https:\\\/\\\/traditionundmarkt.com\\\/hu\\\/?s={search_term_string}\"},\"query-input\":{\"@type\":\"PropertyValueSpecification\",\"valueRequired\":true,\"valueName\":\"search_term_string\"}}],\"inLanguage\":\"hu\"},{\"@type\":\"Organization\",\"@id\":\"https:\\\/\\\/traditionundmarkt.com\\\/hu\\\/#organization\",\"name\":\"Tradition und Markt\",\"url\":\"https:\\\/\\\/traditionundmarkt.com\\\/hu\\\/\",\"logo\":{\"@type\":\"ImageObject\",\"inLanguage\":\"hu\",\"@id\":\"https:\\\/\\\/traditionundmarkt.com\\\/hu\\\/#\\\/schema\\\/logo\\\/image\\\/\",\"url\":\"https:\\\/\\\/traditionundmarkt.com\\\/wp-content\\\/uploads\\\/2023\\\/02\\\/Logo-Tradtion-und-Markt-1.webp\",\"contentUrl\":\"https:\\\/\\\/traditionundmarkt.com\\\/wp-content\\\/uploads\\\/2023\\\/02\\\/Logo-Tradtion-und-Markt-1.webp\",\"width\":240,\"height\":239,\"caption\":\"Tradition und Markt\"},\"image\":{\"@id\":\"https:\\\/\\\/traditionundmarkt.com\\\/hu\\\/#\\\/schema\\\/logo\\\/image\\\/\"},\"sameAs\":[\"https:\\\/\\\/www.facebook.com\\\/Tradition-und-Markt-Franchise-107325457788905\",\"https:\\\/\\\/www.instagram.com\\\/tradition_und_markt\\\/\",\"https:\\\/\\\/www.youtube.com\\\/channel\\\/UCW4qQf3iVy3suXbbHzK5_dw\",\"https:\\\/\\\/www.linkedin.com\\\/company\\\/tradition-und-markt-franchise\\\/\"]}]}<\/script>\n<!-- \/ Yoast SEO plugin. -->","yoast_head_json":{"title":"Ismerje meg, hogyan lehet sikeres partner\u00fcnk a Tradition und Markt franciz\u00e1j\u00e1val - K\u00e9rd\u00e9sek \u00e9s v\u00e1laszok.","description":"Ismerje meg a Tradition und Markt egyed\u00fcl\u00e1ll\u00f3 lehet\u0151s\u00e9g\u00e9t, hogy sikeres v\u00e1llalkoz\u00f3v\u00e1 v\u00e1ljon az \u00e9lm\u00e9nyalap\u00fa esem\u00e9nyiparban a franciza seg\u00edts\u00e9g\u00e9vel. Csatlakozzon a tapasztalt csapathoz, \u00e9s \u00e9lvezze az intellektu\u00e1lis tulajdonv\u00e9delmet, a rendezv\u00e9nyek innovat\u00edv koncepci\u00f3j\u00e1t \u00e9s az egyszer\u0171 m\u0171k\u00f6d\u00e9st a speci\u00e1lis tematikus esem\u00e9nyek szervez\u00e9s\u00e9hez.","robots":{"index":"index","follow":"follow","max-snippet":"max-snippet:-1","max-image-preview":"max-image-preview:large","max-video-preview":"max-video-preview:-1"},"canonical":"https:\/\/traditionundmarkt.com\/hu\/csatlakozz-csapatunkhoz\/","og_locale":"hu_HU","og_type":"article","og_title":"Ismerje meg, hogyan lehet sikeres partner\u00fcnk a Tradition und Markt franciz\u00e1j\u00e1val - K\u00e9rd\u00e9sek \u00e9s v\u00e1laszok.","og_description":"Ismerje meg a Tradition und Markt egyed\u00fcl\u00e1ll\u00f3 lehet\u0151s\u00e9g\u00e9t, hogy sikeres v\u00e1llalkoz\u00f3v\u00e1 v\u00e1ljon az \u00e9lm\u00e9nyalap\u00fa esem\u00e9nyiparban a franciza seg\u00edts\u00e9g\u00e9vel. Csatlakozzon a tapasztalt csapathoz, \u00e9s \u00e9lvezze az intellektu\u00e1lis tulajdonv\u00e9delmet, a rendezv\u00e9nyek innovat\u00edv koncepci\u00f3j\u00e1t \u00e9s az egyszer\u0171 m\u0171k\u00f6d\u00e9st a speci\u00e1lis tematikus esem\u00e9nyek szervez\u00e9s\u00e9hez.","og_url":"https:\/\/traditionundmarkt.com\/hu\/csatlakozz-csapatunkhoz\/","og_site_name":"Tradition und Markt","article_publisher":"https:\/\/www.facebook.com\/Tradition-und-Markt-Franchise-107325457788905","article_modified_time":"2024-02-12T08:24:24+00:00","og_image":[{"url":"https:\/\/traditionundmarkt.com\/wp-content\/uploads\/2023\/04\/franchise.webp","type":"","width":"","height":""}],"twitter_card":"summary_large_image","schema":{"@context":"https:\/\/schema.org","@graph":[{"@type":"WebPage","@id":"https:\/\/traditionundmarkt.com\/hu\/csatlakozz-csapatunkhoz\/","url":"https:\/\/traditionundmarkt.com\/hu\/csatlakozz-csapatunkhoz\/","name":"Ismerje meg, hogyan lehet sikeres partner\u00fcnk a Tradition und Markt franciz\u00e1j\u00e1val - K\u00e9rd\u00e9sek \u00e9s v\u00e1laszok.","isPartOf":{"@id":"https:\/\/traditionundmarkt.com\/hu\/#website"},"primaryImageOfPage":{"@id":"https:\/\/traditionundmarkt.com\/hu\/csatlakozz-csapatunkhoz\/#primaryimage"},"image":{"@id":"https:\/\/traditionundmarkt.com\/hu\/csatlakozz-csapatunkhoz\/#primaryimage"},"thumbnailUrl":"https:\/\/traditionundmarkt.com\/wp-content\/uploads\/2023\/04\/franchise.webp","datePublished":"2023-04-25T05:52:16+00:00","dateModified":"2024-02-12T08:24:24+00:00","description":"Ismerje meg a Tradition und Markt egyed\u00fcl\u00e1ll\u00f3 lehet\u0151s\u00e9g\u00e9t, hogy sikeres v\u00e1llalkoz\u00f3v\u00e1 v\u00e1ljon az \u00e9lm\u00e9nyalap\u00fa esem\u00e9nyiparban a franciza seg\u00edts\u00e9g\u00e9vel. Csatlakozzon a tapasztalt csapathoz, \u00e9s \u00e9lvezze az intellektu\u00e1lis tulajdonv\u00e9delmet, a rendezv\u00e9nyek innovat\u00edv koncepci\u00f3j\u00e1t \u00e9s az egyszer\u0171 m\u0171k\u00f6d\u00e9st a speci\u00e1lis tematikus esem\u00e9nyek szervez\u00e9s\u00e9hez.","breadcrumb":{"@id":"https:\/\/traditionundmarkt.com\/hu\/csatlakozz-csapatunkhoz\/#breadcrumb"},"inLanguage":"hu","potentialAction":[{"@type":"ReadAction","target":["https:\/\/traditionundmarkt.com\/hu\/csatlakozz-csapatunkhoz\/"]}]},{"@type":"ImageObject","inLanguage":"hu","@id":"https:\/\/traditionundmarkt.com\/hu\/csatlakozz-csapatunkhoz\/#primaryimage","url":"https:\/\/traditionundmarkt.com\/wp-content\/uploads\/2023\/04\/franchise.webp","contentUrl":"https:\/\/traditionundmarkt.com\/wp-content\/uploads\/2023\/04\/franchise.webp"},{"@type":"BreadcrumbList","@id":"https:\/\/traditionundmarkt.com\/hu\/csatlakozz-csapatunkhoz\/#breadcrumb","itemListElement":[{"@type":"ListItem","position":1,"name":"Startseite","item":"https:\/\/traditionundmarkt.com\/hu\/honlap\/"},{"@type":"ListItem","position":2,"name":"Franchise-t akarok"}]},{"@type":"WebSite","@id":"https:\/\/traditionundmarkt.com\/hu\/#website","url":"https:\/\/traditionundmarkt.com\/hu\/","name":"Tradition und Markt","description":"","publisher":{"@id":"https:\/\/traditionundmarkt.com\/hu\/#organization"},"potentialAction":[{"@type":"SearchAction","target":{"@type":"EntryPoint","urlTemplate":"https:\/\/traditionundmarkt.com\/hu\/?s={search_term_string}"},"query-input":{"@type":"PropertyValueSpecification","valueRequired":true,"valueName":"search_term_string"}}],"inLanguage":"hu"},{"@type":"Organization","@id":"https:\/\/traditionundmarkt.com\/hu\/#organization","name":"Tradition und Markt","url":"https:\/\/traditionundmarkt.com\/hu\/","logo":{"@type":"ImageObject","inLanguage":"hu","@id":"https:\/\/traditionundmarkt.com\/hu\/#\/schema\/logo\/image\/","url":"https:\/\/traditionundmarkt.com\/wp-content\/uploads\/2023\/02\/Logo-Tradtion-und-Markt-1.webp","contentUrl":"https:\/\/traditionundmarkt.com\/wp-content\/uploads\/2023\/02\/Logo-Tradtion-und-Markt-1.webp","width":240,"height":239,"caption":"Tradition und Markt"},"image":{"@id":"https:\/\/traditionundmarkt.com\/hu\/#\/schema\/logo\/image\/"},"sameAs":["https:\/\/www.facebook.com\/Tradition-und-Markt-Franchise-107325457788905","https:\/\/www.instagram.com\/tradition_und_markt\/","https:\/\/www.youtube.com\/channel\/UCW4qQf3iVy3suXbbHzK5_dw","https:\/\/www.linkedin.com\/company\/tradition-und-markt-franchise\/"]}]}},"uagb_featured_image_src":{"full":false,"thumbnail":false,"medium":false,"medium_large":false,"large":false,"1536x1536":false,"2048x2048":false},"uagb_author_info":{"display_name":"ImpactPro","author_link":"https:\/\/traditionundmarkt.com\/hu\/author\/d549d4ea637b0b33\/"},"uagb_comment_info":0,"uagb_excerpt":"Legyen sikeres partner\u00fcnk a Tradition und Markt-Franchise r\u00e9v\u00e9n! Fedezd fel az egyedi esem\u00e9nyek koncepci\u00f3j\u00e1t \u00e9s a Tradition und Markt franchise el\u0151nyeit ezekkel a k\u00e9rd\u00e9sekkel \u00e9s v\u00e1laszokkal. 1. Mi az a Tradition und Markt franchise? A Tradition und Markt franchise lehet\u0151s\u00e9get k\u00edn\u00e1l arra, hogy sikeres v\u00e1llalkoz\u00f3v\u00e1 v\u00e1lj az \u00fcd\u00fcl\u00e9si rendezv\u00e9nyek ipar\u00e1gi szegmens\u00e9ben, \u00e9lvezve a mi profi&hellip;","_links":{"self":[{"href":"https:\/\/traditionundmarkt.com\/hu\/wp-json\/wp\/v2\/pages\/1420","targetHints":{"allow":["GET"]}}],"collection":[{"href":"https:\/\/traditionundmarkt.com\/hu\/wp-json\/wp\/v2\/pages"}],"about":[{"href":"https:\/\/traditionundmarkt.com\/hu\/wp-json\/wp\/v2\/types\/page"}],"author":[{"embeddable":true,"href":"https:\/\/traditionundmarkt.com\/hu\/wp-json\/wp\/v2\/users\/1"}],"replies":[{"embeddable":true,"href":"https:\/\/traditionundmarkt.com\/hu\/wp-json\/wp\/v2\/comments?post=1420"}],"version-history":[{"count":9,"href":"https:\/\/traditionundmarkt.com\/hu\/wp-json\/wp\/v2\/pages\/1420\/revisions"}],"predecessor-version":[{"id":3358,"href":"https:\/\/traditionundmarkt.com\/hu\/wp-json\/wp\/v2\/pages\/1420\/revisions\/3358"}],"wp:attachment":[{"href":"https:\/\/traditionundmarkt.com\/hu\/wp-json\/wp\/v2\/media?parent=1420"}],"curies":[{"name":"wp","href":"https:\/\/api.w.org\/{rel}","templated":true}]}}