{"id":2743,"date":"2023-07-13T13:53:48","date_gmt":"2023-07-13T13:53:48","guid":{"rendered":"https:\/\/traditionundmarkt.com\/heinsberg-i-karacsonyi-vasar-es-teli-vasar\/jobs-heinsberg\/"},"modified":"2023-07-17T09:43:26","modified_gmt":"2023-07-17T09:43:26","slug":"jobs-heinsberg","status":"publish","type":"page","link":"https:\/\/traditionundmarkt.com\/hu\/heinsberg-i-karacsonyi-vasar-es-teli-vasar\/jobs-heinsberg\/","title":{"rendered":"Jobs Heinsberg"},"content":{"rendered":"\n<div class=\"wp-block-uagb-advanced-heading uagb-block-5d866ae3\"><h2 class=\"uagb-heading-text\">Jobs &#8211; Tradition und Markt Heinsberg<\/h2><\/div>\n\n<div class=\"wp-block-uagb-separator uagb-block-695d4c1f\"><div class=\"wp-block-uagb-separator__inner\" style=\"--my-background-image:\"><\/div><\/div>\n\n<div class=\"wp-block-uagb-container uagb-block-051b1e73 alignfull uagb-is-root-container\"><div class=\"uagb-container-inner-blocks-wrap\">\n<div class=\"wp-block-uagb-container uagb-block-7bf3c488\">\n<p>Tisztelt koll\u00e9ga,<\/p>\n\n\n\n<p>\u00d6r\u00f6mmel jelentj\u00fck be, hogy a csod\u00e1latos Heinsbergi Kar\u00e1csonyi V\u00e1s\u00e1ron meg\u00fcresedett helyek vannak a b\u00fcf\u00e9kben \u00e9s a kocsm\u00e1ban. Tempor\u00e1lis vagy teljes munkaid\u0151s munkalehet\u0151s\u00e9get k\u00edn\u00e1lunk vonz\u00f3 munkak\u00f6rnyezetben. <\/p>\n\n\n\n<p>Az alkalmaz\u00e1si id\u0151szak november 15-t\u0151l december 31-ig tart, \u00edgy k\u00fcl\u00f6nleges munkatapasztalatban lehet r\u00e9sze a kar\u00e1csonyi \u00fcnnepi id\u0151szakban.<\/p>\n\n\n\n<p>N\u00e9metorsz\u00e1g egyik legszebb kar\u00e1csonyi v\u00e1s\u00e1ra, \u00edgy lehet\u0151s\u00e9ge ny\u00edlik dolgozni egy fest\u0151i \u00e9s var\u00e1zslatos k\u00f6rnyezetben. A Tradition und Markt Heinsberg kar\u00e1csonyi piaca a var\u00e1zslatos hangulat\u00e1r\u00f3l \u00e9s a hagyom\u00e1nyos \u00e9telek \u00e9s italok sokas\u00e1g\u00e1r\u00f3l ismert.<\/p>\n<\/div>\n<\/div><\/div>\n\n<div class=\"wp-block-uagb-container uagb-block-8710843a alignfull uagb-is-root-container\"><div class=\"uagb-container-inner-blocks-wrap\">\n<div class=\"wp-block-uagb-container uagb-block-f86d9027\">\n<p>Ha \u00e9rdekl\u0151dik \u00e9s szeretne csatlakozni lelkes csapatunkhoz, k\u00e9rj\u00fck, jelentkezzen e-mailben az <a href=\"mailto:office.heinsberg@traditionundmarkt.com\" target=\"_blank\" rel=\"noreferrer noopener\">office.heinsberg@traditionundmarkt.com<\/a> c\u00edmen, vagy telefonon l\u00e9pjen kapcsolatba vel\u00fcnk a <a href=\"tel:004915209249446\" target=\"_blank\" rel=\"noreferrer noopener\">004915209249446<\/a>-os telefonsz\u00e1mon. V\u00e1rjuk jelentkez\u00e9s\u00e9t \u00e9s sz\u00edvesen t\u00e1rgyalunk tov\u00e1bbi r\u00e9szletekr\u0151l.<\/p>\n\n\n\n<p>Csatlakozva csapatunkhoz, lehet\u0151s\u00e9ge ny\u00edlik \u00faj emberekkel val\u00f3 kapcsolatfelv\u00e9telre, a helyi kult\u00fara \u00e9s hagyom\u00e1nyok megismer\u00e9s\u00e9re, valamint felejthetetlen eml\u00e9kek megteremt\u00e9s\u00e9re a \u00fcnnepi szezonban.<\/p>\n\n\n\n<p>Ne hagyja ki a lehet\u0151s\u00e9get, hogy r\u00e9szt vegyen egy egyed\u00fcl\u00e1ll\u00f3 kar\u00e1csonyi \u00e9lm\u00e9nyben egy gy\u00f6ny\u00f6r\u0171 helyen. V\u00e1rjuk \u00d6nt csapatunkban!<\/p>\n\n\n\n<p class=\"has-text-align-left\">\u00dcdv\u00f6zlettel,<\/p>\n\n\n\n<p>A Tradition und Markt Heinsberg csapata<\/p>\n<\/div>\n<\/div><\/div>\n","protected":false},"excerpt":{"rendered":"<p>Jobs &#8211; Tradition und Markt Heinsberg Tisztelt koll\u00e9ga, \u00d6r\u00f6mmel jelentj\u00fck be, hogy a csod\u00e1latos Heinsbergi Kar\u00e1csonyi V\u00e1s\u00e1ron meg\u00fcresedett helyek vannak a b\u00fcf\u00e9kben \u00e9s a kocsm\u00e1ban. Tempor\u00e1lis vagy teljes munkaid\u0151s munkalehet\u0151s\u00e9get k\u00edn\u00e1lunk vonz\u00f3 munkak\u00f6rnyezetben. Az alkalmaz\u00e1si id\u0151szak november 15-t\u0151l december 31-ig tart, \u00edgy k\u00fcl\u00f6nleges munkatapasztalatban lehet r\u00e9sze a kar\u00e1csonyi \u00fcnnepi id\u0151szakban. N\u00e9metorsz\u00e1g egyik legszebb kar\u00e1csonyi v\u00e1s\u00e1ra, [&hellip;]<\/p>\n","protected":false},"author":1,"featured_media":0,"parent":2167,"menu_order":0,"comment_status":"closed","ping_status":"closed","template":"","meta":{"_uag_custom_page_level_css":"","site-sidebar-layout":"default","site-content-layout":"","ast-site-content-layout":"default","site-content-style":"default","site-sidebar-style":"default","ast-global-header-display":"","ast-banner-title-visibility":"","ast-main-header-display":"","ast-hfb-above-header-display":"","ast-hfb-below-header-display":"","ast-hfb-mobile-header-display":"","site-post-title":"disabled","ast-breadcrumbs-content":"","ast-featured-img":"","footer-sml-layout":"","ast-disable-related-posts":"","theme-transparent-header-meta":"","adv-header-id-meta":"","stick-header-meta":"","header-above-stick-meta":"","header-main-stick-meta":"","header-below-stick-meta":"","astra-migrate-meta-layouts":"default","ast-page-background-enabled":"default","ast-page-background-meta":{"desktop":{"background-color":"var(--ast-global-color-4)","background-image":"","background-repeat":"repeat","background-position":"center center","background-size":"auto","background-attachment":"scroll","background-type":"","background-media":"","overlay-type":"","overlay-color":"","overlay-opacity":"","overlay-gradient":""},"tablet":{"background-color":"","background-image":"","background-repeat":"repeat","background-position":"center center","background-size":"auto","background-attachment":"scroll","background-type":"","background-media":"","overlay-type":"","overlay-color":"","overlay-opacity":"","overlay-gradient":""},"mobile":{"background-color":"","background-image":"","background-repeat":"repeat","background-position":"center center","background-size":"auto","background-attachment":"scroll","background-type":"","background-media":"","overlay-type":"","overlay-color":"","overlay-opacity":"","overlay-gradient":""}},"ast-content-background-meta":{"desktop":{"background-color":"var(--ast-global-color-5)","background-image":"","background-repeat":"repeat","background-position":"center center","background-size":"auto","background-attachment":"scroll","background-type":"","background-media":"","overlay-type":"","overlay-color":"","overlay-opacity":"","overlay-gradient":""},"tablet":{"background-color":"var(--ast-global-color-5)","background-image":"","background-repeat":"repeat","background-position":"center center","background-size":"auto","background-attachment":"scroll","background-type":"","background-media":"","overlay-type":"","overlay-color":"","overlay-opacity":"","overlay-gradient":""},"mobile":{"background-color":"var(--ast-global-color-5)","background-image":"","background-repeat":"repeat","background-position":"center center","background-size":"auto","background-attachment":"scroll","background-type":"","background-media":"","overlay-type":"","overlay-color":"","overlay-opacity":"","overlay-gradient":""}},"footnotes":""},"class_list":["post-2743","page","type-page","status-publish","hentry"],"yoast_head":"<!-- This site is optimized with the Yoast SEO plugin v27.5 - https:\/\/yoast.com\/product\/yoast-seo-wordpress\/ -->\n<title>Jobs Heinsberg &#8226; Tradition und Markt<\/title>\n<meta name=\"robots\" content=\"index, follow, max-snippet:-1, max-image-preview:large, max-video-preview:-1\" \/>\n<link rel=\"canonical\" href=\"https:\/\/traditionundmarkt.com\/hu\/heinsberg-i-karacsonyi-vasar-es-teli-vasar\/jobs-heinsberg\/\" \/>\n<meta property=\"og:locale\" content=\"hu_HU\" \/>\n<meta property=\"og:type\" content=\"article\" \/>\n<meta property=\"og:title\" content=\"Jobs Heinsberg &#8226; Tradition und Markt\" \/>\n<meta property=\"og:description\" content=\"Jobs &#8211; Tradition und Markt Heinsberg Tisztelt koll\u00e9ga, \u00d6r\u00f6mmel jelentj\u00fck be, hogy a csod\u00e1latos Heinsbergi Kar\u00e1csonyi V\u00e1s\u00e1ron meg\u00fcresedett helyek vannak a b\u00fcf\u00e9kben \u00e9s a kocsm\u00e1ban. Tempor\u00e1lis vagy teljes munkaid\u0151s munkalehet\u0151s\u00e9get k\u00edn\u00e1lunk vonz\u00f3 munkak\u00f6rnyezetben. Az alkalmaz\u00e1si id\u0151szak november 15-t\u0151l december 31-ig tart, \u00edgy k\u00fcl\u00f6nleges munkatapasztalatban lehet r\u00e9sze a kar\u00e1csonyi \u00fcnnepi id\u0151szakban. N\u00e9metorsz\u00e1g egyik legszebb kar\u00e1csonyi v\u00e1s\u00e1ra, [&hellip;]\" \/>\n<meta property=\"og:url\" content=\"https:\/\/traditionundmarkt.com\/hu\/heinsberg-i-karacsonyi-vasar-es-teli-vasar\/jobs-heinsberg\/\" \/>\n<meta property=\"og:site_name\" content=\"Tradition und Markt\" \/>\n<meta property=\"article:publisher\" content=\"https:\/\/www.facebook.com\/Tradition-und-Markt-Franchise-107325457788905\" \/>\n<meta property=\"article:modified_time\" content=\"2023-07-17T09:43:26+00:00\" \/>\n<meta name=\"twitter:card\" content=\"summary_large_image\" \/>\n<script type=\"application\/ld+json\" class=\"yoast-schema-graph\">{\"@context\":\"https:\\\/\\\/schema.org\",\"@graph\":[{\"@type\":\"WebPage\",\"@id\":\"https:\\\/\\\/traditionundmarkt.com\\\/hu\\\/heinsberg-i-karacsonyi-vasar-es-teli-vasar\\\/jobs-heinsberg\\\/\",\"url\":\"https:\\\/\\\/traditionundmarkt.com\\\/hu\\\/heinsberg-i-karacsonyi-vasar-es-teli-vasar\\\/jobs-heinsberg\\\/\",\"name\":\"Jobs Heinsberg &#8226; Tradition und Markt\",\"isPartOf\":{\"@id\":\"https:\\\/\\\/traditionundmarkt.com\\\/hu\\\/#website\"},\"datePublished\":\"2023-07-13T13:53:48+00:00\",\"dateModified\":\"2023-07-17T09:43:26+00:00\",\"breadcrumb\":{\"@id\":\"https:\\\/\\\/traditionundmarkt.com\\\/hu\\\/heinsberg-i-karacsonyi-vasar-es-teli-vasar\\\/jobs-heinsberg\\\/#breadcrumb\"},\"inLanguage\":\"hu\",\"potentialAction\":[{\"@type\":\"ReadAction\",\"target\":[\"https:\\\/\\\/traditionundmarkt.com\\\/hu\\\/heinsberg-i-karacsonyi-vasar-es-teli-vasar\\\/jobs-heinsberg\\\/\"]}]},{\"@type\":\"BreadcrumbList\",\"@id\":\"https:\\\/\\\/traditionundmarkt.com\\\/hu\\\/heinsberg-i-karacsonyi-vasar-es-teli-vasar\\\/jobs-heinsberg\\\/#breadcrumb\",\"itemListElement\":[{\"@type\":\"ListItem\",\"position\":1,\"name\":\"Startseite\",\"item\":\"https:\\\/\\\/traditionundmarkt.com\\\/hu\\\/honlap\\\/\"},{\"@type\":\"ListItem\",\"position\":2,\"name\":\"Kar\u00e1csonyi v\u00e1s\u00e1r Tradition und Markt Heinsberg\",\"item\":\"https:\\\/\\\/traditionundmarkt.com\\\/hu\\\/heinsberg-i-karacsonyi-vasar-es-teli-vasar\\\/\"},{\"@type\":\"ListItem\",\"position\":3,\"name\":\"Jobs Heinsberg\"}]},{\"@type\":\"WebSite\",\"@id\":\"https:\\\/\\\/traditionundmarkt.com\\\/hu\\\/#website\",\"url\":\"https:\\\/\\\/traditionundmarkt.com\\\/hu\\\/\",\"name\":\"Tradition und Markt\",\"description\":\"\",\"publisher\":{\"@id\":\"https:\\\/\\\/traditionundmarkt.com\\\/hu\\\/#organization\"},\"potentialAction\":[{\"@type\":\"SearchAction\",\"target\":{\"@type\":\"EntryPoint\",\"urlTemplate\":\"https:\\\/\\\/traditionundmarkt.com\\\/hu\\\/?s={search_term_string}\"},\"query-input\":{\"@type\":\"PropertyValueSpecification\",\"valueRequired\":true,\"valueName\":\"search_term_string\"}}],\"inLanguage\":\"hu\"},{\"@type\":\"Organization\",\"@id\":\"https:\\\/\\\/traditionundmarkt.com\\\/hu\\\/#organization\",\"name\":\"Tradition und Markt\",\"url\":\"https:\\\/\\\/traditionundmarkt.com\\\/hu\\\/\",\"logo\":{\"@type\":\"ImageObject\",\"inLanguage\":\"hu\",\"@id\":\"https:\\\/\\\/traditionundmarkt.com\\\/hu\\\/#\\\/schema\\\/logo\\\/image\\\/\",\"url\":\"https:\\\/\\\/traditionundmarkt.com\\\/wp-content\\\/uploads\\\/2023\\\/02\\\/Logo-Tradtion-und-Markt-1.webp\",\"contentUrl\":\"https:\\\/\\\/traditionundmarkt.com\\\/wp-content\\\/uploads\\\/2023\\\/02\\\/Logo-Tradtion-und-Markt-1.webp\",\"width\":240,\"height\":239,\"caption\":\"Tradition und Markt\"},\"image\":{\"@id\":\"https:\\\/\\\/traditionundmarkt.com\\\/hu\\\/#\\\/schema\\\/logo\\\/image\\\/\"},\"sameAs\":[\"https:\\\/\\\/www.facebook.com\\\/Tradition-und-Markt-Franchise-107325457788905\",\"https:\\\/\\\/www.instagram.com\\\/tradition_und_markt\\\/\",\"https:\\\/\\\/www.youtube.com\\\/channel\\\/UCW4qQf3iVy3suXbbHzK5_dw\",\"https:\\\/\\\/www.linkedin.com\\\/company\\\/tradition-und-markt-franchise\\\/\"]}]}<\/script>\n<!-- \/ Yoast SEO plugin. -->","yoast_head_json":{"title":"Jobs Heinsberg &#8226; Tradition und Markt","robots":{"index":"index","follow":"follow","max-snippet":"max-snippet:-1","max-image-preview":"max-image-preview:large","max-video-preview":"max-video-preview:-1"},"canonical":"https:\/\/traditionundmarkt.com\/hu\/heinsberg-i-karacsonyi-vasar-es-teli-vasar\/jobs-heinsberg\/","og_locale":"hu_HU","og_type":"article","og_title":"Jobs Heinsberg &#8226; Tradition und Markt","og_description":"Jobs &#8211; Tradition und Markt Heinsberg Tisztelt koll\u00e9ga, \u00d6r\u00f6mmel jelentj\u00fck be, hogy a csod\u00e1latos Heinsbergi Kar\u00e1csonyi V\u00e1s\u00e1ron meg\u00fcresedett helyek vannak a b\u00fcf\u00e9kben \u00e9s a kocsm\u00e1ban. Tempor\u00e1lis vagy teljes munkaid\u0151s munkalehet\u0151s\u00e9get k\u00edn\u00e1lunk vonz\u00f3 munkak\u00f6rnyezetben. Az alkalmaz\u00e1si id\u0151szak november 15-t\u0151l december 31-ig tart, \u00edgy k\u00fcl\u00f6nleges munkatapasztalatban lehet r\u00e9sze a kar\u00e1csonyi \u00fcnnepi id\u0151szakban. N\u00e9metorsz\u00e1g egyik legszebb kar\u00e1csonyi v\u00e1s\u00e1ra, [&hellip;]","og_url":"https:\/\/traditionundmarkt.com\/hu\/heinsberg-i-karacsonyi-vasar-es-teli-vasar\/jobs-heinsberg\/","og_site_name":"Tradition und Markt","article_publisher":"https:\/\/www.facebook.com\/Tradition-und-Markt-Franchise-107325457788905","article_modified_time":"2023-07-17T09:43:26+00:00","twitter_card":"summary_large_image","schema":{"@context":"https:\/\/schema.org","@graph":[{"@type":"WebPage","@id":"https:\/\/traditionundmarkt.com\/hu\/heinsberg-i-karacsonyi-vasar-es-teli-vasar\/jobs-heinsberg\/","url":"https:\/\/traditionundmarkt.com\/hu\/heinsberg-i-karacsonyi-vasar-es-teli-vasar\/jobs-heinsberg\/","name":"Jobs Heinsberg &#8226; Tradition und Markt","isPartOf":{"@id":"https:\/\/traditionundmarkt.com\/hu\/#website"},"datePublished":"2023-07-13T13:53:48+00:00","dateModified":"2023-07-17T09:43:26+00:00","breadcrumb":{"@id":"https:\/\/traditionundmarkt.com\/hu\/heinsberg-i-karacsonyi-vasar-es-teli-vasar\/jobs-heinsberg\/#breadcrumb"},"inLanguage":"hu","potentialAction":[{"@type":"ReadAction","target":["https:\/\/traditionundmarkt.com\/hu\/heinsberg-i-karacsonyi-vasar-es-teli-vasar\/jobs-heinsberg\/"]}]},{"@type":"BreadcrumbList","@id":"https:\/\/traditionundmarkt.com\/hu\/heinsberg-i-karacsonyi-vasar-es-teli-vasar\/jobs-heinsberg\/#breadcrumb","itemListElement":[{"@type":"ListItem","position":1,"name":"Startseite","item":"https:\/\/traditionundmarkt.com\/hu\/honlap\/"},{"@type":"ListItem","position":2,"name":"Kar\u00e1csonyi v\u00e1s\u00e1r Tradition und Markt Heinsberg","item":"https:\/\/traditionundmarkt.com\/hu\/heinsberg-i-karacsonyi-vasar-es-teli-vasar\/"},{"@type":"ListItem","position":3,"name":"Jobs Heinsberg"}]},{"@type":"WebSite","@id":"https:\/\/traditionundmarkt.com\/hu\/#website","url":"https:\/\/traditionundmarkt.com\/hu\/","name":"Tradition und Markt","description":"","publisher":{"@id":"https:\/\/traditionundmarkt.com\/hu\/#organization"},"potentialAction":[{"@type":"SearchAction","target":{"@type":"EntryPoint","urlTemplate":"https:\/\/traditionundmarkt.com\/hu\/?s={search_term_string}"},"query-input":{"@type":"PropertyValueSpecification","valueRequired":true,"valueName":"search_term_string"}}],"inLanguage":"hu"},{"@type":"Organization","@id":"https:\/\/traditionundmarkt.com\/hu\/#organization","name":"Tradition und Markt","url":"https:\/\/traditionundmarkt.com\/hu\/","logo":{"@type":"ImageObject","inLanguage":"hu","@id":"https:\/\/traditionundmarkt.com\/hu\/#\/schema\/logo\/image\/","url":"https:\/\/traditionundmarkt.com\/wp-content\/uploads\/2023\/02\/Logo-Tradtion-und-Markt-1.webp","contentUrl":"https:\/\/traditionundmarkt.com\/wp-content\/uploads\/2023\/02\/Logo-Tradtion-und-Markt-1.webp","width":240,"height":239,"caption":"Tradition und Markt"},"image":{"@id":"https:\/\/traditionundmarkt.com\/hu\/#\/schema\/logo\/image\/"},"sameAs":["https:\/\/www.facebook.com\/Tradition-und-Markt-Franchise-107325457788905","https:\/\/www.instagram.com\/tradition_und_markt\/","https:\/\/www.youtube.com\/channel\/UCW4qQf3iVy3suXbbHzK5_dw","https:\/\/www.linkedin.com\/company\/tradition-und-markt-franchise\/"]}]}},"uagb_featured_image_src":{"full":false,"thumbnail":false,"medium":false,"medium_large":false,"large":false,"1536x1536":false,"2048x2048":false},"uagb_author_info":{"display_name":"ImpactPro","author_link":"https:\/\/traditionundmarkt.com\/hu\/author\/d549d4ea637b0b33\/"},"uagb_comment_info":0,"uagb_excerpt":"Jobs &#8211; Tradition und Markt Heinsberg Tisztelt koll\u00e9ga, \u00d6r\u00f6mmel jelentj\u00fck be, hogy a csod\u00e1latos Heinsbergi Kar\u00e1csonyi V\u00e1s\u00e1ron meg\u00fcresedett helyek vannak a b\u00fcf\u00e9kben \u00e9s a kocsm\u00e1ban. Tempor\u00e1lis vagy teljes munkaid\u0151s munkalehet\u0151s\u00e9get k\u00edn\u00e1lunk vonz\u00f3 munkak\u00f6rnyezetben. Az alkalmaz\u00e1si id\u0151szak november 15-t\u0151l december 31-ig tart, \u00edgy k\u00fcl\u00f6nleges munkatapasztalatban lehet r\u00e9sze a kar\u00e1csonyi \u00fcnnepi id\u0151szakban. N\u00e9metorsz\u00e1g egyik legszebb kar\u00e1csonyi v\u00e1s\u00e1ra,&hellip;","_links":{"self":[{"href":"https:\/\/traditionundmarkt.com\/hu\/wp-json\/wp\/v2\/pages\/2743","targetHints":{"allow":["GET"]}}],"collection":[{"href":"https:\/\/traditionundmarkt.com\/hu\/wp-json\/wp\/v2\/pages"}],"about":[{"href":"https:\/\/traditionundmarkt.com\/hu\/wp-json\/wp\/v2\/types\/page"}],"author":[{"embeddable":true,"href":"https:\/\/traditionundmarkt.com\/hu\/wp-json\/wp\/v2\/users\/1"}],"replies":[{"embeddable":true,"href":"https:\/\/traditionundmarkt.com\/hu\/wp-json\/wp\/v2\/comments?post=2743"}],"version-history":[{"count":5,"href":"https:\/\/traditionundmarkt.com\/hu\/wp-json\/wp\/v2\/pages\/2743\/revisions"}],"predecessor-version":[{"id":2865,"href":"https:\/\/traditionundmarkt.com\/hu\/wp-json\/wp\/v2\/pages\/2743\/revisions\/2865"}],"up":[{"embeddable":true,"href":"https:\/\/traditionundmarkt.com\/hu\/wp-json\/wp\/v2\/pages\/2167"}],"wp:attachment":[{"href":"https:\/\/traditionundmarkt.com\/hu\/wp-json\/wp\/v2\/media?parent=2743"}],"curies":[{"name":"wp","href":"https:\/\/api.w.org\/{rel}","templated":true}]}}