{"version":"1.0","provider_name":"Tradition und Markt","provider_url":"https:\/\/traditionundmarkt.com\/ro\/","author_name":"ImpactPro","author_url":"https:\/\/traditionundmarkt.com\/ro\/author\/d549d4ea637b0b33\/","title":"Bine a\u021bi venit la Tradition und Markt","type":"rich","width":600,"height":338,"html":"<blockquote class=\"wp-embedded-content\" data-secret=\"RNCecPDiCb\"><a href=\"https:\/\/traditionundmarkt.com\/ro\/\">Prima pagin\u0103<\/a><\/blockquote><iframe sandbox=\"allow-scripts\" security=\"restricted\" src=\"https:\/\/traditionundmarkt.com\/ro\/embed\/#?secret=RNCecPDiCb\" width=\"600\" height=\"338\" title=\"&#8222;Prima pagin\u0103&#8221; &#8211; Tradition und Markt\" data-secret=\"RNCecPDiCb\" frameborder=\"0\" marginwidth=\"0\" marginheight=\"0\" scrolling=\"no\" class=\"wp-embedded-content\"><\/iframe><script>\n\/*! This file is auto-generated *\/\n!function(d,l){\"use strict\";l.querySelector&&d.addEventListener&&\"undefined\"!=typeof URL&&(d.wp=d.wp||{},d.wp.receiveEmbedMessage||(d.wp.receiveEmbedMessage=function(e){var t=e.data;if((t||t.secret||t.message||t.value)&&!\/[^a-zA-Z0-9]\/.test(t.secret)){for(var s,r,n,a=l.querySelectorAll('iframe[data-secret=\"'+t.secret+'\"]'),o=l.querySelectorAll('blockquote[data-secret=\"'+t.secret+'\"]'),c=new RegExp(\"^https?:$\",\"i\"),i=0;i<o.length;i++)o[i].style.display=\"none\";for(i=0;i<a.length;i++)s=a[i],e.source===s.contentWindow&&(s.removeAttribute(\"style\"),\"height\"===t.message?(1e3<(r=parseInt(t.value,10))?r=1e3:~~r<200&&(r=200),s.height=r):\"link\"===t.message&&(r=new URL(s.getAttribute(\"src\")),n=new URL(t.value),c.test(n.protocol))&&n.host===r.host&&l.activeElement===s&&(d.top.location.href=t.value))}},d.addEventListener(\"message\",d.wp.receiveEmbedMessage,!1),l.addEventListener(\"DOMContentLoaded\",function(){for(var e,t,s=l.querySelectorAll(\"iframe.wp-embedded-content\"),r=0;r<s.length;r++)(t=(e=s[r]).getAttribute(\"data-secret\"))||(t=Math.random().toString(36).substring(2,12),e.src+=\"#?secret=\"+t,e.setAttribute(\"data-secret\",t)),e.contentWindow.postMessage({message:\"ready\",secret:t},\"*\")},!1)))}(window,document);\n\/\/# sourceURL=https:\/\/traditionundmarkt.com\/wp-includes\/js\/wp-embed.min.js\n<\/script>\n","description":"Conceptul de franciz\u0103 pentru organizarea de t\u00e2rguri \u0219i festivaluri Franciza \"Tradition und Markt\" Pia\u021b\u0103 de Cr\u0103ciun Franciz\u0103 \"Tradition und Markt\" Pia\u021b\u0103 de Cr\u0103ciun Re\u021beta ta pentru succes Te ajut\u0103m s\u0103 po\u021bi organiza u\u0219or un eveniment deosebit la tine \u00een ora\u0219! FLEXIBILITATE \u00ceN","thumbnail_url":"https:\/\/traditionundmarkt.com\/wp-content\/uploads\/2024\/02\/image00007.webp","thumbnail_width":1920,"thumbnail_height":1440}