{"id":1219,"date":"2023-04-27T09:15:29","date_gmt":"2023-04-27T09:15:29","guid":{"rendered":"https:\/\/traditionundmarkt.com\/?page_id=1219"},"modified":"2023-05-02T11:06:09","modified_gmt":"2023-05-02T11:06:09","slug":"politica-de-confidentialitate","status":"publish","type":"page","link":"https:\/\/traditionundmarkt.com\/ro\/politica-de-confidentialitate\/","title":{"rendered":"Politica de confiden\u021bialitate"},"content":{"rendered":"\n<p><strong>Ultima actualizare 27 aprilie 2023<\/strong><\/p>\n\n\n\n<p>Aceast\u0103 notificare de confiden\u021bialitate pentru Sc CTC Tradition und Markt SRL (&#8222;<strong>Compania<\/strong>&#8222;, &#8222;<strong>noi&#8221;, &#8222;noi<\/strong>&#8222;, sau &#8222;<strong>al nostru&#8221;<\/strong>), descrie cum \u0219i de ce am putea colecta, stoca, utiliza \u0219i\/sau partaja (&#8222;<strong>procesa<\/strong>&#8222;) informa\u021biile dvs. atunci c\u00e2nd utiliza\u021bi serviciile noastre (&#8222;<strong>Serviciile<\/strong>&#8222;), cum ar fi atunci c\u00e2nd:<\/p>\n\n\n\n<ul class=\"wp-block-list\">\n<li>Vizita\u021bi site-ul nostru web la adresa <a href=\"https:\/\/traditionundmarkt.com\/\">https:\/\/traditionundmarkt.com<\/a> sau orice alt site web al nostru care are un link c\u0103tre acest aviz de confiden\u021bialitate.<\/li>\n\n\n\n<li>Implicarea cu noi \u00een alte moduri conexe, inclusiv orice v\u00e2nz\u0103ri, marketing sau evenimente<\/li>\n<\/ul>\n\n\n\n<p><strong>\u00centreb\u0103ri sau preocup\u0103ri? <\/strong>Citirea acestei notific\u0103ri privind confiden\u021bialitatea v\u0103 va ajuta s\u0103 v\u0103 \u00een\u021belege\u021bi drepturile \u0219i op\u021biunile privind confiden\u021bialitatea. Dac\u0103 nu sunte\u021bi de acord cu politicile \u0219i practicile noastre, v\u0103 rug\u0103m s\u0103 nu utiliza\u021bi serviciile noastre. Dac\u0103 ave\u021bi \u00een continuare \u00eentreb\u0103ri sau nel\u0103muriri, v\u0103 rug\u0103m s\u0103 ne contacta\u021bi la office@traditionundmarkt.com.<\/p>\n\n\n\n<p><strong>REZUMATUL PUNCTELOR-CHEIE<\/strong><\/p>\n\n\n\n<p><strong><em>Acest rezumat prezint\u0103 punctele cheie din notificarea noastr\u0103 privind confiden\u021bialitatea, dar pute\u021bi afla mai multe detalii despre oricare dintre aceste subiecte f\u0103c\u00e2nd clic pe linkul care urmeaz\u0103 fiec\u0103rui punct cheie sau utiliz\u00e2nd cuprinsul de mai jos pentru a g\u0103si sec\u021biunea pe care o c\u0103uta\u021bi.<\/em><\/strong><\/p>\n\n\n\n<p><strong>Ce informa\u021bii personale prelucr\u0103m? Atunci c\u00e2nd <\/strong>vizita\u021bi, utiliza\u021bi sau naviga\u021bi prin Serviciile noastre, putem prelucra informa\u021bii personale \u00een func\u021bie de modul \u00een care interac\u021biona\u021bi cu Sc CTC Tradition und Markt SRL SRL \u0219i Serviciile, de alegerile pe care le face\u021bi \u0219i de produsele \u0219i caracteristicile pe care le utiliza\u021bi.<\/p>\n\n\n\n<p><strong>Prelucr\u0103m informa\u021bii personale sensibile?<\/strong> Nu prelucr\u0103m informa\u021bii personale sensibile.<\/p>\n\n\n\n<p><strong>Primim informa\u021bii de la ter\u021be p\u0103r\u021bi?<\/strong> Nu primim nicio informa\u021bie de la ter\u021bi.<\/p>\n\n\n\n<p><strong>Cum proces\u0103m informa\u021biile dumneavoastr\u0103?<\/strong> Prelucr\u0103m informa\u021biile dvs. pentru a furniza, \u00eembun\u0103t\u0103\u021bi \u0219i administra Serviciile noastre, pentru a comunica cu dvs., pentru securitate \u0219i prevenirea fraudei \u0219i pentru a respecta legea. De asemenea, putem prelucra informa\u021biile dvs. \u00een alte scopuri, cu acordul dvs. Prelucr\u0103m informa\u021biile dvs. numai atunci c\u00e2nd avem un motiv legal valabil pentru a face acest lucru.<\/p>\n\n\n\n<p><strong>\u00cen ce situa\u021bii \u0219i cu ce p\u0103r\u021bi \u00eemp\u0103rt\u0103\u0219im informa\u021biile personale?<\/strong> Putem partaja informa\u021bii \u00een anumite situa\u021bii \u0219i cu anumite p\u0103r\u021bi ter\u021be.<\/p>\n\n\n\n<p><strong>Cum p\u0103str\u0103m informa\u021biile dumneavoastr\u0103 \u00een siguran\u021b\u0103? <\/strong>Dispunem de procese \u0219i proceduri organiza\u021bionale \u0219i tehnice pentru a v\u0103 proteja informa\u021biile personale. Cu toate acestea, nicio transmisie electronic\u0103 pe internet sau tehnologie de stocare a informa\u021biilor nu poate fi garantat\u0103 ca fiind 100% sigur\u0103, astfel \u00eenc\u00e2t nu putem promite sau garanta c\u0103 hackerii, infractorii cibernetici sau alte p\u0103r\u021bi ter\u021be neautorizate nu vor putea s\u0103 ne \u00eenving\u0103 securitatea \u0219i s\u0103 colecteze, s\u0103 acceseze, s\u0103 fure sau s\u0103 modifice \u00een mod necorespunz\u0103tor informa\u021biile dumneavoastr\u0103.<\/p>\n\n\n\n<p><strong>Care sunt drepturile dumneavoastr\u0103?<\/strong> \u00cen func\u021bie de locul \u00een care v\u0103 afla\u021bi din punct de vedere geografic, legea aplicabil\u0103 \u00een materie de confiden\u021bialitate poate \u00eensemna c\u0103 ave\u021bi anumite drepturi \u00een ceea ce prive\u0219te informa\u021biile dumneavoastr\u0103 personale.<\/p>\n\n\n\n<p><strong>Cum v\u0103 exercita\u021bi drepturile? Cel <\/strong>mai simplu mod de a v\u0103 exercita drepturile este prin completarea formularului nostru de solicitare a persoanei vizate, disponibil aici: <a href=\"https:\/\/traditionundmarkt.com\">https:\/\/traditionundmarkt.com<\/a>, sau prin contactarea noastr\u0103. Vom lua \u00een considerare \u0219i vom da curs oric\u0103rei solicit\u0103ri \u00een conformitate cu legile aplicabile privind protec\u021bia datelor.<\/p>\n\n\n\n<p>Dori\u021bi s\u0103 afla\u021bi mai multe despre ce face Sc CTC Tradition und Markt SRL SRL cu informa\u021biile pe care le colect\u0103m?<\/p>\n\n\n\n<p><strong>1. CE INFORMA\u021aII COLECT\u0102M?<\/strong><\/p>\n\n\n\n<p><strong>Informa\u021bii personale pe care ni le dezv\u0103lui\u021bi<\/strong><\/p>\n\n\n\n<p><strong><em>Pe scurt: <\/em><\/strong><em>Colect\u0103m informa\u021biile personale pe care ni le furniza\u021bi.<\/em><\/p>\n\n\n\n<p>Colect\u0103m informa\u021bii personale pe care ni le furniza\u021bi \u00een mod voluntar atunci c\u00e2nd v\u0103 exprima\u021bi interesul de a ob\u021bine informa\u021bii despre noi sau despre produsele \u0219i serviciile noastre, atunci c\u00e2nd participa\u021bi la activit\u0103\u021bi \u00een cadrul Serviciilor sau \u00een alt mod atunci c\u00e2nd ne contacta\u021bi.<\/p>\n\n\n\n<p><strong>Informa\u021bii personale furnizate de dumneavoastr\u0103.<\/strong> Informa\u021biile personale pe care le colect\u0103m depind de contextul interac\u021biunilor dvs. cu noi \u0219i cu Serviciile, de alegerile pe care le face\u021bi \u0219i de produsele \u0219i caracteristicile pe care le utiliza\u021bi. Informa\u021biile personale pe care le colect\u0103m pot include urm\u0103toarele:<\/p>\n\n\n\n<ul class=\"wp-block-list\">\n<li>nume<\/li>\n\n\n\n<li>adrese de e-mail<\/li>\n\n\n\n<li>numere de telefon<\/li>\n<\/ul>\n\n\n\n<p><strong>Informa\u021bii sensibile.<\/strong> Nu prelucr\u0103m informa\u021bii sensibile.<\/p>\n\n\n\n<p>Toate informa\u021biile personale pe care ni le furniza\u021bi trebuie s\u0103 fie adev\u0103rate, complete \u0219i exacte \u0219i trebuie s\u0103 ne notifica\u021bi orice modificare a acestor informa\u021bii personale.<\/p>\n\n\n\n<p><strong>Informa\u021bii colectate automat<\/strong><\/p>\n\n\n\n<p><strong><em>Pe scurt<\/em><\/strong><em>: Unele informa\u021bii &#8211; cum ar fi adresa dumneavoastr\u0103 de protocol Internet (IP) \u0219i\/sau caracteristicile browserului \u0219i ale dispozitivului &#8211; sunt colectate automat atunci c\u00e2nd vizita\u021bi Serviciile noastre.<\/em><\/p>\n\n\n\n<p>Colect\u0103m \u00een mod automat anumite informa\u021bii atunci c\u00e2nd vizita\u021bi, utiliza\u021bi sau naviga\u021bi prin Servicii. Aceste informa\u021bii nu dezv\u0103luie identitatea dvs. specific\u0103 (cum ar fi numele dvs. sau informa\u021biile de contact), dar pot include informa\u021bii despre dispozitiv \u0219i utilizare, cum ar fi adresa IP, caracteristicile browserului \u0219i ale dispozitivului, sistemul de operare, preferin\u021bele lingvistice, URL-urile de trimitere, numele dispozitivului, \u021bara, loca\u021bia, informa\u021bii despre cum \u0219i c\u00e2nd utiliza\u021bi Serviciile noastre \u0219i alte informa\u021bii tehnice. Aceste informa\u021bii sunt necesare \u00een primul r\u00e2nd pentru a men\u021bine securitatea \u0219i func\u021bionarea Serviciilor noastre, precum \u0219i \u00een scopuri interne de analiz\u0103 \u0219i raportare.<\/p>\n\n\n\n<p>La fel ca multe \u00eentreprinderi, colect\u0103m informa\u021bii \u0219i prin intermediul cookie-urilor \u0219i al altor tehnologii similare. Pute\u021bi afla mai multe despre acest lucru \u00een Notificarea noastr\u0103 privind cookie-urile: <a href=\"https:\/\/traditionundmarkt.com\/ro\/politica-cookies\/\">https:\/\/traditionundmarkt.com\/ro\/politica-cookies<\/a>.<\/p>\n\n\n\n<p>Informa\u021biile pe care le colect\u0103m includ:<\/p>\n\n\n\n<ul class=\"wp-block-list\">\n<li><em>Date de jurnal \u0219i de utilizare.<\/em> Datele de jurnal \u0219i de utilizare sunt informa\u021bii legate de servicii, de diagnosticare, de utilizare \u0219i de performan\u021b\u0103 pe care serverele noastre le colecteaz\u0103 automat atunci c\u00e2nd accesa\u021bi sau utiliza\u021bi Serviciile noastre \u0219i pe care le \u00eenregistr\u0103m \u00een fi\u0219iere jurnal. \u00cen func\u021bie de modul \u00een care interac\u021biona\u021bi cu noi, aceste date de jurnal pot include adresa dumneavoastr\u0103 IP, informa\u021bii despre dispozitiv, tipul de browser \u0219i set\u0103rile \u0219i informa\u021bii despre activitatea dumneavoastr\u0103 \u00een cadrul Serviciilor (cum ar fi \u0219tampilele de dat\u0103\/ora asociate cu utilizarea dumneavoastr\u0103, paginile \u0219i fi\u0219ierele vizualizate, c\u0103ut\u0103rile \u0219i alte ac\u021biuni pe care le \u00eentreprinde\u021bi, cum ar fi func\u021biile pe care le utiliza\u021bi), informa\u021bii despre evenimente ale dispozitivului (cum ar fi activitatea sistemului, rapoarte de eroare (denumite uneori &#8222;crash dumps&#8221;) \u0219i set\u0103rile hardware).<\/li>\n\n\n\n<li><em>Datele dispozitivului.<\/em> Colect\u0103m date despre dispozitiv, cum ar fi informa\u021bii despre computerul, telefonul, tableta sau alt dispozitiv pe care \u00eel utiliza\u021bi pentru a accesa Serviciile. \u00cen func\u021bie de dispozitivul utilizat, aceste date despre dispozitiv pot include informa\u021bii cum ar fi adresa IP (sau serverul proxy), numerele de identificare ale dispozitivului \u0219i ale aplica\u021biei, loca\u021bia, tipul de browser, modelul de hardware, furnizorul de servicii de internet \u0219i\/sau operatorul de telefonie mobil\u0103, sistemul de operare \u0219i informa\u021bii despre configura\u021bia sistemului.<\/li>\n\n\n\n<li><em>Date de localizare.<\/em> Colect\u0103m date de localizare, cum ar fi informa\u021bii despre loca\u021bia dispozitivului dumneavoastr\u0103, care pot fi precise sau imprecise. Cantitatea de informa\u021bii pe care le colect\u0103m depinde de tipul \u0219i set\u0103rile dispozitivului pe care \u00eel utiliza\u021bi pentru a accesa Serviciile. De exemplu, putem utiliza GPS \u0219i alte tehnologii pentru a colecta date de geolocalizare care ne indic\u0103 loca\u021bia dvs. curent\u0103 (pe baza adresei dvs. IP). Pute\u021bi opta s\u0103 nu ne permite\u021bi s\u0103 colect\u0103m aceste informa\u021bii fie prin refuzarea accesului la informa\u021bii, fie prin dezactivarea set\u0103rii de localizare de pe dispozitivul dvs. Cu toate acestea, dac\u0103 alege\u021bi s\u0103 renun\u021ba\u021bi la aceast\u0103 op\u021biune, este posibil s\u0103 nu pute\u021bi utiliza anumite aspecte ale Serviciilor.<\/li>\n<\/ul>\n\n\n\n<p><strong>2. CUM PRELUCR\u0102M INFORMA\u021aIILE DUMNEAVOASTR\u0102?<\/strong><\/p>\n\n\n\n<p><strong><em>Pe scurt: <\/em><\/strong><em>Prelucr\u0103m informa\u021biile dvs. pentru a furniza, \u00eembun\u0103t\u0103\u021bi \u0219i administra Serviciile noastre, pentru a comunica cu dvs., pentru securitate \u0219i prevenirea fraudei \u0219i pentru a respecta legea. De asemenea, putem prelucra informa\u021biile dvs. \u00een alte scopuri, cu acordul dvs.<\/em><\/p>\n\n\n\n<p><strong>Prelucr\u0103m informa\u021biile dvs. personale pentru o varietate de motive, \u00een func\u021bie de modul \u00een care interac\u021biona\u021bi cu Serviciile noastre, inclusiv:<\/strong><\/p>\n\n\n\n<ul class=\"wp-block-list\">\n<li><strong>Pentru a furniza \u0219i a facilita furnizarea de servicii c\u0103tre utilizator. <\/strong>Putem prelucra informa\u021biile dvs. pentru a v\u0103 furniza serviciul solicitat.<\/li>\n\n\n\n<li><strong>Pentru a r\u0103spunde la solicit\u0103rile utilizatorilor\/oferirea de asisten\u021b\u0103 utilizatorilor. <\/strong>Putem prelucra informa\u021biile dvs. pentru a r\u0103spunde la solicit\u0103rile dvs. \u0219i pentru a rezolva eventualele probleme pe care le-a\u021bi putea avea cu serviciul solicitat.<\/li>\n\n\n\n<li><strong>Pentru a salva sau a proteja un interes vital al unei persoane.<\/strong> Putem prelucra informa\u021biile dvs. atunci c\u00e2nd este necesar pentru a salva sau proteja interesul vital al unei persoane, cum ar fi prevenirea unui prejudiciu.<\/li>\n<\/ul>\n\n\n\n<p><strong>3. PE CE TEMEIURI JURIDICE NE BAZ\u0102M PENTRU A PRELUCRA INFORMA\u021aIILE DUMNEAVOASTR\u0102?<\/strong><\/p>\n\n\n\n<p><strong><em>Pe scurt: <\/em><\/strong><em>Prelucr\u0103m informa\u021biile dvs. personale numai atunci c\u00e2nd consider\u0103m c\u0103 este necesar \u0219i avem un motiv legal valabil (adic\u0103 un temei juridic) pentru a face acest lucru \u00een conformitate cu legisla\u021bia aplicabil\u0103, cum ar fi cu consim\u021b\u0103m\u00e2ntul dvs., pentru a respecta legile, pentru a v\u0103 furniza servicii pentru a ne \u00eencheia sau a ne \u00eendeplini obliga\u021biile contractuale, pentru a v\u0103 proteja drepturile sau pentru a ne \u00eendeplini interesele comerciale legitime.<\/em><\/p>\n\n\n\n<p>Regulamentul general privind protec\u021bia datelor (GDPR) \u0219i GDPR din Regatul Unit ne cer s\u0103 explic\u0103m bazele legale valide pe care ne baz\u0103m pentru a prelucra informa\u021biile dvs. personale. Ca atare, ne putem baza pe urm\u0103toarele temeiuri juridice pentru a prelucra informa\u021biile dvs. personale:<\/p>\n\n\n\n<ul class=\"wp-block-list\">\n<li><strong>Consim\u021b\u0103m\u00e2nt. <\/strong>Putem prelucra informa\u021biile dvs. dac\u0103 ne-a\u021bi dat permisiunea (adic\u0103 acordul) de a utiliza informa\u021biile dvs. personale \u00eentr-un anumit scop. V\u0103 pute\u021bi retrage consim\u021b\u0103m\u00e2ntul \u00een orice moment.<\/li>\n\n\n\n<li><strong>Executarea unui contract.<\/strong> Putem prelucra informa\u021biile dvs. personale atunci c\u00e2nd consider\u0103m c\u0103 este necesar pentru a ne \u00eendeplini obliga\u021biile contractuale fa\u021b\u0103 de dvs., inclusiv furnizarea serviciilor noastre sau la cererea dvs. \u00eenainte de a \u00eencheia un contract cu dvs.<\/li>\n\n\n\n<li><strong>Obliga\u021biile legale.<\/strong> Putem prelucra informa\u021biile dvs. atunci c\u00e2nd consider\u0103m c\u0103 este necesar pentru respectarea obliga\u021biilor noastre legale, cum ar fi pentru a coopera cu un organism de aplicare a legii sau cu o agen\u021bie de reglementare, pentru a ne exercita sau a ne ap\u0103ra drepturile legale sau pentru a dezv\u0103lui informa\u021biile dvs. ca dovad\u0103 \u00een cadrul unui litigiu \u00een care suntem implica\u021bi.<\/li>\n\n\n\n<li><strong>Interese vitale.<\/strong> Putem prelucra informa\u021biile dvs. atunci c\u00e2nd consider\u0103m c\u0103 este necesar pentru a v\u0103 proteja interesele vitale sau interesele vitale ale unei ter\u021be p\u0103r\u021bi, cum ar fi situa\u021biile care implic\u0103 poten\u021biale amenin\u021b\u0103ri la adresa siguran\u021bei oric\u0103rei persoane.<\/li>\n<\/ul>\n\n\n\n<p><strong>4. C\u00c2ND \u0218I CU CINE \u00ceMP\u0102RT\u0102\u0218IM INFORMA\u021aIILE DVS. PERSONALE?<\/strong><\/p>\n\n\n\n<p><strong><em>Pe scurt: <\/em><\/strong><em>Putem partaja informa\u021bii \u00een situa\u021biile specifice descrise \u00een aceast\u0103 sec\u021biune \u0219i\/sau cu urm\u0103toarele ter\u021be p\u0103r\u021bi.<\/em><\/p>\n\n\n\n<p>Este posibil s\u0103 fie nevoie s\u0103 \u00eemp\u0103rt\u0103\u0219im informa\u021biile dvs. personale \u00een urm\u0103toarele situa\u021bii:<\/p>\n\n\n\n<ul class=\"wp-block-list\">\n<li><strong>Transferuri de \u00eentreprinderi.<\/strong> Este posibil s\u0103 \u00eemp\u0103rt\u0103\u0219im sau s\u0103 transfer\u0103m informa\u021biile dvs. \u00een leg\u0103tur\u0103 cu, sau \u00een timpul negocierilor pentru, orice fuziune, v\u00e2nzare de active ale companiei, finan\u021bare sau achizi\u021bie a \u00eentregii sau a unei p\u0103r\u021bi din afacerea noastr\u0103 c\u0103tre o alt\u0103 companie.<\/li>\n<\/ul>\n\n\n\n<p><strong>5. FOLOSIM COOKIE-URI \u0218I ALTE TEHNOLOGII DE URM\u0102RIRE?<\/strong><\/p>\n\n\n\n<p><strong><em>Pe scurt: Este <\/em><\/strong><em>posibil s\u0103 folosim module cookie \u0219i alte tehnologii de urm\u0103rire pentru a colecta \u0219i stoca informa\u021biile dumneavoastr\u0103.<\/em><\/p>\n\n\n\n<p>Este posibil s\u0103 folosim cookie-uri \u0219i tehnologii de urm\u0103rire similare (cum ar fi balize web \u0219i pixeli) pentru a accesa sau stoca informa\u021bii. Informa\u021bii specifice despre modul \u00een care folosim astfel de tehnologii \u0219i despre cum pute\u021bi refuza anumite cookie-uri sunt prezentate \u00een Notificarea noastr\u0103 privind cookie-urile: <a href=\"https:\/\/traditionundmarkt.com\/ro\/politica-cookies\/\">https:\/\/traditionundmarkt.com\/ro\/politica-cookies<\/a>.<\/p>\n\n\n\n<p><strong>6. C\u00c2T TIMP P\u0102STR\u0102M INFORMA\u021aIILE DUMNEAVOASTR\u0102?<\/strong><\/p>\n\n\n\n<p><strong><em>Pe scurt: <\/em><\/strong><em>P\u0103str\u0103m informa\u021biile dvs. at\u00e2t timp c\u00e2t este necesar pentru a \u00eendeplini scopurile descrise \u00een aceast\u0103 not\u0103 de confiden\u021bialitate, cu excep\u021bia cazului \u00een care legea prevede altfel.<\/em><\/p>\n\n\n\n<p>Vom p\u0103stra informa\u021biile dvs. personale doar at\u00e2t timp c\u00e2t este necesar pentru scopurile stabilite \u00een aceast\u0103 not\u0103 de confiden\u021bialitate, cu excep\u021bia cazului \u00een care o perioad\u0103 de p\u0103strare mai lung\u0103 este cerut\u0103 sau permis\u0103 de lege (cum ar fi cerin\u021bele fiscale, contabile sau alte cerin\u021be legale). Niciun scop din aceast\u0103 notificare nu va necesita p\u0103strarea informa\u021biilor dvs. personale pentru o perioad\u0103 mai mare de 1 an.<\/p>\n\n\n\n<p>\u00cen cazul \u00een care nu mai avem nicio necesitate comercial\u0103 legitim\u0103 de a prelucra informa\u021biile dvs. personale, vom \u0219terge sau anonimiza astfel de informa\u021bii sau, dac\u0103 acest lucru nu este posibil (de exemplu, deoarece informa\u021biile dvs. personale au fost stocate \u00een arhive de rezerv\u0103), atunci vom stoca \u00een siguran\u021b\u0103 informa\u021biile dvs. personale \u0219i le vom izola de orice prelucrare ulterioar\u0103 p\u00e2n\u0103 c\u00e2nd va fi posibil\u0103 \u0219tergerea lor.<\/p>\n\n\n\n<p><strong>7. CUM P\u0102STR\u0102M INFORMA\u021aIILE DUMNEAVOASTR\u0102 \u00ceN SIGURAN\u021a\u0102?<\/strong><\/p>\n\n\n\n<p><strong><em>Pe scurt: <\/em><\/strong><em>Ne propunem s\u0103 protej\u0103m informa\u021biile dvs. personale printr-un sistem de m\u0103suri de securitate organiza\u021bionale \u0219i tehnice.<\/em><\/p>\n\n\n\n<p>Am implementat m\u0103suri de securitate tehnice \u0219i organizatorice adecvate \u0219i rezonabile menite s\u0103 protejeze securitatea tuturor informa\u021biilor personale pe care le prelucr\u0103m. Cu toate acestea, \u00een ciuda m\u0103surilor de protec\u021bie \u0219i a eforturilor noastre de a v\u0103 securiza informa\u021biile, nicio transmisie electronic\u0103 pe internet sau tehnologie de stocare a informa\u021biilor nu poate fi garantat\u0103 ca fiind 100% sigur\u0103, astfel \u00eenc\u00e2t nu putem promite sau garanta c\u0103 hackerii, infractorii cibernetici sau alte p\u0103r\u021bi ter\u021be neautorizate nu vor reu\u0219i s\u0103 ne \u00eenving\u0103 securitatea \u0219i s\u0103 colecteze, s\u0103 acceseze, s\u0103 fure sau s\u0103 modifice \u00een mod necorespunz\u0103tor informa\u021biile dumneavoastr\u0103. De\u0219i vom face tot ce ne st\u0103 \u00een putin\u021b\u0103 pentru a v\u0103 proteja informa\u021biile personale, transmiterea de informa\u021bii personale c\u0103tre \u0219i de la Serviciile noastre se face pe propriul dvs. risc. Ar trebui s\u0103 accesa\u021bi Serviciile doar \u00eentr-un mediu securizat.<\/p>\n\n\n\n<p><strong>8. COLECT\u0102M INFORMA\u021aII DE LA MINORI?<\/strong><\/p>\n\n\n\n<p><strong><em>Pe scurt: <\/em><\/strong><em>Nu colect\u0103m cu bun\u0103 \u0219tiin\u021b\u0103 date de la copii cu v\u00e2rsta sub 18 ani \u0219i nu ne adres\u0103m copiilor cu v\u00e2rsta sub 18 ani.<\/em><\/p>\n\n\n\n<p>Nu solicit\u0103m cu bun\u0103 \u0219tiin\u021b\u0103 date de la sau nu comercializ\u0103m c\u0103tre copii cu v\u00e2rsta sub 18 ani. Prin utilizarea Serviciilor, declara\u021bi c\u0103 ave\u021bi cel pu\u021bin 18 ani sau c\u0103 sunte\u021bi p\u0103rintele sau tutorele unui astfel de minor \u0219i c\u0103 sunte\u021bi de acord cu utilizarea Serviciilor de c\u0103tre un astfel de minor dependent. \u00cen cazul \u00een care afl\u0103m c\u0103 au fost colectate informa\u021bii personale de la utilizatori cu v\u00e2rsta mai mic\u0103 de 18 ani, vom dezactiva contul \u0219i vom lua m\u0103suri rezonabile pentru a \u0219terge imediat aceste date din eviden\u021bele noastre. Dac\u0103 lua\u021bi cuno\u0219tin\u021b\u0103 de orice date pe care le-am colectat de la copii cu v\u00e2rsta sub 18 ani, v\u0103 rug\u0103m s\u0103 ne contacta\u021bi la office@traditionundmarkt.com.<\/p>\n\n\n\n<p><strong>9. CARE SUNT DREPTURILE DUMNEAVOASTR\u0102 LA CONFIDEN\u021aIALITATE?<\/strong><\/p>\n\n\n\n<p><strong><em>Pe scurt: <\/em><\/strong><em>\u00cen unele regiuni, cum ar fi Spa\u021biul Economic European (SEE) \u0219i Regatul Unit (UK), ave\u021bi drepturi care v\u0103 permit un acces \u0219i un control mai mare asupra informa\u021biilor dumneavoastr\u0103 personale. Pute\u021bi revizui, modifica sau \u00eenchide contul dvs. \u00een orice moment.<\/em><\/p>\n\n\n\n<p>\u00cen unele regiuni (cum ar fi SEE \u0219i Regatul Unit), ave\u021bi anumite drepturi \u00een temeiul legilor aplicabile privind protec\u021bia datelor. Acestea pot include dreptul (i) de a solicita accesul \u0219i de a ob\u021bine o copie a informa\u021biilor dvs. personale, (ii) de a solicita rectificarea sau \u0219tergerea; (iii) de a restric\u021biona prelucrarea informa\u021biilor dvs. personale; \u0219i (iv) dac\u0103 este cazul, la portabilitatea datelor. \u00cen anumite circumstan\u021be, este posibil s\u0103 ave\u021bi, de asemenea, dreptul de a v\u0103 opune prelucr\u0103rii informa\u021biilor dvs. personale. Pute\u021bi face o astfel de solicitare contact\u00e2ndu-ne prin intermediul detaliilor de contact furnizate \u00een sec\u021biunea &#8222;CUM NE PUTE\u021aI CONTACTA CU PRIVIRE LA PREZENTA NOTIFICARE?&#8221; de mai jos.<\/p>\n\n\n\n<p>Vom lua \u00een considerare \u0219i vom da curs oric\u0103rei solicit\u0103ri \u00een conformitate cu legile aplicabile privind protec\u021bia datelor.<\/p>\n\n\n\n<p>Dac\u0103 v\u0103 afla\u021bi \u00een SEE sau \u00een Regatul Unit \u0219i considera\u021bi c\u0103 v\u0103 prelucr\u0103m ilegal informa\u021biile personale, ave\u021bi dreptul de a depune o pl\u00e2ngere la autoritatea local\u0103 de supraveghere a protec\u021biei datelor. Pute\u021bi g\u0103si datele de contact ale acesteia aici: <a href=\"https:\/\/ec.europa.eu\/justice\/data-protection\/bodies\/authorities\/index_en.htm\" target=\"_blank\" rel=\"noreferrer noopener\">https:\/\/ec.europa.eu\/justice\/data-protection\/bodies\/authorities\/index_en.htm<\/a>.<\/p>\n\n\n\n<p>Dac\u0103 v\u0103 afla\u021bi \u00een Elve\u021bia, datele de contact ale autorit\u0103\u021bilor de protec\u021bie a datelor sunt disponibile aici: <a href=\"https:\/\/www.edoeb.admin.ch\/edoeb\/en\/home.html\" target=\"_blank\" rel=\"noreferrer noopener\">https:\/\/www.edoeb.admin.ch\/edoeb\/en\/home.html<\/a>.<\/p>\n\n\n\n<p><strong><u>Retragerea consim\u021b\u0103m\u00e2ntului dumneavoastr\u0103:<\/u><\/strong> \u00cen cazul \u00een care ne baz\u0103m pe consim\u021b\u0103m\u00e2ntul dumneavoastr\u0103 pentru a v\u0103 prelucra informa\u021biile personale, ave\u021bi dreptul de a v\u0103 retrage consim\u021b\u0103m\u00e2ntul \u00een orice moment. V\u0103 pute\u021bi retrage consim\u021b\u0103m\u00e2ntul \u00een orice moment, contact\u00e2ndu-ne prin intermediul detaliilor de contact furnizate \u00een sec\u021biunea &#8222;CUM NE PUTE\u021aI CONTACTA CU PRIVIRE LA ACEST ANUN\u021a?&#8221; de mai jos.<\/p>\n\n\n\n<p>Cu toate acestea, v\u0103 rug\u0103m s\u0103 re\u021bine\u021bi c\u0103 acest lucru nu va afecta legalitatea prelucr\u0103rii \u00eenainte de retragerea acesteia \u0219i nici nu va afecta prelucrarea informa\u021biilor dvs. cu caracter personal efectuat\u0103 pe baza unor motive legale de prelucrare, altele dec\u00e2t consim\u021b\u0103m\u00e2ntul.<\/p>\n\n\n\n<p><strong><u>Renun\u021barea la comunic\u0103rile promo\u021bionale \u0219i de marketing: <\/u><\/strong>V\u0103 pute\u021bi dezabona de la comunic\u0103rile noastre promo\u021bionale \u0219i de marketing \u00een orice moment, f\u0103c\u00e2nd clic pe linkul de dezabonare din e-mailurile pe care le trimitem, r\u0103spunz\u00e2nd &#8222;STOP&#8221; sau &#8222;UNSUBSCRIBE&#8221; la mesajele SMS pe care le trimitem sau contact\u00e2ndu-ne folosind detaliile furnizate \u00een sec\u021biunea &#8222;CUM NE PO\u021aI CONTACTA \u00ceN LEG\u0102TUR\u0102 CU ACEST ANUN\u021a?&#8221; de mai jos. \u00cen acest caz, ve\u021bi fi eliminat de pe listele de marketing. Cu toate acestea, este posibil s\u0103 continu\u0103m s\u0103 comunic\u0103m cu dvs. &#8211; de exemplu, pentru a v\u0103 trimite mesaje legate de servicii care sunt necesare pentru administrarea \u0219i utilizarea contului dvs., pentru a r\u0103spunde la cererile de servicii sau \u00een alte scopuri care nu \u021bin de marketing.<\/p>\n\n\n\n<p><strong><u>Cookie-uri \u0219i tehnologii similare:<\/u><\/strong> Majoritatea browserelor web sunt setate s\u0103 accepte cookie-uri \u00een mod implicit. Dac\u0103 prefera\u021bi, pute\u021bi alege, de obicei, s\u0103 v\u0103 seta\u021bi browserul pentru a elimina cookie-urile \u0219i pentru a le respinge. Dac\u0103 alege\u021bi s\u0103 elimina\u021bi cookie-urile sau s\u0103 le respinge\u021bi, acest lucru ar putea afecta anumite caracteristici sau servicii ale Serviciilor noastre. Pentru a renun\u021ba la publicitatea bazat\u0103 pe interese din partea agen\u021bilor de publicitate de pe Serviciile noastre, vizita\u021bi <a href=\"https:\/\/www.aboutads.info\/choices\/\" target=\"_blank\" rel=\"noreferrer noopener nofollow\">https:\/\/www.aboutads.info\/choices\/<\/a>. Pentru informa\u021bii suplimentare, consulta\u021bi Notificarea noastr\u0103 privind cookie-urile: <a href=\"https:\/\/www.oliveria.eu\/cookie-policy\"><a href=\"https:\/\/traditionundmarkt.com\/ro\/politica-cookies\/\">https:\/\/traditionundmarkt.com\/ro\/politica-cookies<\/a><\/a>.<\/p>\n\n\n\n<p>Dac\u0103 ave\u021bi \u00eentreb\u0103ri sau comentarii cu privire la drepturile dumneavoastr\u0103 de confiden\u021bialitate, ne pute\u021bi trimite un e-mail la office@traditionundmarkt.com.<\/p>\n\n\n\n<p><strong>10. COMENZI PENTRU FUNC\u021aIILE &#8222;DO-NOT-TRACK<\/strong><\/p>\n\n\n\n<p>Majoritatea browserelor web \u0219i unele sisteme de operare \u0219i aplica\u021bii mobile includ o func\u021bie sau o setare Do-Not-Track (&#8222;DNT&#8221;) pe care o pute\u021bi activa pentru a v\u0103 semnala preferin\u021ba de confiden\u021bialitate de a nu fi monitorizate \u0219i colectate date despre activit\u0103\u021bile dvs. de navigare online. \u00cen acest stadiu, nu a fost finalizat niciun standard tehnologic uniform pentru recunoa\u0219terea \u0219i implementarea semnalelor DNT. Prin urmare, \u00een prezent nu r\u0103spundem la semnalele DNT ale browserului sau la orice alt mecanism care comunic\u0103 \u00een mod automat op\u021biunea dumneavoastr\u0103 de a nu fi urm\u0103rit online. \u00cen cazul \u00een care se adopt\u0103 un standard pentru urm\u0103rirea online pe care trebuie s\u0103 \u00eel respect\u0103m \u00een viitor, v\u0103 vom informa cu privire la aceast\u0103 practic\u0103 \u00eentr-o versiune revizuit\u0103 a acestei notific\u0103ri de confiden\u021bialitate.<\/p>\n\n\n\n<p><strong>11. REZIDEN\u021aII DIN CALIFORNIA AU DREPTURI SPECIFICE DE CONFIDEN\u021aIALITATE?<\/strong><\/p>\n\n\n\n<p><strong><em>Pe scurt: <\/em><\/strong><em>Da, dac\u0103 sunte\u021bi rezident al Californiei, vi se acord\u0103 drepturi specifice \u00een ceea ce prive\u0219te accesul la informa\u021biile dumneavoastr\u0103 personale.<\/em><\/p>\n\n\n\n<p>Sec\u021biunea 1798.83 din Codul civil al Californiei, cunoscut\u0103 \u0219i sub numele de legea &#8222;Shine The Light&#8221;, permite utilizatorilor no\u0219tri care sunt reziden\u021bi \u00een California s\u0103 solicite \u0219i s\u0103 ob\u021bin\u0103 de la noi, o dat\u0103 pe an \u0219i gratuit, informa\u021bii despre categoriile de informa\u021bii personale (dac\u0103 exist\u0103) pe care le-am dezv\u0103luit unor ter\u021bi \u00een scopuri de marketing direct \u0219i numele \u0219i adresele tuturor ter\u021bilor cu care am partajat informa\u021bii personale \u00een anul calendaristic imediat anterior. Dac\u0103 sunte\u021bi rezident al Californiei \u0219i dori\u021bi s\u0103 face\u021bi o astfel de solicitare, v\u0103 rug\u0103m s\u0103 ne trimite\u021bi cererea \u00een scris folosind informa\u021biile de contact furnizate mai jos.<\/p>\n\n\n\n<p>Dac\u0103 ave\u021bi sub 18 ani, locui\u021bi \u00een California \u0219i ave\u021bi un cont \u00eenregistrat \u00een Servicii, ave\u021bi dreptul de a solicita eliminarea datelor nedorite pe care le posta\u021bi public pe Servicii. Pentru a solicita eliminarea acestor date, v\u0103 rug\u0103m s\u0103 ne contacta\u021bi folosind informa\u021biile de contact furnizate mai jos \u0219i s\u0103 include\u021bi adresa de e-mail asociat\u0103 contului dvs. \u0219i o declara\u021bie c\u0103 locui\u021bi \u00een California. Ne vom asigura c\u0103 datele nu sunt afi\u0219ate public pe Servicii, dar v\u0103 rug\u0103m s\u0103 fi\u021bi con\u0219tien\u021bi de faptul c\u0103 este posibil ca datele s\u0103 nu fie eliminate complet sau integral din toate sistemele noastre (de exemplu, copii de rezerv\u0103 etc.).<\/p>\n\n\n\n<p><strong>Notificare privind confiden\u021bialitatea CCPA<\/strong><\/p>\n\n\n\n<p>Codul de reglement\u0103ri din California define\u0219te un &#8222;rezident&#8221; ca fiind:<\/p>\n\n\n\n<p>(1) orice persoan\u0103 fizic\u0103 care se afl\u0103 \u00een statul California \u00een alte scopuri dec\u00e2t cele temporare sau tranzitorii \u0219i<\/p>\n\n\n\n<p>(2) orice persoan\u0103 fizic\u0103 care are domiciliul \u00een statul California \u0219i care se afl\u0103 \u00een afara statului California \u00een scop temporar sau tranzitoriu<\/p>\n\n\n\n<p>Toate celelalte persoane fizice sunt definite drept &#8222;nereziden\u021bi&#8221;.<\/p>\n\n\n\n<p>Dac\u0103 aceast\u0103 defini\u021bie a &#8222;rezidentului&#8221; vi se aplic\u0103, trebuie s\u0103 respect\u0103m anumite drepturi \u0219i obliga\u021bii \u00een ceea ce prive\u0219te informa\u021biile dumneavoastr\u0103 personale.<\/p>\n\n\n\n<p><strong>Ce categorii de informa\u021bii personale colect\u0103m?<\/strong><\/p>\n\n\n\n<p>Am colectat urm\u0103toarele categorii de informa\u021bii personale \u00een ultimele dou\u0103sprezece (12) luni:<\/p>\n\n\n\n<figure class=\"wp-block-table\"><table><tbody><tr><td><strong>Categoria<\/strong><\/td><td><strong>Exemple<\/strong><\/td><td><strong>Colec\u021bionat<\/strong><\/td><\/tr><tr><td>A. Identificatori<\/td><td>Detalii de contact, cum ar fi numele real, pseudonimul, adresa po\u0219tal\u0103, num\u0103rul de telefon sau num\u0103rul de telefon mobil de contact, identificatorul personal unic, identificatorul online, adresa de protocol Internet, adresa de e-mail \u0219i numele contului.<\/td><td>NU<\/td><\/tr><tr><td>B. Categoriile de informa\u021bii cu caracter personal enumerate \u00een legea din California privind eviden\u021ba clien\u021bilor<\/td><td>Nume, date de contact, educa\u021bie, loc de munc\u0103, istoric de angajare \u0219i informa\u021bii financiare<\/td><td>NU<\/td><\/tr><tr><td>C. Caracteristici de clasificare protejate \u00een conformitate cu legisla\u021bia californian\u0103 sau federal\u0103<\/td><td>Sexul \u0219i data na\u0219terii<\/td><td>NU<\/td><\/tr><tr><td>D. Informa\u021bii comerciale<\/td><td>Informa\u021bii despre tranzac\u021bii, istoricul achizi\u021biilor, detalii financiare \u0219i informa\u021bii de plat\u0103<\/td><td>NU<\/td><\/tr><tr><td>E. Informa\u021bii biometrice<\/td><td>Amprentele digitale \u0219i vocale<\/td><td>NU<\/td><\/tr><tr><td>F. Internet sau alte activit\u0103\u021bi similare \u00een re\u021bea<\/td><td>Istoricul de navigare, istoricul de c\u0103utare, comportamentul online, datele privind interesele \u0219i interac\u021biunile cu site-ul nostru \u0219i cu alte site-uri web, aplica\u021bii, sisteme \u0219i reclame<\/td><td>NU<\/td><\/tr><tr><td>G. Date de geolocalizare<\/td><td>Loca\u021bia dispozitivului<\/td><td>NU<\/td><\/tr><tr><td>H. Informa\u021bii audio, electronice, vizuale, termice, olfactive sau similare<\/td><td>Imagini \u0219i \u00eenregistr\u0103ri audio, video sau convorbiri telefonice create \u00een leg\u0103tur\u0103 cu activit\u0103\u021bile noastre comerciale<\/td><td>NU<\/td><\/tr><tr><td>I. Informa\u021bii profesionale sau legate de locul de munc\u0103<\/td><td>Detalii de contact pentru a v\u0103 oferi Serviciile noastre la nivel de afaceri sau titlul postului, istoricul muncii \u0219i calific\u0103rile profesionale dac\u0103 solicita\u021bi un loc de munc\u0103 la noi.<\/td><td>NU<\/td><\/tr><tr><td>J. Informa\u021bii privind educa\u021bia<\/td><td>Dosarele studen\u021bilor \u0219i informa\u021biile din director<\/td><td>NU<\/td><\/tr><tr><td>K. Deduceri trase din alte informa\u021bii cu caracter personal<\/td><td>Deduceri trase din oricare dintre informa\u021biile personale colectate enumerate mai sus pentru a crea un profil sau un rezumat despre, de exemplu, preferin\u021bele \u0219i caracteristicile unei persoane.<\/td><td>NU<\/td><\/tr><\/tbody><\/table><\/figure>\n\n\n\n<p>De asemenea, este posibil s\u0103 colect\u0103m \u0219i alte informa\u021bii cu caracter personal \u00een afara acestor categorii, \u00een cazurile \u00een care interac\u021biona\u021bi cu noi \u00een persoan\u0103, online, prin telefon sau prin po\u0219t\u0103, \u00een contextul:<\/p>\n\n\n\n<ul class=\"wp-block-list\">\n<li>Primirea de ajutor prin intermediul canalelor noastre de asisten\u021b\u0103 pentru clien\u021bi;<\/li>\n\n\n\n<li>Participarea la sondaje sau concursuri pentru clien\u021bi; \u0219i<\/li>\n\n\n\n<li>Facilitarea furniz\u0103rii serviciilor noastre \u0219i pentru a r\u0103spunde la solicit\u0103rile dumneavoastr\u0103.<\/li>\n<\/ul>\n\n\n\n<p><strong>Cum folosim \u0219i \u00eemp\u0103rt\u0103\u0219im informa\u021biile dumneavoastr\u0103 personale?<\/strong><\/p>\n\n\n\n<p>Mai multe informa\u021bii despre practicile noastre de colectare \u0219i partajare a datelor pot fi g\u0103site \u00een aceast\u0103 not\u0103 de confiden\u021bialitate \u0219i \u00een notificarea noastr\u0103 privind cookie-urile: <a href=\"https:\/\/traditionundmarkt.com\/ro\/politica-cookies\/\">https:\/\/traditionundmarkt.com\/ro\/politica-cookies<\/a>.<\/p>\n\n\n\n<p>Ne pute\u021bi contacta prin e-mail la adresa office@traditionundmarkt.com, vizit\u00e2nd <a href=\"https:\/\/traditionundmarkt.com\">https:\/\/traditionundmarkt.com<\/a> sau prin intermediul detaliilor de contact din partea de jos a acestui document.<\/p>\n\n\n\n<p>\u00cen cazul \u00een care utiliza\u021bi un agent autorizat pentru a v\u0103 exercita dreptul de retragere, putem refuza o cerere dac\u0103 agentul autorizat nu prezint\u0103 dovada c\u0103 a fost autorizat \u00een mod valabil s\u0103 ac\u021bioneze \u00een numele dumneavoastr\u0103.<\/p>\n\n\n\n<p><strong>Vor fi \u00eemp\u0103rt\u0103\u0219ite informa\u021biile dumneavoastr\u0103 cu altcineva?<\/strong><\/p>\n\n\n\n<p>Putem dezv\u0103lui informa\u021biile dvs. personale furnizorilor no\u0219tri de servicii \u00een conformitate cu un contract scris \u00eencheiat \u00eentre noi \u0219i fiecare furnizor de servicii. Fiecare furnizor de servicii este o entitate cu scop lucrativ care prelucreaz\u0103 informa\u021biile \u00een numele nostru.<\/p>\n\n\n\n<p>Este posibil s\u0103 folosim informa\u021biile dvs. personale \u00een scopuri comerciale proprii, cum ar fi cercetarea intern\u0103 pentru dezvoltare tehnologic\u0103 \u0219i demonstra\u021bii. Acest lucru nu este considerat a fi o &#8222;v\u00e2nzare&#8221; a informa\u021biilor dumneavoastr\u0103 personale.<\/p>\n\n\n\n<p>Sc CTC Tradition und Markt SRL SRL nu a dezv\u0103luit sau v\u00e2ndut nicio informa\u021bie personal\u0103 unor ter\u021be p\u0103r\u021bi \u00een scopuri comerciale sau de afaceri \u00een ultimele dou\u0103sprezece (12) luni. Sc CTC Tradition und Markt SRL SRL nu va vinde \u00een viitor informa\u021bii personale apar\u021bin\u00e2nd vizitatorilor site-ului, utilizatorilor \u0219i altor consumatori.<\/p>\n\n\n\n<p><strong>Drepturile dvs. cu privire la datele dvs. personale<\/strong><\/p>\n\n\n\n<p>Dreptul de a solicita \u0219tergerea datelor &#8211; Cerere de \u0219tergere<\/p>\n\n\n\n<p>Pute\u021bi solicita \u0219tergerea informa\u021biilor dvs. personale. Dac\u0103 ne solicita\u021bi s\u0103 v\u0103 \u0219tergem informa\u021biile personale, vom respecta cererea dvs. \u0219i vom \u0219terge informa\u021biile dvs. personale, sub rezerva anumitor excep\u021bii prev\u0103zute de lege, cum ar fi (dar f\u0103r\u0103 a se limita la) exercitarea de c\u0103tre un alt consumator a dreptului s\u0103u la liber\u0103 exprimare, cerin\u021bele noastre de conformitate care rezult\u0103 dintr-o obliga\u021bie legal\u0103 sau orice prelucrare care poate fi necesar\u0103 pentru a ne proteja \u00eempotriva activit\u0103\u021bilor ilegale.<\/p>\n\n\n\n<p>Dreptul de a fi informat &#8211; Cererea de a \u0219ti<\/p>\n\n\n\n<p>\u00cen func\u021bie de circumstan\u021be, ave\u021bi dreptul s\u0103 \u0219ti\u021bi:<\/p>\n\n\n\n<ul class=\"wp-block-list\">\n<li>dac\u0103 colect\u0103m \u0219i utiliz\u0103m informa\u021biile dvs. personale;<\/li>\n\n\n\n<li>categoriile de informa\u021bii cu caracter personal pe care le colect\u0103m;<\/li>\n\n\n\n<li>scopurile \u00een care sunt utilizate informa\u021biile personale colectate;<\/li>\n\n\n\n<li>dac\u0103 vindem sau nu informa\u021biile dvs. personale unor ter\u021be p\u0103r\u021bi;<\/li>\n\n\n\n<li>categoriile de informa\u021bii cu caracter personal pe care le-am v\u00e2ndut sau le-am divulgat \u00een scopuri comerciale;<\/li>\n\n\n\n<li>categoriile de ter\u021bi c\u0103rora le-au fost v\u00e2ndute sau divulgate informa\u021biile cu caracter personal \u00een scopuri comerciale; \u0219i<\/li>\n\n\n\n<li>scopul comercial sau de afaceri al colect\u0103rii sau v\u00e2nz\u0103rii de informa\u021bii personale.<\/li>\n<\/ul>\n\n\n\n<p>\u00cen conformitate cu legisla\u021bia aplicabil\u0103, nu suntem obliga\u021bi s\u0103 furniz\u0103m sau s\u0103 \u0219tergem informa\u021biile despre consumatori care sunt dezidentificate ca r\u0103spuns la o solicitare a unui consumator sau s\u0103 reidentific\u0103m datele individuale pentru a verifica o solicitare a unui consumator.<\/p>\n\n\n\n<p>Dreptul la nediscriminare pentru exercitarea dreptului la via\u021b\u0103 privat\u0103 al consumatorului<\/p>\n\n\n\n<p>Nu v\u0103 vom discrimina \u00een cazul \u00een care v\u0103 exercita\u021bi dreptul la confiden\u021bialitate.<\/p>\n\n\n\n<p>Procesul de verificare<\/p>\n\n\n\n<p>La primirea cererii dumneavoastr\u0103, va trebui s\u0103 v\u0103 verific\u0103m identitatea pentru a stabili dac\u0103 sunte\u021bi aceea\u0219i persoan\u0103 despre care avem informa\u021bii \u00een sistem. Aceste eforturi de verificare ne cer s\u0103 v\u0103 cerem s\u0103 furniza\u021bi informa\u021bii pentru a le putea compara cu informa\u021biile pe care ni le-a\u021bi furnizat anterior. De exemplu, \u00een func\u021bie de tipul de solicitare pe care o trimite\u021bi, v\u0103 putem cere s\u0103 furniza\u021bi anumite informa\u021bii pentru a putea compara informa\u021biile pe care le furniza\u021bi cu informa\u021biile pe care le avem deja \u00een dosar sau v\u0103 putem contacta prin intermediul unei metode de comunicare (de exemplu, telefon sau e-mail) pe care ne-a\u021bi furnizat-o anterior. De asemenea, putem utiliza \u0219i alte metode de verificare, \u00een func\u021bie de circumstan\u021be.<\/p>\n\n\n\n<p>Vom utiliza informa\u021biile personale furnizate \u00een cererea dumneavoastr\u0103 doar pentru a v\u0103 verifica identitatea sau autoritatea de a face cererea. \u00cen m\u0103sura \u00een care este posibil, vom evita s\u0103 v\u0103 solicit\u0103m informa\u021bii suplimentare \u00een scopul verific\u0103rii. Cu toate acestea, \u00een cazul \u00een care nu putem verifica identitatea dvs. din informa\u021biile pe care le de\u021binem deja, v\u0103 putem solicita s\u0103 furniza\u021bi informa\u021bii suplimentare \u00een scopul verific\u0103rii identit\u0103\u021bii dvs. \u0219i \u00een scopuri de securitate sau de prevenire a fraudei. Vom \u0219terge astfel de informa\u021bii suplimentare furnizate imediat ce termin\u0103m de verificat identitatea dumneavoastr\u0103.<\/p>\n\n\n\n<p>Alte drepturi de confiden\u021bialitate<\/p>\n\n\n\n<ul class=\"wp-block-list\">\n<li>V\u0103 pute\u021bi opune prelucr\u0103rii informa\u021biilor dumneavoastr\u0103 cu caracter personal.<\/li>\n\n\n\n<li>Pute\u021bi solicita corectarea datelor dumneavoastr\u0103 cu caracter personal \u00een cazul \u00een care acestea sunt incorecte sau nu mai sunt relevante sau pute\u021bi solicita restric\u021bionarea prelucr\u0103rii informa\u021biilor.<\/li>\n\n\n\n<li>Pute\u021bi desemna un agent autorizat s\u0103 depun\u0103 o cerere \u00een numele dumneavoastr\u0103 \u00een temeiul CCPA. Putem refuza o cerere din partea unui agent autorizat care nu prezint\u0103 dovada c\u0103 a fost autorizat \u00een mod valabil s\u0103 ac\u021bioneze \u00een numele dumneavoastr\u0103 \u00een conformitate cu CCPA.<\/li>\n\n\n\n<li>Pute\u021bi solicita s\u0103 renun\u021ba\u021bi la v\u00e2nzarea viitoare a informa\u021biilor dvs. personale c\u0103tre ter\u021be p\u0103r\u021bi. La primirea unei cereri de renun\u021bare, vom da curs cererii c\u00e2t mai cur\u00e2nd posibil, dar nu mai t\u00e2rziu de cincisprezece (15) zile de la data depunerii cererii.<\/li>\n<\/ul>\n\n\n\n<p>Pentru a v\u0103 exercita aceste drepturi, ne pute\u021bi contacta prin e-mail la adresa office@traditionundmarkt.com, vizit\u00e2nd <a href=\"https:\/\/traditionundmarkt.com\">https:\/\/traditionundmarkt.com<\/a> sau prin intermediul detaliilor de contact din partea de jos a acestui document. Dac\u0103 ave\u021bi o pl\u00e2ngere cu privire la modul \u00een care v\u0103 gestion\u0103m datele, ne-ar pl\u0103cea s\u0103 ne contacta\u021bi.<\/p>\n\n\n\n<p><strong>12. FACEM ACTUALIZ\u0102RI ALE ACESTEI NOTIFIC\u0102RI?<\/strong><\/p>\n\n\n\n<p><strong><em>Pe scurt: <\/em><\/strong><em>Da, vom actualiza aceast\u0103 notificare dup\u0103 cum este necesar pentru a ne conforma legilor relevante.<\/em><\/p>\n\n\n\n<p>Este posibil s\u0103 actualiz\u0103m periodic acest aviz de confiden\u021bialitate. Versiunea actualizat\u0103 va fi indicat\u0103 printr-o dat\u0103 &#8222;Revizuit&#8221; actualizat\u0103, iar versiunea actualizat\u0103 va intra \u00een vigoare imediat ce va fi accesibil\u0103. \u00cen cazul \u00een care aducem modific\u0103ri importante acestei notific\u0103ri de confiden\u021bialitate, v\u0103 putem notifica fie prin afi\u0219area la loc vizibil a unei notific\u0103ri cu privire la aceste modific\u0103ri, fie prin trimiterea direct\u0103 a unei notific\u0103ri. V\u0103 \u00eencuraj\u0103m s\u0103 consulta\u021bi frecvent acest aviz de confiden\u021bialitate pentru a fi informat cu privire la modul \u00een care v\u0103 protej\u0103m informa\u021biile.<\/p>\n\n\n\n<p><strong>13. CUM NE PUTE\u021aI CONTACTA \u00ceN LEG\u0102TUR\u0102 CU ACEAST\u0102 NOTIFICARE?<\/strong><\/p>\n\n\n\n<p>Dac\u0103 ave\u021bi \u00eentreb\u0103ri sau comentarii cu privire la aceast\u0103 notificare, pute\u021bi contacta responsabilul nostru cu protec\u021bia datelor (DPO), Cosmin Campean, prin e-mail la office@traditionundmarkt.com, prin telefon la +40 744 399 487 sau prin po\u0219t\u0103 la:<\/p>\n\n\n\n<p>Sc CTC Tradition und Markt SRL SRL<br>Com. Ciugud Sat. Teleac str. Nicolae Giosan Nr.126<br>Alba<br>Rom\u00e2nia<\/p>\n\n\n\n<p><strong>14. CUM PUTE\u021aI REVIZUI, ACTUALIZA SAU \u0218TERGE DATELE PE CARE LE COLECT\u0102M DE LA DUMNEAVOASTR\u0102?<\/strong><\/p>\n\n\n\n<p>\u00cen func\u021bie de legile aplicabile din \u021bara dumneavoastr\u0103, este posibil s\u0103 ave\u021bi dreptul de a solicita accesul la informa\u021biile personale pe care le colect\u0103m de la dumneavoastr\u0103, de a le modifica sau de a le \u0219terge. Pentru a solicita revizuirea, actualizarea sau \u0219tergerea informa\u021biilor dvs. personale, v\u0103 rug\u0103m s\u0103 vizita\u021bi: <a href=\"https:\/\/traditionundmarkt.com\">https:\/\/traditionundmarkt.com<\/a>.<\/p>\n","protected":false},"excerpt":{"rendered":"<p>Ultima actualizare 27 aprilie 2023 Aceast\u0103 notificare de confiden\u021bialitate pentru Sc CTC Tradition und Markt SRL (&#8222;Compania&#8222;, &#8222;noi&#8221;, &#8222;noi&#8222;, sau &#8222;al nostru&#8221;), descrie cum \u0219i de ce am putea colecta, stoca, utiliza \u0219i\/sau partaja (&#8222;procesa&#8222;) informa\u021biile dvs. atunci c\u00e2nd utiliza\u021bi serviciile noastre (&#8222;Serviciile&#8222;), cum ar fi atunci c\u00e2nd: \u00centreb\u0103ri sau preocup\u0103ri? Citirea acestei notific\u0103ri privind [&hellip;]<\/p>\n","protected":false},"author":1,"featured_media":0,"parent":0,"menu_order":99,"comment_status":"closed","ping_status":"closed","template":"","meta":{"_uag_custom_page_level_css":"","site-sidebar-layout":"default","site-content-layout":"","ast-site-content-layout":"default","site-content-style":"default","site-sidebar-style":"default","ast-global-header-display":"","ast-banner-title-visibility":"","ast-main-header-display":"","ast-hfb-above-header-display":"","ast-hfb-below-header-display":"","ast-hfb-mobile-header-display":"","site-post-title":"","ast-breadcrumbs-content":"","ast-featured-img":"","footer-sml-layout":"","ast-disable-related-posts":"","theme-transparent-header-meta":"","adv-header-id-meta":"","stick-header-meta":"","header-above-stick-meta":"","header-main-stick-meta":"","header-below-stick-meta":"","astra-migrate-meta-layouts":"default","ast-page-background-enabled":"default","ast-page-background-meta":{"desktop":{"background-color":"var(--ast-global-color-4)","background-image":"","background-repeat":"repeat","background-position":"center center","background-size":"auto","background-attachment":"scroll","background-type":"","background-media":"","overlay-type":"","overlay-color":"","overlay-opacity":"","overlay-gradient":""},"tablet":{"background-color":"","background-image":"","background-repeat":"repeat","background-position":"center center","background-size":"auto","background-attachment":"scroll","background-type":"","background-media":"","overlay-type":"","overlay-color":"","overlay-opacity":"","overlay-gradient":""},"mobile":{"background-color":"","background-image":"","background-repeat":"repeat","background-position":"center center","background-size":"auto","background-attachment":"scroll","background-type":"","background-media":"","overlay-type":"","overlay-color":"","overlay-opacity":"","overlay-gradient":""}},"ast-content-background-meta":{"desktop":{"background-color":"var(--ast-global-color-5)","background-image":"","background-repeat":"repeat","background-position":"center center","background-size":"auto","background-attachment":"scroll","background-type":"","background-media":"","overlay-type":"","overlay-color":"","overlay-opacity":"","overlay-gradient":""},"tablet":{"background-color":"var(--ast-global-color-5)","background-image":"","background-repeat":"repeat","background-position":"center center","background-size":"auto","background-attachment":"scroll","background-type":"","background-media":"","overlay-type":"","overlay-color":"","overlay-opacity":"","overlay-gradient":""},"mobile":{"background-color":"var(--ast-global-color-5)","background-image":"","background-repeat":"repeat","background-position":"center center","background-size":"auto","background-attachment":"scroll","background-type":"","background-media":"","overlay-type":"","overlay-color":"","overlay-opacity":"","overlay-gradient":""}},"footnotes":""},"class_list":["post-1219","page","type-page","status-publish","hentry"],"yoast_head":"<!-- This site is optimized with the Yoast SEO plugin v27.5 - https:\/\/yoast.com\/product\/yoast-seo-wordpress\/ -->\n<title>Politica de confiden\u021bialitate &#8226; Tradition und Markt<\/title>\n<meta name=\"robots\" content=\"index, follow, max-snippet:-1, max-image-preview:large, max-video-preview:-1\" \/>\n<link rel=\"canonical\" href=\"https:\/\/traditionundmarkt.com\/ro\/politica-de-confidentialitate\/\" \/>\n<meta property=\"og:locale\" content=\"ro_RO\" \/>\n<meta property=\"og:type\" content=\"article\" \/>\n<meta property=\"og:title\" content=\"Politica de confiden\u021bialitate &#8226; Tradition und Markt\" \/>\n<meta property=\"og:description\" content=\"Ultima actualizare 27 aprilie 2023 Aceast\u0103 notificare de confiden\u021bialitate pentru Sc CTC Tradition und Markt SRL (&#8222;Compania&#8222;, &#8222;noi&#8221;, &#8222;noi&#8222;, sau &#8222;al nostru&#8221;), descrie cum \u0219i de ce am putea colecta, stoca, utiliza \u0219i\/sau partaja (&#8222;procesa&#8222;) informa\u021biile dvs. atunci c\u00e2nd utiliza\u021bi serviciile noastre (&#8222;Serviciile&#8222;), cum ar fi atunci c\u00e2nd: \u00centreb\u0103ri sau preocup\u0103ri? Citirea acestei notific\u0103ri privind [&hellip;]\" \/>\n<meta property=\"og:url\" content=\"https:\/\/traditionundmarkt.com\/ro\/politica-de-confidentialitate\/\" \/>\n<meta property=\"og:site_name\" content=\"Tradition und Markt\" \/>\n<meta property=\"article:publisher\" content=\"https:\/\/www.facebook.com\/Tradition-und-Markt-Franchise-107325457788905\" \/>\n<meta property=\"article:modified_time\" content=\"2023-05-02T11:06:09+00:00\" \/>\n<meta name=\"twitter:card\" content=\"summary_large_image\" \/>\n<script type=\"application\/ld+json\" class=\"yoast-schema-graph\">{\"@context\":\"https:\\\/\\\/schema.org\",\"@graph\":[{\"@type\":\"WebPage\",\"@id\":\"https:\\\/\\\/traditionundmarkt.com\\\/ro\\\/politica-de-confidentialitate\\\/\",\"url\":\"https:\\\/\\\/traditionundmarkt.com\\\/ro\\\/politica-de-confidentialitate\\\/\",\"name\":\"Politica de confiden\u021bialitate &#8226; Tradition und Markt\",\"isPartOf\":{\"@id\":\"https:\\\/\\\/traditionundmarkt.com\\\/ro\\\/#website\"},\"datePublished\":\"2023-04-27T09:15:29+00:00\",\"dateModified\":\"2023-05-02T11:06:09+00:00\",\"breadcrumb\":{\"@id\":\"https:\\\/\\\/traditionundmarkt.com\\\/ro\\\/politica-de-confidentialitate\\\/#breadcrumb\"},\"inLanguage\":\"ro-RO\",\"potentialAction\":[{\"@type\":\"ReadAction\",\"target\":[\"https:\\\/\\\/traditionundmarkt.com\\\/ro\\\/politica-de-confidentialitate\\\/\"]}]},{\"@type\":\"BreadcrumbList\",\"@id\":\"https:\\\/\\\/traditionundmarkt.com\\\/ro\\\/politica-de-confidentialitate\\\/#breadcrumb\",\"itemListElement\":[{\"@type\":\"ListItem\",\"position\":1,\"name\":\"Startseite\",\"item\":\"https:\\\/\\\/traditionundmarkt.com\\\/ro\\\/prima-pagina\\\/\"},{\"@type\":\"ListItem\",\"position\":2,\"name\":\"Politica de confiden\u021bialitate\"}]},{\"@type\":\"WebSite\",\"@id\":\"https:\\\/\\\/traditionundmarkt.com\\\/ro\\\/#website\",\"url\":\"https:\\\/\\\/traditionundmarkt.com\\\/ro\\\/\",\"name\":\"Tradition und Markt\",\"description\":\"\",\"publisher\":{\"@id\":\"https:\\\/\\\/traditionundmarkt.com\\\/ro\\\/#organization\"},\"potentialAction\":[{\"@type\":\"SearchAction\",\"target\":{\"@type\":\"EntryPoint\",\"urlTemplate\":\"https:\\\/\\\/traditionundmarkt.com\\\/ro\\\/?s={search_term_string}\"},\"query-input\":{\"@type\":\"PropertyValueSpecification\",\"valueRequired\":true,\"valueName\":\"search_term_string\"}}],\"inLanguage\":\"ro-RO\"},{\"@type\":\"Organization\",\"@id\":\"https:\\\/\\\/traditionundmarkt.com\\\/ro\\\/#organization\",\"name\":\"Tradition und Markt\",\"url\":\"https:\\\/\\\/traditionundmarkt.com\\\/ro\\\/\",\"logo\":{\"@type\":\"ImageObject\",\"inLanguage\":\"ro-RO\",\"@id\":\"https:\\\/\\\/traditionundmarkt.com\\\/ro\\\/#\\\/schema\\\/logo\\\/image\\\/\",\"url\":\"https:\\\/\\\/traditionundmarkt.com\\\/wp-content\\\/uploads\\\/2023\\\/02\\\/Logo-Tradtion-und-Markt-1.webp\",\"contentUrl\":\"https:\\\/\\\/traditionundmarkt.com\\\/wp-content\\\/uploads\\\/2023\\\/02\\\/Logo-Tradtion-und-Markt-1.webp\",\"width\":240,\"height\":239,\"caption\":\"Tradition und Markt\"},\"image\":{\"@id\":\"https:\\\/\\\/traditionundmarkt.com\\\/ro\\\/#\\\/schema\\\/logo\\\/image\\\/\"},\"sameAs\":[\"https:\\\/\\\/www.facebook.com\\\/Tradition-und-Markt-Franchise-107325457788905\",\"https:\\\/\\\/www.instagram.com\\\/tradition_und_markt\\\/\",\"https:\\\/\\\/www.youtube.com\\\/channel\\\/UCW4qQf3iVy3suXbbHzK5_dw\",\"https:\\\/\\\/www.linkedin.com\\\/company\\\/tradition-und-markt-franchise\\\/\"]}]}<\/script>\n<!-- \/ Yoast SEO plugin. -->","yoast_head_json":{"title":"Politica de confiden\u021bialitate &#8226; Tradition und Markt","robots":{"index":"index","follow":"follow","max-snippet":"max-snippet:-1","max-image-preview":"max-image-preview:large","max-video-preview":"max-video-preview:-1"},"canonical":"https:\/\/traditionundmarkt.com\/ro\/politica-de-confidentialitate\/","og_locale":"ro_RO","og_type":"article","og_title":"Politica de confiden\u021bialitate &#8226; Tradition und Markt","og_description":"Ultima actualizare 27 aprilie 2023 Aceast\u0103 notificare de confiden\u021bialitate pentru Sc CTC Tradition und Markt SRL (&#8222;Compania&#8222;, &#8222;noi&#8221;, &#8222;noi&#8222;, sau &#8222;al nostru&#8221;), descrie cum \u0219i de ce am putea colecta, stoca, utiliza \u0219i\/sau partaja (&#8222;procesa&#8222;) informa\u021biile dvs. atunci c\u00e2nd utiliza\u021bi serviciile noastre (&#8222;Serviciile&#8222;), cum ar fi atunci c\u00e2nd: \u00centreb\u0103ri sau preocup\u0103ri? Citirea acestei notific\u0103ri privind [&hellip;]","og_url":"https:\/\/traditionundmarkt.com\/ro\/politica-de-confidentialitate\/","og_site_name":"Tradition und Markt","article_publisher":"https:\/\/www.facebook.com\/Tradition-und-Markt-Franchise-107325457788905","article_modified_time":"2023-05-02T11:06:09+00:00","twitter_card":"summary_large_image","schema":{"@context":"https:\/\/schema.org","@graph":[{"@type":"WebPage","@id":"https:\/\/traditionundmarkt.com\/ro\/politica-de-confidentialitate\/","url":"https:\/\/traditionundmarkt.com\/ro\/politica-de-confidentialitate\/","name":"Politica de confiden\u021bialitate &#8226; Tradition und Markt","isPartOf":{"@id":"https:\/\/traditionundmarkt.com\/ro\/#website"},"datePublished":"2023-04-27T09:15:29+00:00","dateModified":"2023-05-02T11:06:09+00:00","breadcrumb":{"@id":"https:\/\/traditionundmarkt.com\/ro\/politica-de-confidentialitate\/#breadcrumb"},"inLanguage":"ro-RO","potentialAction":[{"@type":"ReadAction","target":["https:\/\/traditionundmarkt.com\/ro\/politica-de-confidentialitate\/"]}]},{"@type":"BreadcrumbList","@id":"https:\/\/traditionundmarkt.com\/ro\/politica-de-confidentialitate\/#breadcrumb","itemListElement":[{"@type":"ListItem","position":1,"name":"Startseite","item":"https:\/\/traditionundmarkt.com\/ro\/prima-pagina\/"},{"@type":"ListItem","position":2,"name":"Politica de confiden\u021bialitate"}]},{"@type":"WebSite","@id":"https:\/\/traditionundmarkt.com\/ro\/#website","url":"https:\/\/traditionundmarkt.com\/ro\/","name":"Tradition und Markt","description":"","publisher":{"@id":"https:\/\/traditionundmarkt.com\/ro\/#organization"},"potentialAction":[{"@type":"SearchAction","target":{"@type":"EntryPoint","urlTemplate":"https:\/\/traditionundmarkt.com\/ro\/?s={search_term_string}"},"query-input":{"@type":"PropertyValueSpecification","valueRequired":true,"valueName":"search_term_string"}}],"inLanguage":"ro-RO"},{"@type":"Organization","@id":"https:\/\/traditionundmarkt.com\/ro\/#organization","name":"Tradition und Markt","url":"https:\/\/traditionundmarkt.com\/ro\/","logo":{"@type":"ImageObject","inLanguage":"ro-RO","@id":"https:\/\/traditionundmarkt.com\/ro\/#\/schema\/logo\/image\/","url":"https:\/\/traditionundmarkt.com\/wp-content\/uploads\/2023\/02\/Logo-Tradtion-und-Markt-1.webp","contentUrl":"https:\/\/traditionundmarkt.com\/wp-content\/uploads\/2023\/02\/Logo-Tradtion-und-Markt-1.webp","width":240,"height":239,"caption":"Tradition und Markt"},"image":{"@id":"https:\/\/traditionundmarkt.com\/ro\/#\/schema\/logo\/image\/"},"sameAs":["https:\/\/www.facebook.com\/Tradition-und-Markt-Franchise-107325457788905","https:\/\/www.instagram.com\/tradition_und_markt\/","https:\/\/www.youtube.com\/channel\/UCW4qQf3iVy3suXbbHzK5_dw","https:\/\/www.linkedin.com\/company\/tradition-und-markt-franchise\/"]}]}},"uagb_featured_image_src":{"full":false,"thumbnail":false,"medium":false,"medium_large":false,"large":false,"1536x1536":false,"2048x2048":false},"uagb_author_info":{"display_name":"ImpactPro","author_link":"https:\/\/traditionundmarkt.com\/ro\/author\/d549d4ea637b0b33\/"},"uagb_comment_info":0,"uagb_excerpt":"Ultima actualizare 27 aprilie 2023 Aceast\u0103 notificare de confiden\u021bialitate pentru Sc CTC Tradition und Markt SRL (&#8222;Compania&#8222;, &#8222;noi&#8221;, &#8222;noi&#8222;, sau &#8222;al nostru&#8221;), descrie cum \u0219i de ce am putea colecta, stoca, utiliza \u0219i\/sau partaja (&#8222;procesa&#8222;) informa\u021biile dvs. atunci c\u00e2nd utiliza\u021bi serviciile noastre (&#8222;Serviciile&#8222;), cum ar fi atunci c\u00e2nd: \u00centreb\u0103ri sau preocup\u0103ri? Citirea acestei notific\u0103ri privind&hellip;","_links":{"self":[{"href":"https:\/\/traditionundmarkt.com\/ro\/wp-json\/wp\/v2\/pages\/1219","targetHints":{"allow":["GET"]}}],"collection":[{"href":"https:\/\/traditionundmarkt.com\/ro\/wp-json\/wp\/v2\/pages"}],"about":[{"href":"https:\/\/traditionundmarkt.com\/ro\/wp-json\/wp\/v2\/types\/page"}],"author":[{"embeddable":true,"href":"https:\/\/traditionundmarkt.com\/ro\/wp-json\/wp\/v2\/users\/1"}],"replies":[{"embeddable":true,"href":"https:\/\/traditionundmarkt.com\/ro\/wp-json\/wp\/v2\/comments?post=1219"}],"version-history":[{"count":2,"href":"https:\/\/traditionundmarkt.com\/ro\/wp-json\/wp\/v2\/pages\/1219\/revisions"}],"predecessor-version":[{"id":1800,"href":"https:\/\/traditionundmarkt.com\/ro\/wp-json\/wp\/v2\/pages\/1219\/revisions\/1800"}],"wp:attachment":[{"href":"https:\/\/traditionundmarkt.com\/ro\/wp-json\/wp\/v2\/media?parent=1219"}],"curies":[{"name":"wp","href":"https:\/\/api.w.org\/{rel}","templated":true}]}}