{"id":4037,"date":"2024-07-11T09:28:34","date_gmt":"2024-07-11T07:28:34","guid":{"rendered":"https:\/\/traditionundmarkt.com\/de-oupptaeckta-foerdelarna-med-gloegg-varfoer-det-aer-rekommenderat-att-dricka-den-under-den-kalla-saesongen\/"},"modified":"2024-09-03T14:33:26","modified_gmt":"2024-09-03T12:33:26","slug":"de-oupptaeckta-foerdelarna-med-gloegg-varfoer-det-aer-rekommenderat-att-dricka-den-under-den-kalla-saesongen","status":"publish","type":"page","link":"https:\/\/traditionundmarkt.com\/sv\/de-oupptaeckta-foerdelarna-med-gloegg-varfoer-det-aer-rekommenderat-att-dricka-den-under-den-kalla-saesongen\/","title":{"rendered":"De Ouppt\u00e4ckta F\u00f6rdelarna med Gl\u00f6gg: Varf\u00f6r Det \u00c4r Rekommenderat att Dricka Den under Den Kalla S\u00e4songen"},"content":{"rendered":"\t\t<div data-elementor-type=\"wp-page\" data-elementor-id=\"4037\" class=\"elementor elementor-4037 elementor-3969\" data-elementor-post-type=\"page\">\n\t\t\t\t<section class=\"elementor-element elementor-element-924897d e-flex e-con-boxed e-con e-parent\" data-id=\"924897d\" data-element_type=\"container\" data-e-type=\"container\" data-settings=\"{&quot;background_background&quot;:&quot;classic&quot;}\">\n\t\t\t\t\t<div class=\"e-con-inner\">\n\t\t\t\t<div class=\"elementor-element elementor-element-7e514f2 elementor-widget elementor-widget-heading\" data-id=\"7e514f2\" data-element_type=\"widget\" data-e-type=\"widget\" data-widget_type=\"heading.default\">\n\t\t\t\t<div class=\"elementor-widget-container\">\n\t\t\t\t\t<h1 class=\"elementor-heading-title elementor-size-default\">De Ouppt\u00e4ckta F\u00f6rdelarna med Gl\u00f6gg: Varf\u00f6r Det \u00c4r Rekommenderat att Dricka Den under Den Kalla S\u00e4songen<\/h1>\t\t\t\t<\/div>\n\t\t\t\t<\/div>\n\t\t\t\t\t<\/div>\n\t\t\t\t<\/section>\n\t\t<section class=\"elementor-element elementor-element-d1ecd49 e-flex e-con-boxed e-con e-parent\" data-id=\"d1ecd49\" data-element_type=\"container\" data-e-type=\"container\" data-settings=\"{&quot;background_background&quot;:&quot;classic&quot;}\">\n\t\t\t\t\t<div class=\"e-con-inner\">\n\t\t\t\t<div class=\"elementor-element elementor-element-554c3e9 elementor-widget elementor-widget-text-editor\" data-id=\"554c3e9\" data-element_type=\"widget\" data-e-type=\"widget\" data-widget_type=\"text-editor.default\">\n\t\t\t\t<div class=\"elementor-widget-container\">\n\t\t\t\t\t\t\t\t\t<p>Under m\u00e4rket &#8221;Tradition und Markt&#8221; \u00e4r gl\u00f6gg inte bara en traditionell juldryck utan ocks\u00e5 en riktig vinterelixir som erbjuder m\u00e5nga h\u00e4lsof\u00f6rdelar. N\u00e4r den kalla s\u00e4songen kommer, blir gl\u00f6gg en frestande dryck, perfekt f\u00f6r att ge v\u00e4rme och god st\u00e4mning. Men bortom dess tr\u00f6stande smak, finns det m\u00e5nga ok\u00e4nda f\u00f6rdelar med denna traditionella dryck.  <\/p>\n\t\t\t\t\t\t\t\t<\/div>\n\t\t\t\t<\/div>\n\t\t\t\t\t<\/div>\n\t\t\t\t<\/section>\n\t\t<div class=\"elementor-element elementor-element-9479e2d e-flex e-con-boxed e-con e-parent\" data-id=\"9479e2d\" data-element_type=\"container\" data-e-type=\"container\">\n\t\t\t\t\t<div class=\"e-con-inner\">\n\t\t<div class=\"elementor-element elementor-element-7bb511d e-flex e-con-boxed e-con e-child\" data-id=\"7bb511d\" data-element_type=\"container\" data-e-type=\"container\">\n\t\t\t\t\t<div class=\"e-con-inner\">\n\t\t<div class=\"elementor-element elementor-element-6e628ba e-con-full e-flex e-con e-child\" data-id=\"6e628ba\" data-element_type=\"container\" data-e-type=\"container\">\n\t\t\t\t<div class=\"elementor-element elementor-element-533c0ed elementor-widget elementor-widget-heading\" data-id=\"533c0ed\" data-element_type=\"widget\" data-e-type=\"widget\" data-widget_type=\"heading.default\">\n\t\t\t\t<div class=\"elementor-widget-container\">\n\t\t\t\t\t<h2 class=\"elementor-heading-title elementor-size-default\">Gl\u00f6gg: Vinterns Delikatess<\/h2>\t\t\t\t<\/div>\n\t\t\t\t<\/div>\n\t\t\t\t<div class=\"elementor-element elementor-element-3bbdf25 elementor-widget elementor-widget-text-editor\" data-id=\"3bbdf25\" data-element_type=\"widget\" data-e-type=\"widget\" data-widget_type=\"text-editor.default\">\n\t\t\t\t<div class=\"elementor-widget-container\">\n\t\t\t\t\t\t\t\t\t<p>P\u00e5 varje julmarknad \u00e4r gl\u00f6gg oumb\u00e4rlig och skapar en festlig och bekv\u00e4m atmosf\u00e4r. Dess aromer, h\u00e4mtade fr\u00e5n apelsiner, \u00e4pplen och kryddor som kanel, nejlika, muskot och ingef\u00e4ra, ger den en perfekt smak, idealisk att njuta av vid granen, tillsammans med n\u00e4ra och k\u00e4ra. <\/p>\n\t\t\t\t\t\t\t\t<\/div>\n\t\t\t\t<\/div>\n\t\t\t\t<\/div>\n\t\t<div class=\"elementor-element elementor-element-8f99bdb e-con-full e-flex e-con e-child\" data-id=\"8f99bdb\" data-element_type=\"container\" data-e-type=\"container\">\n\t\t\t\t<div class=\"elementor-element elementor-element-8912987 elementor-widget elementor-widget-image\" data-id=\"8912987\" data-element_type=\"widget\" data-e-type=\"widget\" data-widget_type=\"image.default\">\n\t\t\t\t<div class=\"elementor-widget-container\">\n\t\t\t\t\t\t\t\t\t\t\t\t\t\t\t<img fetchpriority=\"high\" decoding=\"async\" width=\"1024\" height=\"768\" src=\"https:\/\/traditionundmarkt.com\/wp-content\/uploads\/2024\/07\/IMG_2271-1024x768.jpeg\" class=\"attachment-large size-large wp-image-3984\" alt=\"\" srcset=\"https:\/\/traditionundmarkt.com\/wp-content\/uploads\/2024\/07\/IMG_2271-1024x768.jpeg 1024w, https:\/\/traditionundmarkt.com\/wp-content\/uploads\/2024\/07\/IMG_2271-300x225.jpeg 300w, https:\/\/traditionundmarkt.com\/wp-content\/uploads\/2024\/07\/IMG_2271-768x576.jpeg 768w, https:\/\/traditionundmarkt.com\/wp-content\/uploads\/2024\/07\/IMG_2271-1536x1152.jpeg 1536w, https:\/\/traditionundmarkt.com\/wp-content\/uploads\/2024\/07\/IMG_2271.jpeg 1920w\" sizes=\"(max-width: 1024px) 100vw, 1024px\" \/>\t\t\t\t\t\t\t\t\t\t\t\t\t\t\t<\/div>\n\t\t\t\t<\/div>\n\t\t\t\t<\/div>\n\t\t\t\t\t<\/div>\n\t\t\t\t<\/div>\n\t\t\t\t\t<\/div>\n\t\t\t\t<\/div>\n\t\t<div class=\"elementor-element elementor-element-764ee12 e-flex e-con-boxed e-con e-parent\" data-id=\"764ee12\" data-element_type=\"container\" data-e-type=\"container\" data-settings=\"{&quot;background_background&quot;:&quot;classic&quot;}\">\n\t\t\t\t\t<div class=\"e-con-inner\">\n\t\t<div class=\"elementor-element elementor-element-cbda9a2 e-con-full e-flex e-con e-child\" data-id=\"cbda9a2\" data-element_type=\"container\" data-e-type=\"container\">\n\t\t\t\t<div class=\"elementor-element elementor-element-5eb5227 elementor-widget elementor-widget-image\" data-id=\"5eb5227\" data-element_type=\"widget\" data-e-type=\"widget\" data-widget_type=\"image.default\">\n\t\t\t\t<div class=\"elementor-widget-container\">\n\t\t\t\t\t\t\t\t\t\t\t\t\t\t\t<img decoding=\"async\" width=\"240\" height=\"300\" src=\"https:\/\/traditionundmarkt.com\/wp-content\/uploads\/2024\/07\/9B032683-3995-454D-83ED-51CAFF2DC2CB-240x300.jpg\" class=\"attachment-medium size-medium wp-image-3992\" alt=\"\" srcset=\"https:\/\/traditionundmarkt.com\/wp-content\/uploads\/2024\/07\/9B032683-3995-454D-83ED-51CAFF2DC2CB-240x300.jpg 240w, https:\/\/traditionundmarkt.com\/wp-content\/uploads\/2024\/07\/9B032683-3995-454D-83ED-51CAFF2DC2CB-819x1024.jpg 819w, https:\/\/traditionundmarkt.com\/wp-content\/uploads\/2024\/07\/9B032683-3995-454D-83ED-51CAFF2DC2CB-768x960.jpg 768w, https:\/\/traditionundmarkt.com\/wp-content\/uploads\/2024\/07\/9B032683-3995-454D-83ED-51CAFF2DC2CB-1229x1536.jpg 1229w, https:\/\/traditionundmarkt.com\/wp-content\/uploads\/2024\/07\/9B032683-3995-454D-83ED-51CAFF2DC2CB.jpg 1440w\" sizes=\"(max-width: 240px) 100vw, 240px\" \/>\t\t\t\t\t\t\t\t\t\t\t\t\t\t\t<\/div>\n\t\t\t\t<\/div>\n\t\t\t\t<\/div>\n\t\t<div class=\"elementor-element elementor-element-6e57220 e-con-full e-flex e-con e-child\" data-id=\"6e57220\" data-element_type=\"container\" data-e-type=\"container\">\n\t\t\t\t<div class=\"elementor-element elementor-element-8eedef2 elementor-widget elementor-widget-heading\" data-id=\"8eedef2\" data-element_type=\"widget\" data-e-type=\"widget\" data-widget_type=\"heading.default\">\n\t\t\t\t<div class=\"elementor-widget-container\">\n\t\t\t\t\t<h3 class=\"elementor-heading-title elementor-size-default\">F\u00f6rdelar med att Dricka Gl\u00f6gg<\/h3>\t\t\t\t<\/div>\n\t\t\t\t<\/div>\n\t\t\t\t<div class=\"elementor-element elementor-element-768fed2 elementor-widget elementor-widget-text-editor\" data-id=\"768fed2\" data-element_type=\"widget\" data-e-type=\"widget\" data-widget_type=\"text-editor.default\">\n\t\t\t\t<div class=\"elementor-widget-container\">\n\t\t\t\t\t\t\t\t\t<p>Antioxidantegenskaper Gl\u00f6gg \u00e4r rik p\u00e5 antioxidanter, som polyfenoler, som skyddar cellerna mot skador orsakade av fria radikaler. Dessa antioxidanter bidrar till att uppr\u00e4tth\u00e5lla hj\u00e4rt-k\u00e4rlh\u00e4lsa och st\u00e4rka immunsystemet. <\/p>\n<p>Anti-inflammatorisk Effekt De anv\u00e4nda kryddorna, s\u00e5som kanel och nejlika, \u00e4r k\u00e4nda f\u00f6r sina anti-inflammatoriska egenskaper. De hj\u00e4lper till att \u00e5terst\u00e4lla normal v\u00e4vnadsfunktion och kan vara f\u00f6rdelaktiga vid behandling av tillst\u00e5nd som artrit. <\/p><\/p>\n\t\t\t\t\t\t\t\t<\/div>\n\t\t\t\t<\/div>\n\t\t\t\t<\/div>\n\t\t\t\t\t<\/div>\n\t\t\t\t<\/div>\n\t\t<div class=\"elementor-element elementor-element-4d916ae e-flex e-con-boxed e-con e-parent\" data-id=\"4d916ae\" data-element_type=\"container\" data-e-type=\"container\" data-settings=\"{&quot;background_background&quot;:&quot;classic&quot;}\">\n\t\t\t\t\t<div class=\"e-con-inner\">\n\t\t<div class=\"elementor-element elementor-element-2da340c e-con-full e-flex e-con e-child\" data-id=\"2da340c\" data-element_type=\"container\" data-e-type=\"container\">\n\t\t\t\t<div class=\"elementor-element elementor-element-38d1569 elementor-widget elementor-widget-text-editor\" data-id=\"38d1569\" data-element_type=\"widget\" data-e-type=\"widget\" data-widget_type=\"text-editor.default\">\n\t\t\t\t<div class=\"elementor-widget-container\">\n\t\t\t\t\t\t\t\t\t<p>F\u00f6rst\u00e4rkning av Immunsystemet Antioxidanta \u00e4mnen i vin och kryddor bidrar till att st\u00e4rka immunsystemet, vilket hj\u00e4lper kroppen att b\u00e4ttre hantera virus och bakterier. Att dricka gl\u00f6gg kan vara en skyddsfaktor mot s\u00e4songsf\u00f6rkylningar. <\/p>\n<p>Avslappningsegenskaper De varma aromerna fr\u00e5n kanel och nejlika har avslappnande egenskaper. M\u00e5ttlig konsumtion av gl\u00f6gg kan minska stress och inducera ett tillst\u00e5nd av avkoppling. Det \u00e4r perfekt f\u00f6r att koppla av efter en hektisk dag.  <\/p>\n<p>F\u00f6rb\u00e4ttring av Blodcirkulationen Gl\u00f6gg stimulerar blodcirkulationen tack vare alkoholen och kryddorna. Detta hj\u00e4lper till att uppr\u00e4tth\u00e5lla en optimal kroppstemperatur under den kalla s\u00e4songen och f\u00f6rhindra cirkulationsproblem. <\/p>\n<p>K\u00e4lla till Viktiga N\u00e4rings\u00e4mnen Gl\u00f6gg ger essentiella mineraler som kalium, magnesium och j\u00e4rn. Dessa n\u00e4rings\u00e4mnen \u00e4r viktiga f\u00f6r kroppens korrekta funktion, uppr\u00e4tth\u00e5llandet av elektrolytbalansen och st\u00f6d f\u00f6r benh\u00e4lsa. <\/p>\n<p>\u00d6kning av Kroppstemperaturen M\u00e5ttlig konsumtion av gl\u00f6gg hj\u00e4lper till att l\u00e4tt \u00f6ka kroppstemperaturen, vilket \u00e4r f\u00f6rdelaktigt p\u00e5 kalla dagar eller n\u00e4r du snabbt beh\u00f6ver v\u00e4rma upp.<\/p>\n\t\t\t\t\t\t\t\t<\/div>\n\t\t\t\t<\/div>\n\t\t\t\t<\/div>\n\t\t<div class=\"elementor-element elementor-element-dc20e1c e-con-full e-flex e-con e-child\" data-id=\"dc20e1c\" data-element_type=\"container\" data-e-type=\"container\">\n\t\t\t\t<div class=\"elementor-element elementor-element-93bd3eb elementor-widget elementor-widget-image\" data-id=\"93bd3eb\" data-element_type=\"widget\" data-e-type=\"widget\" data-widget_type=\"image.default\">\n\t\t\t\t<div class=\"elementor-widget-container\">\n\t\t\t\t\t\t\t\t\t\t\t\t\t\t\t<img decoding=\"async\" src=\"https:\/\/traditionundmarkt.com\/wp-content\/uploads\/elementor\/thumbs\/IMG_5564-qqxz0vagsiubtg441xf9zr3uw0htgfw872ds8rikyo.jpeg\" title=\"IMG_5564\" alt=\"IMG_5564\" loading=\"lazy\" \/>\t\t\t\t\t\t\t\t\t\t\t\t\t\t\t<\/div>\n\t\t\t\t<\/div>\n\t\t\t\t<div class=\"elementor-element elementor-element-11fcd8d elementor-widget elementor-widget-image\" data-id=\"11fcd8d\" data-element_type=\"widget\" data-e-type=\"widget\" data-widget_type=\"image.default\">\n\t\t\t\t<div class=\"elementor-widget-container\">\n\t\t\t\t\t\t\t\t\t\t\t\t\t\t\t<img decoding=\"async\" src=\"https:\/\/traditionundmarkt.com\/wp-content\/uploads\/elementor\/thumbs\/image00024-qjpc0sstbqfvc24q4odlqw8r1cw4wfoazcodpz94f4.webp\" title=\"image00024\" alt=\"image00024\" loading=\"lazy\" \/>\t\t\t\t\t\t\t\t\t\t\t\t\t\t\t<\/div>\n\t\t\t\t<\/div>\n\t\t\t\t<div class=\"elementor-element elementor-element-0013cdb elementor-widget elementor-widget-image\" data-id=\"0013cdb\" data-element_type=\"widget\" data-e-type=\"widget\" data-widget_type=\"image.default\">\n\t\t\t\t<div class=\"elementor-widget-container\">\n\t\t\t\t\t\t\t\t\t\t\t\t\t\t\t<img decoding=\"async\" src=\"https:\/\/traditionundmarkt.com\/wp-content\/uploads\/elementor\/thumbs\/IMG_5541-qqxz1d5eediry1e65n56t4lm6c1siov4lis0d0s3og.jpeg\" title=\"IMG_5541\" alt=\"IMG_5541\" loading=\"lazy\" \/>\t\t\t\t\t\t\t\t\t\t\t\t\t\t\t<\/div>\n\t\t\t\t<\/div>\n\t\t\t\t<\/div>\n\t\t\t\t\t<\/div>\n\t\t\t\t<\/div>\n\t\t<div class=\"elementor-element elementor-element-f8f2bbb e-flex e-con-boxed e-con e-parent\" data-id=\"f8f2bbb\" data-element_type=\"container\" data-e-type=\"container\" data-settings=\"{&quot;background_background&quot;:&quot;classic&quot;}\">\n\t\t\t\t\t<div class=\"e-con-inner\">\n\t\t<div class=\"elementor-element elementor-element-b618bb4 e-con-full e-flex e-con e-child\" data-id=\"b618bb4\" data-element_type=\"container\" data-e-type=\"container\">\n\t\t\t\t<div class=\"elementor-element elementor-element-e0b7e35 elementor-widget elementor-widget-image\" data-id=\"e0b7e35\" data-element_type=\"widget\" data-e-type=\"widget\" data-widget_type=\"image.default\">\n\t\t\t\t<div class=\"elementor-widget-container\">\n\t\t\t\t\t\t\t\t\t\t\t\t\t\t\t<img decoding=\"async\" width=\"225\" height=\"300\" src=\"https:\/\/traditionundmarkt.com\/wp-content\/uploads\/2024\/07\/IMG_5250-225x300.jpeg\" class=\"attachment-medium size-medium wp-image-4016\" alt=\"\" srcset=\"https:\/\/traditionundmarkt.com\/wp-content\/uploads\/2024\/07\/IMG_5250-225x300.jpeg 225w, https:\/\/traditionundmarkt.com\/wp-content\/uploads\/2024\/07\/IMG_5250-768x1024.jpeg 768w, https:\/\/traditionundmarkt.com\/wp-content\/uploads\/2024\/07\/IMG_5250-1152x1536.jpeg 1152w, https:\/\/traditionundmarkt.com\/wp-content\/uploads\/2024\/07\/IMG_5250-rotated.jpeg 1440w\" sizes=\"(max-width: 225px) 100vw, 225px\" \/>\t\t\t\t\t\t\t\t\t\t\t\t\t\t\t<\/div>\n\t\t\t\t<\/div>\n\t\t\t\t<\/div>\n\t\t<div class=\"elementor-element elementor-element-33612cc e-con-full e-flex e-con e-child\" data-id=\"33612cc\" data-element_type=\"container\" data-e-type=\"container\">\n\t\t\t\t<div class=\"elementor-element elementor-element-8b6d22a elementor-widget elementor-widget-heading\" data-id=\"8b6d22a\" data-element_type=\"widget\" data-e-type=\"widget\" data-widget_type=\"heading.default\">\n\t\t\t\t<div class=\"elementor-widget-container\">\n\t\t\t\t\t<h3 class=\"elementor-heading-title elementor-size-default\">Sammanfattningsvis<\/h3>\t\t\t\t<\/div>\n\t\t\t\t<\/div>\n\t\t\t\t<div class=\"elementor-element elementor-element-972bed4 elementor-widget elementor-widget-text-editor\" data-id=\"972bed4\" data-element_type=\"widget\" data-e-type=\"widget\" data-widget_type=\"text-editor.default\">\n\t\t\t\t<div class=\"elementor-widget-container\">\n\t\t\t\t\t\t\t\t\t<p>P\u00e5 &#8221;Tradition und Markt&#8221; \u00e4r vi dedikerade till att bevara traditioner och erbjuda kvalitetsprodukter. V\u00e5r gl\u00f6gg kommer inte bara att gl\u00e4dja dina smakl\u00f6kar, utan ocks\u00e5 f\u00f6rb\u00e4ttra ditt v\u00e4lbefinnande under den kalla s\u00e4songen. Vi inbjuder dig att uppt\u00e4cka gl\u00f6ggens magi p\u00e5 v\u00e5r julmarknad och njuta av glada och h\u00e4lsosamma helger!  <\/p>\n\t\t\t\t\t\t\t\t<\/div>\n\t\t\t\t<\/div>\n\t\t\t\t<\/div>\n\t\t\t\t\t<\/div>\n\t\t\t\t<\/div>\n\t\t<div class=\"elementor-element elementor-element-d8fc3ea e-flex e-con-boxed e-con e-parent\" data-id=\"d8fc3ea\" data-element_type=\"container\" data-e-type=\"container\">\n\t\t\t\t\t<div class=\"e-con-inner\">\n\t\t\t\t<div class=\"elementor-element elementor-element-9bc683f elementor-widget elementor-widget-heading\" data-id=\"9bc683f\" data-element_type=\"widget\" data-e-type=\"widget\" data-widget_type=\"heading.default\">\n\t\t\t\t<div class=\"elementor-widget-container\">\n\t\t\t\t\t<h3 class=\"elementor-heading-title elementor-size-default\">Viktiga Antioxidanter i Gl\u00f6gg<\/h3>\t\t\t\t<\/div>\n\t\t\t\t<\/div>\n\t\t\t\t<div class=\"elementor-element elementor-element-6b80899 elementor-widget elementor-widget-text-editor\" data-id=\"6b80899\" data-element_type=\"widget\" data-e-type=\"widget\" data-widget_type=\"text-editor.default\">\n\t\t\t\t<div class=\"elementor-widget-container\">\n\t\t\t\t\t\t\t\t\t<ol>\n<li><strong>Kryddnejlika (314 446 ORAC-enheter\/100 g):\u2028<\/strong>Kryddnejlikor \u00e4r mycket kraftfulla n\u00e4r det g\u00e4ller antioxidativa egenskaper. De inneh\u00e5ller eugenol, en aktiv f\u00f6rening med starka antiinflammatoriska och antioxidativa egenskaper. Eugenol hj\u00e4lper till att minska inflammation och skydda cellerna mot oxidativ skada, vilket kan bidra till \u00e5ldrande och uppkomsten av kroniska sjukdomar.  <\/li>\n<li><strong>Kanel (267 536 ORAC-enheter\/100 g):<\/strong>\u2028Kanel \u00e4r en popul\u00e4r krydda, k\u00e4nd f\u00f6r sin s\u00f6ta och kryddiga arom. Den \u00e4r en av de mest kraftfulla naturliga antioxidanterna, tack vare sitt h\u00f6ga inneh\u00e5ll av polyfenoler. Dessa f\u00f6reningar hj\u00e4lper till att bek\u00e4mpa oxidativ stress i kroppen och skyddar cellerna fr\u00e5n skador orsakade av fria radikaler. Regelbunden konsumtion av kanel kan bidra till att f\u00f6rb\u00e4ttra den allm\u00e4nna h\u00e4lsan.   <\/li>\n<li><strong>Muskotn\u00f6t (cirka 5 120 ORAC-enheter\/100 g):<\/strong>\u2028Muskotn\u00f6t har en betydande ORAC-po\u00e4ng, vilket indikerar ett h\u00f6gt antioxidantinneh\u00e5ll. Detta bidrar till att neutralisera fria radikaler och skyddar cellerna fr\u00e5n oxidativ stress, vilket st\u00f6der den allm\u00e4nna h\u00e4lsan. <\/li>\n<li><strong>Ingef\u00e4ra (cirka 28 811 ORAC-enheter\/100 g):<\/strong>\u2028Ingef\u00e4ra har en h\u00f6g ORAC-po\u00e4ng, vilket speglar dess f\u00f6rm\u00e5ga att neutralisera fria radikaler och minska oxidativ stress. Detta ger den viktiga antioxidativa h\u00e4lsof\u00f6rdelar. <\/li>\n<li><strong>Kardemumma (cirka 276 420 ORAC-enheter\/100 g):<\/strong>\u2028Kardemumma har en h\u00f6g ORAC-po\u00e4ng, vilket indikerar ett betydande antioxidantinneh\u00e5ll. Dessa antioxidanter hj\u00e4lper till att neutralisera fria radikaler och skydda cellerna fr\u00e5n oxidativ stress. <\/li>\n<li><strong>Rosa peppar (cirka 7 000\u20138 000 ORAC-enheter\/100 g):<\/strong>\u2028Rosa pepparkorn \u00e4r rika p\u00e5 antioxidanter och har en betydande ORAC-po\u00e4ng. Detta g\u00f6r att de kan bidra till att neutralisera fria radikaler och st\u00f6dja den allm\u00e4nna h\u00e4lsan. <\/li>\n<li><strong>Rosmarin (cirka 4 000\u20136 000 ORAC-enheter\/100 g):\u2028<\/strong>Rosmarin har en betydande ORAC-po\u00e4ng, vilket indikerar ett h\u00f6gt antioxidantinneh\u00e5ll. Dessa antioxidanter hj\u00e4lper till att neutralisera fria radikaler och st\u00f6der allm\u00e4n h\u00e4lsa. Den specifika ORAC-po\u00e4ngen kan variera beroende p\u00e5 k\u00e4lla och analysmetod.  <\/li>\n<li><strong>\u00c4pplen (cirka 2 200 ORAC-enheter\/100 g):\u2028<\/strong>\u00c4pplen har en m\u00e5ttlig ORAC-po\u00e4ng, vilket \u00e5terspeglar deras antioxidantinneh\u00e5ll. Dessa antioxidanter hj\u00e4lper till att neutralisera fria radikaler och st\u00f6dja allm\u00e4n h\u00e4lsa. <\/li>\n<li><strong>Apelsiner (cirka 2 100 ORAC-enheter\/100 g):\u2028<\/strong>Apelsiner har en m\u00e5ttlig ORAC-po\u00e4ng, vilket \u00e5terspeglar deras antioxidantinneh\u00e5ll. De hj\u00e4lper till att neutralisera fria radikaler och st\u00f6djer allm\u00e4n h\u00e4lsa. <\/li>\n<li><strong>Vanilj (cirka 0 ORAC-enheter\/100 g):<\/strong>\u2028Vanilj \u00e4r inte k\u00e4nd f\u00f6r sitt h\u00f6ga antioxidantinneh\u00e5ll och har en mycket l\u00e5g ORAC-po\u00e4ng. Den uppskattas fr\u00e4mst f\u00f6r sin distinkta arom, inte f\u00f6r sina antioxidativa egenskaper. <\/li>\n<li><strong>Anis:\u2028<\/strong>Anis \u00e4r k\u00e4nd f\u00f6r sin distinkta lakritsarom och anv\u00e4nds ofta f\u00f6r att krydda olika r\u00e4tter, inklusive gl\u00f6gg. F\u00f6rutom sin behagliga smak har anis ocks\u00e5 antioxidativa egenskaper, vilket hj\u00e4lper till att skydda cellerna mot oxidativ stress och st\u00f6djer allm\u00e4n h\u00e4lsa. Anis ing\u00e5r dock inte i ORAC-skalan och har d\u00e4rf\u00f6r ingen specifik antioxidantpo\u00e4ng.  <\/li>\n<\/ol>\n<p><strong>Vad \u00e4r ORAC?<\/strong><\/p>\n<p>ORAC (Oxygen Radical Absorbance Capacity) \u00e4r ett m\u00e5tt p\u00e5 en livsmedels f\u00f6rm\u00e5ga att absorbera syreradikaler, vilket \u00e4r instabila molekyler som kan orsaka cellskador. Livsmedel med h\u00f6ga ORAC-v\u00e4rden \u00e4r effektiva f\u00f6r att neutralisera dessa fria radikaler och bidrar d\u00e4rmed till att f\u00f6rebygga oxidativ stress och de sjukdomar som \u00e4r f\u00f6rknippade med detta. Att konsumera livsmedel rika p\u00e5 antioxidanter, som kanel, kryddnejlikor och anis, kan hj\u00e4lpa till att uppr\u00e4tth\u00e5lla h\u00e4lsan och f\u00f6rebygga kroniska sjukdomar.  <\/p>\n\t\t\t\t\t\t\t\t<\/div>\n\t\t\t\t<\/div>\n\t\t\t\t<div class=\"elementor-element elementor-element-c599744 elementor-widget elementor-widget-text-editor\" data-id=\"c599744\" data-element_type=\"widget\" data-e-type=\"widget\" data-widget_type=\"text-editor.default\">\n\t\t\t\t<div class=\"elementor-widget-container\">\n\t\t\t\t\t\t\t\t\t<p><a href=\"https:\/\/en.wikipedia.org\/wiki\/Oxygen_radical_absorbance_capacity\" target=\"_blank\" rel=\"noopener\">https:\/\/en.wikipedia.org\/wiki\/Oxygen_radical_absorbance_capacity<\/a><\/p>\n<p><a href=\"https:\/\/www.sciencedirect.com\/topics\/agricultural-and-biological-sciences\/oxygen-radical-absorbance-capacity\" target=\"_blank\" rel=\"noopener\">https:\/\/www.sciencedirect.com\/topics\/agricultural-and-biological-sciences\/oxygen-radical-absorbance-capacity<\/a><\/p>\n<p><a href=\"https:\/\/topsaloane.ro\/scala-orac-actualizata-in-2021nivel-antioxidanti-din-fructe-si-legume\/\" target=\"_blank\" rel=\"noopener\">https:\/\/topsaloane.ro\/scala-orac-actualizata-in-2021nivel-antioxidanti-din-fructe-si-legume\/<\/a><\/p>\n<p><a href=\"https:\/\/drcalinmarginean.blogspot.com\/2011\/05\/scala-orac-comentata.html\" target=\"_blank\" rel=\"noopener\">https:\/\/drcalinmarginean.blogspot.com\/2011\/05\/scala-orac-comentata.html<\/a><\/p>\n\t\t\t\t\t\t\t\t<\/div>\n\t\t\t\t<\/div>\n\t\t\t\t\t<\/div>\n\t\t\t\t<\/div>\n\t\t\t\t<\/div>\n\t\t","protected":false},"excerpt":{"rendered":"<p>De Ouppt\u00e4ckta F\u00f6rdelarna med Gl\u00f6gg: Varf\u00f6r Det \u00c4r Rekommenderat att Dricka Den under Den Kalla S\u00e4songen Under m\u00e4rket &#8221;Tradition und Markt&#8221; \u00e4r gl\u00f6gg inte bara en traditionell juldryck utan ocks\u00e5 en riktig vinterelixir som erbjuder m\u00e5nga h\u00e4lsof\u00f6rdelar. N\u00e4r den kalla s\u00e4songen kommer, blir gl\u00f6gg en frestande dryck, perfekt f\u00f6r att ge v\u00e4rme och god st\u00e4mning. [&hellip;]<\/p>\n","protected":false},"author":1,"featured_media":0,"parent":0,"menu_order":0,"comment_status":"closed","ping_status":"closed","template":"","meta":{"_uag_custom_page_level_css":"","site-sidebar-layout":"no-sidebar","site-content-layout":"page-builder","ast-site-content-layout":"full-width-container","site-content-style":"unboxed","site-sidebar-style":"unboxed","ast-global-header-display":"","ast-banner-title-visibility":"","ast-main-header-display":"","ast-hfb-above-header-display":"","ast-hfb-below-header-display":"","ast-hfb-mobile-header-display":"","site-post-title":"disabled","ast-breadcrumbs-content":"","ast-featured-img":"disabled","footer-sml-layout":"","ast-disable-related-posts":"","theme-transparent-header-meta":"","adv-header-id-meta":"","stick-header-meta":"","header-above-stick-meta":"","header-main-stick-meta":"","header-below-stick-meta":"","astra-migrate-meta-layouts":"default","ast-page-background-enabled":"default","ast-page-background-meta":{"desktop":{"background-color":"var(--ast-global-color-4)","background-image":"","background-repeat":"repeat","background-position":"center center","background-size":"auto","background-attachment":"scroll","background-type":"","background-media":"","overlay-type":"","overlay-color":"","overlay-opacity":"","overlay-gradient":""},"tablet":{"background-color":"","background-image":"","background-repeat":"repeat","background-position":"center center","background-size":"auto","background-attachment":"scroll","background-type":"","background-media":"","overlay-type":"","overlay-color":"","overlay-opacity":"","overlay-gradient":""},"mobile":{"background-color":"","background-image":"","background-repeat":"repeat","background-position":"center center","background-size":"auto","background-attachment":"scroll","background-type":"","background-media":"","overlay-type":"","overlay-color":"","overlay-opacity":"","overlay-gradient":""}},"ast-content-background-meta":{"desktop":{"background-color":"var(--ast-global-color-5)","background-image":"","background-repeat":"repeat","background-position":"center center","background-size":"auto","background-attachment":"scroll","background-type":"","background-media":"","overlay-type":"","overlay-color":"","overlay-opacity":"","overlay-gradient":""},"tablet":{"background-color":"var(--ast-global-color-5)","background-image":"","background-repeat":"repeat","background-position":"center center","background-size":"auto","background-attachment":"scroll","background-type":"","background-media":"","overlay-type":"","overlay-color":"","overlay-opacity":"","overlay-gradient":""},"mobile":{"background-color":"var(--ast-global-color-5)","background-image":"","background-repeat":"repeat","background-position":"center center","background-size":"auto","background-attachment":"scroll","background-type":"","background-media":"","overlay-type":"","overlay-color":"","overlay-opacity":"","overlay-gradient":""}},"footnotes":""},"class_list":["post-4037","page","type-page","status-publish","hentry"],"yoast_head":"<!-- This site is optimized with the Yoast SEO plugin v27.5 - https:\/\/yoast.com\/product\/yoast-seo-wordpress\/ -->\n<title>De Ouppt\u00e4ckta F\u00f6rdelarna med Gl\u00f6gg: Varf\u00f6r Det \u00c4r Rekommenderat att Dricka Den under Den Kalla S\u00e4songen<\/title>\n<meta name=\"description\" content=\"Under m\u00e4rket &quot;Tradition und Markt&quot; \u00e4r gl\u00f6gg inte bara en traditionell juldryck utan ocks\u00e5 en riktig vinterelixir som erbjuder m\u00e5nga h\u00e4lsof\u00f6rdelar.\" \/>\n<meta name=\"robots\" content=\"index, follow, max-snippet:-1, max-image-preview:large, max-video-preview:-1\" \/>\n<link rel=\"canonical\" href=\"https:\/\/traditionundmarkt.com\/sv\/de-oupptaeckta-foerdelarna-med-gloegg-varfoer-det-aer-rekommenderat-att-dricka-den-under-den-kalla-saesongen\/\" \/>\n<meta property=\"og:locale\" content=\"sv_SE\" \/>\n<meta property=\"og:type\" content=\"article\" \/>\n<meta property=\"og:title\" content=\"De Ouppt\u00e4ckta F\u00f6rdelarna med Gl\u00f6gg: Varf\u00f6r Det \u00c4r Rekommenderat att Dricka Den under Den Kalla S\u00e4songen\" \/>\n<meta property=\"og:description\" content=\"Under m\u00e4rket &quot;Tradition und Markt&quot; \u00e4r gl\u00f6gg inte bara en traditionell juldryck utan ocks\u00e5 en riktig vinterelixir som erbjuder m\u00e5nga h\u00e4lsof\u00f6rdelar.\" \/>\n<meta property=\"og:url\" content=\"https:\/\/traditionundmarkt.com\/sv\/de-oupptaeckta-foerdelarna-med-gloegg-varfoer-det-aer-rekommenderat-att-dricka-den-under-den-kalla-saesongen\/\" \/>\n<meta property=\"og:site_name\" content=\"Tradition und Markt\" \/>\n<meta property=\"article:publisher\" content=\"https:\/\/www.facebook.com\/Tradition-und-Markt-Franchise-107325457788905\" \/>\n<meta property=\"article:modified_time\" content=\"2024-09-03T12:33:26+00:00\" \/>\n<meta property=\"og:image\" content=\"https:\/\/traditionundmarkt.com\/wp-content\/uploads\/2024\/07\/IMG_2271-1024x768.jpeg\" \/>\n<meta name=\"twitter:card\" content=\"summary_large_image\" \/>\n<script type=\"application\/ld+json\" class=\"yoast-schema-graph\">{\"@context\":\"https:\\\/\\\/schema.org\",\"@graph\":[{\"@type\":\"WebPage\",\"@id\":\"https:\\\/\\\/traditionundmarkt.com\\\/sv\\\/de-oupptaeckta-foerdelarna-med-gloegg-varfoer-det-aer-rekommenderat-att-dricka-den-under-den-kalla-saesongen\\\/\",\"url\":\"https:\\\/\\\/traditionundmarkt.com\\\/sv\\\/de-oupptaeckta-foerdelarna-med-gloegg-varfoer-det-aer-rekommenderat-att-dricka-den-under-den-kalla-saesongen\\\/\",\"name\":\"De Ouppt\u00e4ckta F\u00f6rdelarna med Gl\u00f6gg: Varf\u00f6r Det \u00c4r Rekommenderat att Dricka Den under Den Kalla S\u00e4songen\",\"isPartOf\":{\"@id\":\"https:\\\/\\\/traditionundmarkt.com\\\/sv\\\/#website\"},\"primaryImageOfPage\":{\"@id\":\"https:\\\/\\\/traditionundmarkt.com\\\/sv\\\/de-oupptaeckta-foerdelarna-med-gloegg-varfoer-det-aer-rekommenderat-att-dricka-den-under-den-kalla-saesongen\\\/#primaryimage\"},\"image\":{\"@id\":\"https:\\\/\\\/traditionundmarkt.com\\\/sv\\\/de-oupptaeckta-foerdelarna-med-gloegg-varfoer-det-aer-rekommenderat-att-dricka-den-under-den-kalla-saesongen\\\/#primaryimage\"},\"thumbnailUrl\":\"https:\\\/\\\/traditionundmarkt.com\\\/wp-content\\\/uploads\\\/2024\\\/07\\\/IMG_2271-1024x768.jpeg\",\"datePublished\":\"2024-07-11T07:28:34+00:00\",\"dateModified\":\"2024-09-03T12:33:26+00:00\",\"description\":\"Under m\u00e4rket \\\"Tradition und Markt\\\" \u00e4r gl\u00f6gg inte bara en traditionell juldryck utan ocks\u00e5 en riktig vinterelixir som erbjuder m\u00e5nga h\u00e4lsof\u00f6rdelar.\",\"breadcrumb\":{\"@id\":\"https:\\\/\\\/traditionundmarkt.com\\\/sv\\\/de-oupptaeckta-foerdelarna-med-gloegg-varfoer-det-aer-rekommenderat-att-dricka-den-under-den-kalla-saesongen\\\/#breadcrumb\"},\"inLanguage\":\"sv-SE\",\"potentialAction\":[{\"@type\":\"ReadAction\",\"target\":[\"https:\\\/\\\/traditionundmarkt.com\\\/sv\\\/de-oupptaeckta-foerdelarna-med-gloegg-varfoer-det-aer-rekommenderat-att-dricka-den-under-den-kalla-saesongen\\\/\"]}]},{\"@type\":\"ImageObject\",\"inLanguage\":\"sv-SE\",\"@id\":\"https:\\\/\\\/traditionundmarkt.com\\\/sv\\\/de-oupptaeckta-foerdelarna-med-gloegg-varfoer-det-aer-rekommenderat-att-dricka-den-under-den-kalla-saesongen\\\/#primaryimage\",\"url\":\"https:\\\/\\\/traditionundmarkt.com\\\/wp-content\\\/uploads\\\/2024\\\/07\\\/IMG_2271-1024x768.jpeg\",\"contentUrl\":\"https:\\\/\\\/traditionundmarkt.com\\\/wp-content\\\/uploads\\\/2024\\\/07\\\/IMG_2271-1024x768.jpeg\"},{\"@type\":\"BreadcrumbList\",\"@id\":\"https:\\\/\\\/traditionundmarkt.com\\\/sv\\\/de-oupptaeckta-foerdelarna-med-gloegg-varfoer-det-aer-rekommenderat-att-dricka-den-under-den-kalla-saesongen\\\/#breadcrumb\",\"itemListElement\":[{\"@type\":\"ListItem\",\"position\":1,\"name\":\"Startseite\",\"item\":\"https:\\\/\\\/traditionundmarkt.com\\\/sv\\\/hemsida\\\/\"},{\"@type\":\"ListItem\",\"position\":2,\"name\":\"De Ouppt\u00e4ckta F\u00f6rdelarna med Gl\u00f6gg: Varf\u00f6r Det \u00c4r Rekommenderat att Dricka Den under Den Kalla S\u00e4songen\"}]},{\"@type\":\"WebSite\",\"@id\":\"https:\\\/\\\/traditionundmarkt.com\\\/sv\\\/#website\",\"url\":\"https:\\\/\\\/traditionundmarkt.com\\\/sv\\\/\",\"name\":\"Tradition und Markt\",\"description\":\"\",\"publisher\":{\"@id\":\"https:\\\/\\\/traditionundmarkt.com\\\/sv\\\/#organization\"},\"potentialAction\":[{\"@type\":\"SearchAction\",\"target\":{\"@type\":\"EntryPoint\",\"urlTemplate\":\"https:\\\/\\\/traditionundmarkt.com\\\/sv\\\/?s={search_term_string}\"},\"query-input\":{\"@type\":\"PropertyValueSpecification\",\"valueRequired\":true,\"valueName\":\"search_term_string\"}}],\"inLanguage\":\"sv-SE\"},{\"@type\":\"Organization\",\"@id\":\"https:\\\/\\\/traditionundmarkt.com\\\/sv\\\/#organization\",\"name\":\"Tradition und Markt\",\"url\":\"https:\\\/\\\/traditionundmarkt.com\\\/sv\\\/\",\"logo\":{\"@type\":\"ImageObject\",\"inLanguage\":\"sv-SE\",\"@id\":\"https:\\\/\\\/traditionundmarkt.com\\\/sv\\\/#\\\/schema\\\/logo\\\/image\\\/\",\"url\":\"https:\\\/\\\/traditionundmarkt.com\\\/wp-content\\\/uploads\\\/2023\\\/02\\\/Logo-Tradtion-und-Markt-1.webp\",\"contentUrl\":\"https:\\\/\\\/traditionundmarkt.com\\\/wp-content\\\/uploads\\\/2023\\\/02\\\/Logo-Tradtion-und-Markt-1.webp\",\"width\":240,\"height\":239,\"caption\":\"Tradition und Markt\"},\"image\":{\"@id\":\"https:\\\/\\\/traditionundmarkt.com\\\/sv\\\/#\\\/schema\\\/logo\\\/image\\\/\"},\"sameAs\":[\"https:\\\/\\\/www.facebook.com\\\/Tradition-und-Markt-Franchise-107325457788905\",\"https:\\\/\\\/www.instagram.com\\\/tradition_und_markt\\\/\",\"https:\\\/\\\/www.youtube.com\\\/channel\\\/UCW4qQf3iVy3suXbbHzK5_dw\",\"https:\\\/\\\/www.linkedin.com\\\/company\\\/tradition-und-markt-franchise\\\/\"]}]}<\/script>\n<!-- \/ Yoast SEO plugin. -->","yoast_head_json":{"title":"De Ouppt\u00e4ckta F\u00f6rdelarna med Gl\u00f6gg: Varf\u00f6r Det \u00c4r Rekommenderat att Dricka Den under Den Kalla S\u00e4songen","description":"Under m\u00e4rket \"Tradition und Markt\" \u00e4r gl\u00f6gg inte bara en traditionell juldryck utan ocks\u00e5 en riktig vinterelixir som erbjuder m\u00e5nga h\u00e4lsof\u00f6rdelar.","robots":{"index":"index","follow":"follow","max-snippet":"max-snippet:-1","max-image-preview":"max-image-preview:large","max-video-preview":"max-video-preview:-1"},"canonical":"https:\/\/traditionundmarkt.com\/sv\/de-oupptaeckta-foerdelarna-med-gloegg-varfoer-det-aer-rekommenderat-att-dricka-den-under-den-kalla-saesongen\/","og_locale":"sv_SE","og_type":"article","og_title":"De Ouppt\u00e4ckta F\u00f6rdelarna med Gl\u00f6gg: Varf\u00f6r Det \u00c4r Rekommenderat att Dricka Den under Den Kalla S\u00e4songen","og_description":"Under m\u00e4rket \"Tradition und Markt\" \u00e4r gl\u00f6gg inte bara en traditionell juldryck utan ocks\u00e5 en riktig vinterelixir som erbjuder m\u00e5nga h\u00e4lsof\u00f6rdelar.","og_url":"https:\/\/traditionundmarkt.com\/sv\/de-oupptaeckta-foerdelarna-med-gloegg-varfoer-det-aer-rekommenderat-att-dricka-den-under-den-kalla-saesongen\/","og_site_name":"Tradition und Markt","article_publisher":"https:\/\/www.facebook.com\/Tradition-und-Markt-Franchise-107325457788905","article_modified_time":"2024-09-03T12:33:26+00:00","og_image":[{"url":"https:\/\/traditionundmarkt.com\/wp-content\/uploads\/2024\/07\/IMG_2271-1024x768.jpeg","type":"","width":"","height":""}],"twitter_card":"summary_large_image","schema":{"@context":"https:\/\/schema.org","@graph":[{"@type":"WebPage","@id":"https:\/\/traditionundmarkt.com\/sv\/de-oupptaeckta-foerdelarna-med-gloegg-varfoer-det-aer-rekommenderat-att-dricka-den-under-den-kalla-saesongen\/","url":"https:\/\/traditionundmarkt.com\/sv\/de-oupptaeckta-foerdelarna-med-gloegg-varfoer-det-aer-rekommenderat-att-dricka-den-under-den-kalla-saesongen\/","name":"De Ouppt\u00e4ckta F\u00f6rdelarna med Gl\u00f6gg: Varf\u00f6r Det \u00c4r Rekommenderat att Dricka Den under Den Kalla S\u00e4songen","isPartOf":{"@id":"https:\/\/traditionundmarkt.com\/sv\/#website"},"primaryImageOfPage":{"@id":"https:\/\/traditionundmarkt.com\/sv\/de-oupptaeckta-foerdelarna-med-gloegg-varfoer-det-aer-rekommenderat-att-dricka-den-under-den-kalla-saesongen\/#primaryimage"},"image":{"@id":"https:\/\/traditionundmarkt.com\/sv\/de-oupptaeckta-foerdelarna-med-gloegg-varfoer-det-aer-rekommenderat-att-dricka-den-under-den-kalla-saesongen\/#primaryimage"},"thumbnailUrl":"https:\/\/traditionundmarkt.com\/wp-content\/uploads\/2024\/07\/IMG_2271-1024x768.jpeg","datePublished":"2024-07-11T07:28:34+00:00","dateModified":"2024-09-03T12:33:26+00:00","description":"Under m\u00e4rket \"Tradition und Markt\" \u00e4r gl\u00f6gg inte bara en traditionell juldryck utan ocks\u00e5 en riktig vinterelixir som erbjuder m\u00e5nga h\u00e4lsof\u00f6rdelar.","breadcrumb":{"@id":"https:\/\/traditionundmarkt.com\/sv\/de-oupptaeckta-foerdelarna-med-gloegg-varfoer-det-aer-rekommenderat-att-dricka-den-under-den-kalla-saesongen\/#breadcrumb"},"inLanguage":"sv-SE","potentialAction":[{"@type":"ReadAction","target":["https:\/\/traditionundmarkt.com\/sv\/de-oupptaeckta-foerdelarna-med-gloegg-varfoer-det-aer-rekommenderat-att-dricka-den-under-den-kalla-saesongen\/"]}]},{"@type":"ImageObject","inLanguage":"sv-SE","@id":"https:\/\/traditionundmarkt.com\/sv\/de-oupptaeckta-foerdelarna-med-gloegg-varfoer-det-aer-rekommenderat-att-dricka-den-under-den-kalla-saesongen\/#primaryimage","url":"https:\/\/traditionundmarkt.com\/wp-content\/uploads\/2024\/07\/IMG_2271-1024x768.jpeg","contentUrl":"https:\/\/traditionundmarkt.com\/wp-content\/uploads\/2024\/07\/IMG_2271-1024x768.jpeg"},{"@type":"BreadcrumbList","@id":"https:\/\/traditionundmarkt.com\/sv\/de-oupptaeckta-foerdelarna-med-gloegg-varfoer-det-aer-rekommenderat-att-dricka-den-under-den-kalla-saesongen\/#breadcrumb","itemListElement":[{"@type":"ListItem","position":1,"name":"Startseite","item":"https:\/\/traditionundmarkt.com\/sv\/hemsida\/"},{"@type":"ListItem","position":2,"name":"De Ouppt\u00e4ckta F\u00f6rdelarna med Gl\u00f6gg: Varf\u00f6r Det \u00c4r Rekommenderat att Dricka Den under Den Kalla S\u00e4songen"}]},{"@type":"WebSite","@id":"https:\/\/traditionundmarkt.com\/sv\/#website","url":"https:\/\/traditionundmarkt.com\/sv\/","name":"Tradition und Markt","description":"","publisher":{"@id":"https:\/\/traditionundmarkt.com\/sv\/#organization"},"potentialAction":[{"@type":"SearchAction","target":{"@type":"EntryPoint","urlTemplate":"https:\/\/traditionundmarkt.com\/sv\/?s={search_term_string}"},"query-input":{"@type":"PropertyValueSpecification","valueRequired":true,"valueName":"search_term_string"}}],"inLanguage":"sv-SE"},{"@type":"Organization","@id":"https:\/\/traditionundmarkt.com\/sv\/#organization","name":"Tradition und Markt","url":"https:\/\/traditionundmarkt.com\/sv\/","logo":{"@type":"ImageObject","inLanguage":"sv-SE","@id":"https:\/\/traditionundmarkt.com\/sv\/#\/schema\/logo\/image\/","url":"https:\/\/traditionundmarkt.com\/wp-content\/uploads\/2023\/02\/Logo-Tradtion-und-Markt-1.webp","contentUrl":"https:\/\/traditionundmarkt.com\/wp-content\/uploads\/2023\/02\/Logo-Tradtion-und-Markt-1.webp","width":240,"height":239,"caption":"Tradition und Markt"},"image":{"@id":"https:\/\/traditionundmarkt.com\/sv\/#\/schema\/logo\/image\/"},"sameAs":["https:\/\/www.facebook.com\/Tradition-und-Markt-Franchise-107325457788905","https:\/\/www.instagram.com\/tradition_und_markt\/","https:\/\/www.youtube.com\/channel\/UCW4qQf3iVy3suXbbHzK5_dw","https:\/\/www.linkedin.com\/company\/tradition-und-markt-franchise\/"]}]}},"uagb_featured_image_src":{"full":false,"thumbnail":false,"medium":false,"medium_large":false,"large":false,"1536x1536":false,"2048x2048":false},"uagb_author_info":{"display_name":"ImpactPro","author_link":"https:\/\/traditionundmarkt.com\/sv\/author\/d549d4ea637b0b33\/"},"uagb_comment_info":0,"uagb_excerpt":"De Ouppt\u00e4ckta F\u00f6rdelarna med Gl\u00f6gg: Varf\u00f6r Det \u00c4r Rekommenderat att Dricka Den under Den Kalla S\u00e4songen Under m\u00e4rket &#8221;Tradition und Markt&#8221; \u00e4r gl\u00f6gg inte bara en traditionell juldryck utan ocks\u00e5 en riktig vinterelixir som erbjuder m\u00e5nga h\u00e4lsof\u00f6rdelar. N\u00e4r den kalla s\u00e4songen kommer, blir gl\u00f6gg en frestande dryck, perfekt f\u00f6r att ge v\u00e4rme och god st\u00e4mning.&hellip;","_links":{"self":[{"href":"https:\/\/traditionundmarkt.com\/sv\/wp-json\/wp\/v2\/pages\/4037","targetHints":{"allow":["GET"]}}],"collection":[{"href":"https:\/\/traditionundmarkt.com\/sv\/wp-json\/wp\/v2\/pages"}],"about":[{"href":"https:\/\/traditionundmarkt.com\/sv\/wp-json\/wp\/v2\/types\/page"}],"author":[{"embeddable":true,"href":"https:\/\/traditionundmarkt.com\/sv\/wp-json\/wp\/v2\/users\/1"}],"replies":[{"embeddable":true,"href":"https:\/\/traditionundmarkt.com\/sv\/wp-json\/wp\/v2\/comments?post=4037"}],"version-history":[{"count":3,"href":"https:\/\/traditionundmarkt.com\/sv\/wp-json\/wp\/v2\/pages\/4037\/revisions"}],"predecessor-version":[{"id":4098,"href":"https:\/\/traditionundmarkt.com\/sv\/wp-json\/wp\/v2\/pages\/4037\/revisions\/4098"}],"wp:attachment":[{"href":"https:\/\/traditionundmarkt.com\/sv\/wp-json\/wp\/v2\/media?parent=4037"}],"curies":[{"name":"wp","href":"https:\/\/api.w.org\/{rel}","templated":true}]}}